{"version":"1.0","provider_name":"Pulso","provider_url":"https:\/\/iberoleonenvio.com\/website_f1c4f9f2","author_name":"Daniel Garcia","author_url":"https:\/\/iberoleonenvio.com\/website_f1c4f9f2\/author\/dgarcia\/","title":"La IA y Nuestro Futuro - Pulso","type":"rich","width":600,"height":338,"html":"<blockquote class=\"wp-embedded-content\" data-secret=\"NfXIc8gbag\"><a href=\"https:\/\/iberoleonenvio.com\/website_f1c4f9f2\/ia-y-futuro\/\">La IA y Nuestro Futuro<\/a><\/blockquote><iframe sandbox=\"allow-scripts\" security=\"restricted\" src=\"https:\/\/iberoleonenvio.com\/website_f1c4f9f2\/ia-y-futuro\/embed\/#?secret=NfXIc8gbag\" width=\"600\" height=\"338\" title=\"&#8220;La IA y Nuestro Futuro&#8221; &#8212; Pulso\" data-secret=\"NfXIc8gbag\" frameborder=\"0\" marginwidth=\"0\" marginheight=\"0\" scrolling=\"no\" class=\"wp-embedded-content\"><\/iframe><script type=\"text\/javascript\">\n\/* <![CDATA[ *\/\n\/*! This file is auto-generated *\/\n!function(d,l){\"use strict\";l.querySelector&&d.addEventListener&&\"undefined\"!=typeof URL&&(d.wp=d.wp||{},d.wp.receiveEmbedMessage||(d.wp.receiveEmbedMessage=function(e){var t=e.data;if((t||t.secret||t.message||t.value)&&!\/[^a-zA-Z0-9]\/.test(t.secret)){for(var s,r,n,a=l.querySelectorAll('iframe[data-secret=\"'+t.secret+'\"]'),o=l.querySelectorAll('blockquote[data-secret=\"'+t.secret+'\"]'),c=new RegExp(\"^https?:$\",\"i\"),i=0;i<o.length;i++)o[i].style.display=\"none\";for(i=0;i<a.length;i++)s=a[i],e.source===s.contentWindow&&(s.removeAttribute(\"style\"),\"height\"===t.message?(1e3<(r=parseInt(t.value,10))?r=1e3:~~r<200&&(r=200),s.height=r):\"link\"===t.message&&(r=new URL(s.getAttribute(\"src\")),n=new URL(t.value),c.test(n.protocol))&&n.host===r.host&&l.activeElement===s&&(d.top.location.href=t.value))}},d.addEventListener(\"message\",d.wp.receiveEmbedMessage,!1),l.addEventListener(\"DOMContentLoaded\",function(){for(var e,t,s=l.querySelectorAll(\"iframe.wp-embedded-content\"),r=0;r<s.length;r++)(t=(e=s[r]).getAttribute(\"data-secret\"))||(t=Math.random().toString(36).substring(2,12),e.src+=\"#?secret=\"+t,e.setAttribute(\"data-secret\",t)),e.contentWindow.postMessage({message:\"ready\",secret:t},\"*\")},!1)))}(window,document);\n\/\/# sourceURL=https:\/\/iberoleonenvio.com\/website_f1c4f9f2\/wp-includes\/js\/wp-embed.min.js\n\/* ]]> *\/\n<\/script>\n","thumbnail_url":"https:\/\/i0.wp.com\/iberoleonenvio.com\/website_f1c4f9f2\/wp-content\/uploads\/2024\/10\/deep-learning-ai-empowering-businesses-with-intel-2023-11-27-04-58-50-utc.jpg?fit=2500%2C1667&ssl=1","thumbnail_width":2500,"thumbnail_height":1667,"description":"El pasado 26 de agosto, nuestra universidad fue la sede del lanzamiento de la convocatoria para el Premio Ada Byron a la Mujer Tecn\u00f3loga. Este galard\u00f3n, que comenz\u00f3 a entregarse en 2014 como iniciativa de la Universidad de Deusto en Espa\u00f1a, fue tra\u00eddo a M\u00e9xico en 2019 por la Universidad Iberoamericana Ciudad de M\u00e9xico y Puebla. Desde entonces, otras universidades jesuitas se han unido a esta causa, incluyendo nuestra Ibero Le\u00f3n.  Este a\u00f1o nos tocar\u00e1 ser los anfitriones, no s\u00f3lo del lanzamiento que acabamos de celebrar, sino de la entrega del premio mismo, que se llevar\u00e1 a cabo en marzo del pr\u00f3ximo a\u00f1o. Este premio es muy significativo, ya que busca reconocer y visibilizar la labor de las mujeres en las \u00e1reas de conocimiento STEM (ciencia, tecnolog\u00eda, ingenier\u00eda y matem\u00e1ticas), tradicionalmente dominadas por hombres."}