{"version":"1.0","provider_name":"Pulso","provider_url":"https:\/\/iberoleonenvio.com\/website_f1c4f9f2","author_name":"Mois\u00e9s Rojas","author_url":"https:\/\/iberoleonenvio.com\/website_f1c4f9f2\/author\/mrojas\/","title":"Unimos esfuerzos por la Casa Com\u00fan - Pulso","type":"rich","width":600,"height":338,"html":"<blockquote class=\"wp-embedded-content\" data-secret=\"3fpLZufLCR\"><a href=\"https:\/\/iberoleonenvio.com\/website_f1c4f9f2\/unimos-esfuerzos-por-la-casa-comun\/\">Unimos esfuerzos por la Casa Com\u00fan<\/a><\/blockquote><iframe sandbox=\"allow-scripts\" security=\"restricted\" src=\"https:\/\/iberoleonenvio.com\/website_f1c4f9f2\/unimos-esfuerzos-por-la-casa-comun\/embed\/#?secret=3fpLZufLCR\" width=\"600\" height=\"338\" title=\"&#8220;Unimos esfuerzos por la Casa Com\u00fan&#8221; &#8212; Pulso\" data-secret=\"3fpLZufLCR\" frameborder=\"0\" marginwidth=\"0\" marginheight=\"0\" scrolling=\"no\" class=\"wp-embedded-content\"><\/iframe><script type=\"text\/javascript\">\n\/* <![CDATA[ *\/\n\/*! This file is auto-generated *\/\n!function(d,l){\"use strict\";l.querySelector&&d.addEventListener&&\"undefined\"!=typeof URL&&(d.wp=d.wp||{},d.wp.receiveEmbedMessage||(d.wp.receiveEmbedMessage=function(e){var t=e.data;if((t||t.secret||t.message||t.value)&&!\/[^a-zA-Z0-9]\/.test(t.secret)){for(var s,r,n,a=l.querySelectorAll('iframe[data-secret=\"'+t.secret+'\"]'),o=l.querySelectorAll('blockquote[data-secret=\"'+t.secret+'\"]'),c=new RegExp(\"^https?:$\",\"i\"),i=0;i<o.length;i++)o[i].style.display=\"none\";for(i=0;i<a.length;i++)s=a[i],e.source===s.contentWindow&&(s.removeAttribute(\"style\"),\"height\"===t.message?(1e3<(r=parseInt(t.value,10))?r=1e3:~~r<200&&(r=200),s.height=r):\"link\"===t.message&&(r=new URL(s.getAttribute(\"src\")),n=new URL(t.value),c.test(n.protocol))&&n.host===r.host&&l.activeElement===s&&(d.top.location.href=t.value))}},d.addEventListener(\"message\",d.wp.receiveEmbedMessage,!1),l.addEventListener(\"DOMContentLoaded\",function(){for(var e,t,s=l.querySelectorAll(\"iframe.wp-embedded-content\"),r=0;r<s.length;r++)(t=(e=s[r]).getAttribute(\"data-secret\"))||(t=Math.random().toString(36).substring(2,12),e.src+=\"#?secret=\"+t,e.setAttribute(\"data-secret\",t)),e.contentWindow.postMessage({message:\"ready\",secret:t},\"*\")},!1)))}(window,document);\n\/\/# sourceURL=https:\/\/iberoleonenvio.com\/website_f1c4f9f2\/wp-includes\/js\/wp-embed.min.js\n\/* ]]> *\/\n<\/script>\n","thumbnail_url":"https:\/\/i0.wp.com\/iberoleonenvio.com\/website_f1c4f9f2\/wp-content\/uploads\/2023\/05\/Ibero-Sustentable.jpg?fit=960%2C640&ssl=1","thumbnail_width":960,"thumbnail_height":640,"description":"Unimos esfuerzos por la Casa Com\u00fan N\u00famero 22 \u2013 Mayo 2023 La Ibero Le\u00f3n particip\u00f3 en el primer encuentro de la Red de Ecolog\u00eda Integral, realizado en el Centro de ..."}