{"id":11255,"date":"2025-03-03T18:58:51","date_gmt":"2025-03-03T18:58:51","guid":{"rendered":"https:\/\/iberoleonenvio.com\/website_f1c4f9f2\/?page_id=11255"},"modified":"2025-03-04T14:56:26","modified_gmt":"2025-03-04T14:56:26","slug":"marzo-2025","status":"publish","type":"page","link":"https:\/\/iberoleonenvio.com\/website_f1c4f9f2\/marzo-2025\/","title":{"rendered":"Marzo 2025"},"content":{"rendered":"\t\t<div data-elementor-type=\"wp-page\" data-elementor-id=\"11255\" class=\"elementor elementor-11255\">\n\t\t\t\t\t\t<section class=\"elementor-section elementor-top-section elementor-element elementor-element-f5699da elementor-section-full_width elementor-section-height-default elementor-section-height-default e-parent\" data-id=\"f5699da\" data-element_type=\"section\" data-e-type=\"section\">\n\t\t\t\t\t\t<div class=\"elementor-container elementor-column-gap-no\">\n\t\t\t\t\t<div class=\"elementor-column elementor-col-100 elementor-top-column elementor-element elementor-element-159a291 lakit-col-width-auto-no\" data-id=\"159a291\" data-element_type=\"column\" data-e-type=\"column\">\n\t\t\t<div class=\"elementor-widget-wrap elementor-element-populated\">\n\t\t\t\t\t\t<div class=\"elementor-element elementor-element-fb35763 elementor-widget elementor-widget-html\" data-id=\"fb35763\" data-element_type=\"widget\" data-e-type=\"widget\" data-widget_type=\"html.default\">\n\t\t\t\t<div class=\"elementor-widget-container\">\n\t\t\t\t\t\n<style type=\"text\/css\">\n.ytp-gradient-top{display:none !important}\n.ytp-show-watch-later-title{display:none !important}\n.ytp-watch-later-button{display:none !important}\n.ytp-share-button{display:none !important}\n.sh_video_overlay{\n}\n#particles-js86894 .qcld_hero_content_area{\n\tposition:absolute;\n\twidth: 100%;\n\tbottom: 0px;\t\n\t\tz-index:9;\n}\n#particles-js86894 .slider-x-lead-title, #particles-js86894 .hero_slider_button, #particles-js86894 .slider-x-item-title{margin: 15px 0px;}\n#particles-js86894 .slider-x-lead-title{\n\tmargin-bottom: 0px;\n}\n#particles-js86894 .hero_slider_button{\n}\n#particles-js86894 .slider-x-item-title{\n\tmargin-bottom: 0px;\n}\n.slider-hero-prev, .slider-hero-next{\n}\n.slider-hero-prev:hover,.slider-hero-next:hover{\n}\n.qc-sliderX-bottom-slide{\n}\n.qc-sliderX-bottom-slide:hover{\n}\n.qc-sliderx-bottom-current{\n}\n#particles-js86894 canvas {\n\tposition:absolute;\n\t\tz-index:8;\n\t}\n#particles-js86894 > img{\n\tposition:absolute;\n\tz-index:1;\n}\n#particles-js86894{\n  width: 100%;\n  height: 100%;\n  overflow: hidden;\n  background-color: #000000;\n  background-size: cover;\n  background-position: 50% 50%;\n  background-repeat: no-repeat;\n  z-index: 1;\n  position:relative;\n    max-width: unset !important;\n}\n#sunset {\n    position: absolute;\n    top: 0;\n    left: 0;\n    width: 100%;\n    height: 100%;\n    background: #294372 url('https:\/\/iberoleonenvio.com\/website_f1c4f9f2\/wp-content\/plugins\/slider-hero\/images\/sunset.jpg') center top no-repeat;\n    background-size: cover;\n    opacity: 0;\n    z-index: 1\n}\n.slider-x-lead-title86894{\n\/*position: absolute;\ntop: 40.0533%;*\/\nleft: 0px;\nwidth: 100%;\n\tpadding: 0px 10% !important;\nbox-sizing: border-box;\n}\n.slider-x-item-title86894{\n\/*\nposition: absolute;\ntop: 24.2733%;*\/\nleft: 0px;\nwidth: 100%;\nz-index:99 !important;\n\tpadding: 0px 10% !important;\nline-height: 40px;\nbox-sizing: border-box;\n}\n.slider-x-lead-title86894{\nfont-size: 65px !important;color: #ffffff !important;text-align: center;\nline-height: 70px !important;\n}\n.hero_slider_btn86894{\n\t\/*\n\tposition:absolute;\n\ttop: 80%;*\/\n\tleft:0px;\n\twidth:100%;\n\tpadding: 0px 10%;\n\tbox-sizing: border-box;\n\tz-index: -1;\ntext-align: center;}\n.hero_slider_btn86894 a{\n\tz-index: 9;\n    position: relative;\n}\n.slider-x-item-title86894, .slider-x-item-title86894 > p, .slider-x-item-title86894 > *{\ncolor: #ffffff;background-color: #020000;font-size: 60px;line-height: 60px;text-align: center;line-height: 40px;background-color: #020000;padding: 0px;\n}\n@media only screen and (min-width: 320px) and (max-width: 767px){\n.qcld_hero_content_area h2{font-size:26px !important;line-height: 30px !important;}\n.qcld_hero_content_area > .slider-x-item-title > p{font-size: 16px !important;line-height:normal;}\t\n}\n<\/style>\n<div class=\"hero_preloader\" style=\"background: #fff;width: 100%;height: 300px;z-index: 999;position: relative;display: flex;justify-content: center !important;align-items: center;\">\n\t\t<div class=\"hero_loader\"><\/div>\n<\/div>\n<div id=\"particles-js86894\"  style=\"display:none;\" >\n\t\t\t\t\t\t\t\t<div class=\"qcld_hero_content_area\" data-bg-image=\"https:\/\/iberoleonenvio.com\/website_f1c4f9f2\/wp-content\/uploads\/2022\/03\/dvcilord_32933_imagen_del_dia_de_la_mujer_que_represente_muchas_88c08f42-964b-4bd8-ae78-d913aefeebc4.png\" >\n\t\t\t\t\t\t\t\t\t<div class=\"slider-x-item-title slider-x-item-title86894\">\n\t\t\t\t\t\t\t<p>\n\t\t\t\t\t\t\t\t\t\t\t\t\t\t<\/p>\n\t\t\t\t\t\t<\/div>\n<style type=\"text\/css\">\n.slider-x-lead-title86894, .slider-x-lead-title86894 p, .slider-x-lead-title86894 h1, .slider-x-lead-title86894 h2, .slider-x-lead-title86894 h2, .slider-x-lead-title86894 span{\n\t\t}\n.slider-x-item-title86894, .slider-x-item-title86894 p,, .slider-x-item-title86894 h2, .slider-x-item-title86894 div{\n\t\t}\n<\/style>\n\t\t<h2 class=\"slider-x-lead-title slider-x-lead-title86894\">\n\t\t\t<span style=\"background-color:#000000;padding: 0px 10px;\">\n\t\t\t\tEste es el Pulso de nuestra Ibero\t\t\t\t\t\n\t\t\t<\/span>\n\t\t<\/h2>\n\t\t<\/div> <!--End of hero Content Area-->\n\t<script type=\"text\/javascript\">\nfunction heroCookie(cname, cvalue, exdays) {\n    var d = new Date();\n    d.setTime(d.getTime() + (exdays*24*60*60*1000));\n    var expires = \"expires=\"+ d.toUTCString();\n    document.cookie = cname + \"=\" + cvalue + \";\" + expires + \";path=\/\";\n}\nfunction heroisMobile(){\n\tvar isMobile = false; \/\/initiate as false\n\t\t\/\/ device detection\n\t\tif(\/(android|bb\\d+|meego).+mobile|avantgo|bada\\\/|blackberry|blazer|compal|elaine|fennec|hiptop|iemobile|ip(hone|od)|ipad|iris|kindle|Android|Silk|lge |maemo|midp|mmp|netfront|opera m(ob|in)i|palm( os)?|phone|p(ixi|re)\\\/|plucker|pocket|psp|series(4|6)0|symbian|treo|up\\.(browser|link)|vodafone|wap|windows (ce|phone)|xda|xiino\/i.test(navigator.userAgent) \n\t\t|| \/1207|6310|6590|3gso|4thp|50[1-6]i|770s|802s|a wa|abac|ac(er|oo|s\\-)|ai(ko|rn)|al(av|ca|co)|amoi|an(ex|ny|yw)|aptu|ar(ch|go)|as(te|us)|attw|au(di|\\-m|r |s )|avan|be(ck|ll|nq)|bi(lb|rd)|bl(ac|az)|br(e|v)w|bumb|bw\\-(n|u)|c55\\\/|capi|ccwa|cdm\\-|cell|chtm|cldc|cmd\\-|co(mp|nd)|craw|da(it|ll|ng)|dbte|dc\\-s|devi|dica|dmob|do(c|p)o|ds(12|\\-d)|el(49|ai)|em(l2|ul)|er(ic|k0)|esl8|ez([4-7]0|os|wa|ze)|fetc|fly(\\-|_)|g1 u|g560|gene|gf\\-5|g\\-mo|go(\\.w|od)|gr(ad|un)|haie|hcit|hd\\-(m|p|t)|hei\\-|hi(pt|ta)|hp( i|ip)|hs\\-c|ht(c(\\-| |_|a|g|p|s|t)|tp)|hu(aw|tc)|i\\-(20|go|ma)|i230|iac( |\\-|\\\/)|ibro|idea|ig01|ikom|im1k|inno|ipaq|iris|ja(t|v)a|jbro|jemu|jigs|kddi|keji|kgt( |\\\/)|klon|kpt |kwc\\-|kyo(c|k)|le(no|xi)|lg( g|\\\/(k|l|u)|50|54|\\-[a-w])|libw|lynx|m1\\-w|m3ga|m50\\\/|ma(te|ui|xo)|mc(01|21|ca)|m\\-cr|me(rc|ri)|mi(o8|oa|ts)|mmef|mo(01|02|bi|de|do|t(\\-| |o|v)|zz)|mt(50|p1|v )|mwbp|mywa|n10[0-2]|n20[2-3]|n30(0|2)|n50(0|2|5)|n7(0(0|1)|10)|ne((c|m)\\-|on|tf|wf|wg|wt)|nok(6|i)|nzph|o2im|op(ti|wv)|oran|owg1|p800|pan(a|d|t)|pdxg|pg(13|\\-([1-8]|c))|phil|pire|pl(ay|uc)|pn\\-2|po(ck|rt|se)|prox|psio|pt\\-g|qa\\-a|qc(07|12|21|32|60|\\-[2-7]|i\\-)|qtek|r380|r600|raks|rim9|ro(ve|zo)|s55\\\/|sa(ge|ma|mm|ms|ny|va)|sc(01|h\\-|oo|p\\-)|sdk\\\/|se(c(\\-|0|1)|47|mc|nd|ri)|sgh\\-|shar|sie(\\-|m)|sk\\-0|sl(45|id)|sm(al|ar|b3|it|t5)|so(ft|ny)|sp(01|h\\-|v\\-|v )|sy(01|mb)|t2(18|50)|t6(00|10|18)|ta(gt|lk)|tcl\\-|tdg\\-|tel(i|m)|tim\\-|t\\-mo|to(pl|sh)|ts(70|m\\-|m3|m5)|tx\\-9|up(\\.b|g1|si)|utst|v400|v750|veri|vi(rg|te)|vk(40|5[0-3]|\\-v)|vm40|voda|vulc|vx(52|53|60|61|70|80|81|83|85|98)|w3c(\\-| )|webc|whit|wi(g |nc|nw)|wmlb|wonu|x700|yas\\-|your|zeto|zte\\-\/i.test(navigator.userAgent.substr(0,4))) isMobile = true;\n\treturn isMobile;\n}\nfunction getOffset1( el ) {\n    var _x = 0;\n    var _y = 0;\n    while( el && !isNaN( el.offsetLeft ) && !isNaN( el.offsetTop ) ) {\n        _x += el.offsetLeft - el.scrollLeft;\n        _y += el.offsetTop - el.scrollTop;\n        el = el.offsetParent;\n    }\n\t_x = parseInt(_x) + parseInt(jQuery('#particles-js86894').parent().css('padding-left'));\n    return { top: _y, left: _x };\n}\n  jQuery(document).ready(function($){\n    \/\/jQuery(window).on( 'load', function(){\n\t\t\t\t   jQuery('.hero_preloader').remove();\n\t   \t   jQuery('#particles-js86894').show();\n\t   jQuery('#particles-js86894 canvas').width(jQuery('#particles-js86894').width());\n\t\t   var fullwidth = jQuery(\"body\").prop(\"clientWidth\"); \n\t\t\tvar maindivcon = jQuery('#particles-js86894').parent()[0];\n\t\t\tvar getleft = getOffset1(maindivcon);\n\t\t\tjQuery('#particles-js86894').css({\n\t\t\t\t'left':'-'+getleft.left+'px',\n\t\t\t});\n\t\tvar maindivcontainer = jQuery('#particles-js86894');\n\t\tif(jQuery(window).width() < 767){\n\t\t\tmaindivcontainer.find('.qcld_hero_content_area:visible').css('margin-top','-'+Math.round(maindivcontainer.find('.qcld_hero_content_area:visible').height()\/2)+'px');\n\t\t}\n});\njQuery(document).ready(function($){\n\t    $.fn.sliderX.defaults = {\n\t\tsliderWidth:800,\n\t\tsliderHeight:700,\n        pauseTime: 11000,\n\t\tpaddingTime: 500,\n        startSlide: 0,\n\t\ttitlePositionTop:'0%',\n\t\ttitlePositionLeft:'0%',\n\t\tdescPositionTop:'0%',\n\t\tdescPositionLeft:'0%',\n\t\t\/\/titleTextAnimation:'pulse',\n\t\ttitleTextColor:'#ffffff',\n\t\tdescriptionTextColor:'#ffffff',\n\t\ttitleFontSize:'65',\n\t\tarrowClass: 'arrow-circle',\n\t\tdescriptionFontSize:'60',\n\t\t\t\tfullWidth:true,\n\t\t\t\t\t\tfullScreen:false,\n\t\t\t\t\t\tScreenauto:false,\n\t\t\t\tdirectionCon:false,\n\t\tbottomCon:false,\n\t\tslideStart: false,\n\t\t\t\t\t\t\tarrow_style: 'default',\n\t\t\t\t\t\t\t\trandomslide: false,\n\t\tprevSlideText:'Previous',\n\t\tnextSlideText:'Next',\n\t\ttitleAnimation: 'bounceIn',\n\t\ttitleoutAnimation: '',\n\t\tdesAnimation: 'pulse',\n\t\tdesoutAnimation: '',\n\t\tlfxtitlein:'',\n\t\tlfxtitleout:'',\n\t\tlfxdesin:'',\n\t\tlfxdesout:'',\n\t\tbuttonAnimation: 'normal',\n\t\tbuttonoutAnimation: '',\n\t\tredirecturl: '',\n\t\tredirectdelay: '',\n\t\tcontentposition: 'bottom',\n\t\tbgtransition: 'fade',\n    bgtransitionreverse: 'fade',\n    fullscreenmobile: '0',\n\t\t\t\t\t\trepeat: false,\n\t\t\t\t\t\tsliderestart: false,\n\t\t\t\t\t\t\t\t\t\tsliderpause: true,\n\t\tmainId: 'particles-js86894',\n\t\tsid: '86894',\n\t\tslidertype: 'no_effect',\n        beforeChange: function(){\n\t\t\t\/\/alert(\"i am changing..\");\n\t\t}\n    };   \n    function firesliderx(){\n\t\tjQuery('#particles-js86894').sliderX();\n\t}\n\t\t\tif(jQuery('.second_div_hero').length<1)\n\t\t\tfiresliderx();\n$(window).resize(function() {\n\tsetTimeout(function(){\n\t\tvar fullwidth = jQuery(window).width(); \n\t\tvar maindivcon = $('#particles-js86894').parent()[0];\n\t\tvar getleft = getOffset1(maindivcon);\n\t\tjQuery('#particles-js86894').css({\n\t\t\t'left':'-'+getleft.left+'px',\n\t\t});\n\t}, 500);\n});\n\tvar fullwidth = jQuery(window).width();\n\t\t\tvar maindivcon = $('#particles-js86894').parent()[0];\n\t\tvar getleft = getOffset1(maindivcon);\n\tjQuery('#particles-js86894').css({\n\t\t'left':'-'+getleft.left+'px',\n\t});\n$(window).resize(function() {\n\tsetTimeout(function(){\n\t\tif(jQuery(window).width()<767){\n\t\t\tvar maindivcontainer = $('#particles-js86894');\n\t\t\tvar present_slide = maindivcontainer.find('.qcld_hero_content_area:visible');\n\t\t\t\/\/present_slide.css('height',maindivcontainer.height()+'px');\n\t\t}\n\t}, 500);\n});\n$('body').css({\n\t'overflow-x':'hidden',\n});\n});\nvar mainId = 'particles-js86894';\nvar no_effect_mainId = 'particles-js86894';\n<\/script>\n<\/div>\n<div style=\"background-image:url(https:\/\/iberoleonenvio.com\/website_f1c4f9f2\/wp-content\/uploads\/2022\/03\/dvcilord_32933_imagen_del_dia_de_la_mujer_que_represente_muchas_88c08f42-964b-4bd8-ae78-d913aefeebc4.png);position:absolute;left:-999px;width:2px;height:2px;z-index:-999\"><\/div>\n<style type=\"text\/css\">\nh1 {\n    background-image: url('https:\/\/iberoleonenvio.com\/website_f1c4f9f2\/wp-content\/uploads\/2026\/02\/palabraCompleta-200px.png');\n    background-repeat: no-repeat;\n    background-size: contain;\n    background-position: center;\n    height: 150px;\n    margin: 0 auto 20px auto;\n   text-indent: -9999px;\n}<\/style>\n\t\t\t\t<\/div>\n\t\t\t\t<\/div>\n\t\t\t\t\t<\/div>\n\t\t<\/div>\n\t\t\t\t\t<\/div>\n\t\t<\/section>\n\t\t\t\t<section class=\"elementor-section elementor-top-section elementor-element elementor-element-f557b79 elementor-section-boxed elementor-section-height-default elementor-section-height-default e-parent\" data-id=\"f557b79\" data-element_type=\"section\" data-e-type=\"section\">\n\t\t\t\t\t\t<div class=\"elementor-container elementor-column-gap-no\">\n\t\t\t\t\t<div class=\"elementor-column elementor-col-100 elementor-top-column elementor-element elementor-element-05c4a50 lakit-col-width-auto-no\" data-id=\"05c4a50\" data-element_type=\"column\" data-e-type=\"column\">\n\t\t\t<div class=\"elementor-widget-wrap\">\n\t\t\t\t\t\t\t<\/div>\n\t\t<\/div>\n\t\t\t\t\t<\/div>\n\t\t<\/section>\n\t\t\t\t<section class=\"elementor-section elementor-top-section elementor-element elementor-element-4a9c688 elementor-section-boxed elementor-section-height-default elementor-section-height-default e-parent\" data-id=\"4a9c688\" data-element_type=\"section\" data-e-type=\"section\">\n\t\t\t\t\t\t<div class=\"elementor-container elementor-column-gap-no\">\n\t\t\t\t\t<div class=\"elementor-column elementor-col-100 elementor-top-column elementor-element elementor-element-69cdb69 lakit-col-width-auto-no\" data-id=\"69cdb69\" data-element_type=\"column\" data-e-type=\"column\">\n\t\t\t<div class=\"elementor-widget-wrap elementor-element-populated\">\n\t\t\t\t\t\t<div class=\"elementor-element elementor-element-d8461a5 eael-dual-header-content-align-center elementor-widget elementor-widget-eael-dual-color-header\" data-id=\"d8461a5\" data-element_type=\"widget\" data-e-type=\"widget\" data-widget_type=\"eael-dual-color-header.default\">\n\t\t\t\t<div class=\"elementor-widget-container\">\n\t\t\t\t\t\t\t\t<div class=\"eael-dual-header\">\n\t\t\t\t<h2 class=\"title eael-dch-title\"><span class=\"eael-dch-title-text eael-dch-title-lead lead solid-color\">N\u00famero 39<\/span> <span class=\"eael-dch-title-text\"> - Marzo 2025<\/span><\/h2>\t\t\t<\/div>\n\n\t\t\t\t\t\t<\/div>\n\t\t\t\t<\/div>\n\t\t\t\t<div class=\"elementor-element elementor-element-501b957 eael-dual-header-content-align-center elementor-widget elementor-widget-eael-dual-color-header\" data-id=\"501b957\" data-element_type=\"widget\" data-e-type=\"widget\" data-widget_type=\"eael-dual-color-header.default\">\n\t\t\t\t<div class=\"elementor-widget-container\">\n\t\t\t\t\t\t\t\t<div class=\"eael-dual-header\">\n\t\t\t\t<h2 class=\"title eael-dch-title\"><span class=\"eael-dch-title-text eael-dch-title-lead lead solid-color\">Desde el <\/span> <span class=\"eael-dch-title-text\">Equipo de rector\u00eda<\/span><\/h2>\t\t\t<\/div>\n\n\t\t\t\t\t\t<\/div>\n\t\t\t\t<\/div>\n\t\t\t\t\t<\/div>\n\t\t<\/div>\n\t\t\t\t\t<\/div>\n\t\t<\/section>\n\t\t\t\t<section class=\"elementor-section elementor-top-section elementor-element elementor-element-7913159 elementor-section-full_width elementor-section-stretched elementor-section-height-default elementor-section-height-default e-parent\" data-id=\"7913159\" data-element_type=\"section\" data-e-type=\"section\" data-settings=\"{&quot;stretch_section&quot;:&quot;section-stretched&quot;}\">\n\t\t\t\t\t\t<div class=\"elementor-container elementor-column-gap-custom\">\n\t\t\t\t\t<div class=\"elementor-column elementor-col-100 elementor-top-column elementor-element elementor-element-a24025e lakit-col-width-auto-no\" data-id=\"a24025e\" data-element_type=\"column\" data-e-type=\"column\">\n\t\t\t<div class=\"elementor-widget-wrap elementor-element-populated\">\n\t\t\t\t\t\t<div class=\"elementor-element elementor-element-0c9a4da lakit-has-entrance-animation elementor-widget elementor-widget-jblog_slider_4\" data-id=\"0c9a4da\" data-element_type=\"widget\" data-e-type=\"widget\" data-settings=\"{&quot;_animation&quot;:&quot;none&quot;}\" data-widget_type=\"jblog_slider_4.default\">\n\t\t\t\t<div class=\"elementor-widget-container\">\n\t\t\t\t\t<div  class=\"jblog_slider jblog_slider_4 jeg_module___69ee85eaf3d39  editorial-index \" data-autoplay=\"\" data-delay=\"3000\" data-nav-text=[\"Next\",\"Prev\"]><div class=\"slide_item\">\n                    \n                    <div class=\"jeg_slide_image\">\n                    \t<a href=\"https:\/\/iberoleonenvio.com\/website_f1c4f9f2\/la-comunicacion-como-cimiento-de-nuestra-comunidad\/\"><div class=\"thumbnail-container animate-lazy\" style=\"padding-bottom:66.68%\"><img data-recalc-dims=\"1\" fetchpriority=\"high\" decoding=\"async\" width=\"800\" height=\"533\" src=\"https:\/\/i0.wp.com\/iberoleonenvio.com\/website_f1c4f9f2\/wp-content\/plugins\/jblog-elements\/lib\/jeg-element\/assets\/img\/jeg-empty.png?resize=800%2C533&#038;ssl=1\" class=\"attachment-full size-full lazyload wp-post-image\" alt=\"La comunicaci\u00f3n como cimiento de nuestra comunidad\u00a0\" data-src=\"https:\/\/i0.wp.com\/iberoleonenvio.com\/website_f1c4f9f2\/wp-content\/uploads\/2025\/03\/DSC_4122-scaled.jpg?fit=2560%2C1707&amp;ssl=1\" data-sizes=\"auto\" data-srcset=\"https:\/\/i0.wp.com\/iberoleonenvio.com\/website_f1c4f9f2\/wp-content\/uploads\/2025\/03\/DSC_4122-scaled.jpg?w=2560&amp;ssl=1 2560w, https:\/\/i0.wp.com\/iberoleonenvio.com\/website_f1c4f9f2\/wp-content\/uploads\/2025\/03\/DSC_4122-scaled.jpg?resize=300%2C200&amp;ssl=1 300w, https:\/\/i0.wp.com\/iberoleonenvio.com\/website_f1c4f9f2\/wp-content\/uploads\/2025\/03\/DSC_4122-scaled.jpg?resize=1024%2C683&amp;ssl=1 1024w, https:\/\/i0.wp.com\/iberoleonenvio.com\/website_f1c4f9f2\/wp-content\/uploads\/2025\/03\/DSC_4122-scaled.jpg?resize=768%2C512&amp;ssl=1 768w, https:\/\/i0.wp.com\/iberoleonenvio.com\/website_f1c4f9f2\/wp-content\/uploads\/2025\/03\/DSC_4122-scaled.jpg?resize=1536%2C1024&amp;ssl=1 1536w, https:\/\/i0.wp.com\/iberoleonenvio.com\/website_f1c4f9f2\/wp-content\/uploads\/2025\/03\/DSC_4122-scaled.jpg?resize=2048%2C1365&amp;ssl=1 2048w, https:\/\/i0.wp.com\/iberoleonenvio.com\/website_f1c4f9f2\/wp-content\/uploads\/2025\/03\/DSC_4122-scaled.jpg?resize=500%2C333&amp;ssl=1 500w, https:\/\/i0.wp.com\/iberoleonenvio.com\/website_f1c4f9f2\/wp-content\/uploads\/2025\/03\/DSC_4122-scaled.jpg?resize=700%2C467&amp;ssl=1 700w, https:\/\/i0.wp.com\/iberoleonenvio.com\/website_f1c4f9f2\/wp-content\/uploads\/2025\/03\/DSC_4122-scaled.jpg?resize=1200%2C800&amp;ssl=1 1200w, https:\/\/i0.wp.com\/iberoleonenvio.com\/website_f1c4f9f2\/wp-content\/uploads\/2025\/03\/DSC_4122-scaled.jpg?resize=750%2C500&amp;ssl=1 750w, https:\/\/i0.wp.com\/iberoleonenvio.com\/website_f1c4f9f2\/wp-content\/uploads\/2025\/03\/DSC_4122-scaled.jpg?resize=1140%2C760&amp;ssl=1 1140w, https:\/\/i0.wp.com\/iberoleonenvio.com\/website_f1c4f9f2\/wp-content\/uploads\/2025\/03\/DSC_4122-scaled.jpg?w=1600&amp;ssl=1 1600w, https:\/\/i0.wp.com\/iberoleonenvio.com\/website_f1c4f9f2\/wp-content\/uploads\/2025\/03\/DSC_4122-scaled.jpg?w=2400&amp;ssl=1 2400w\" data-expand=\"700\" \/><\/div><\/a>\n\t\t\t\t\t<\/div>\n                    <div class=\"slide_content\">\n                    \t<div class=\"slide_caption\">\n\t                        <div class=\"jeg_post_category\">\n\t                            <a href=\"https:\/\/iberoleonenvio.com\/website_f1c4f9f2\/category\/editorial\/\" class=\"category-editorial\">Editorial<\/a>\n\t                        <\/div>\n\t                        <h3 class=\"jeg_post_title\">\n\t                            <a href=\"https:\/\/iberoleonenvio.com\/website_f1c4f9f2\/la-comunicacion-como-cimiento-de-nuestra-comunidad\/\">La comunicaci\u00f3n como cimiento de nuestra comunidad\u00a0<\/a>\n\t                        <\/h3>\n\t                        <div class=\"jeg_post_excerpt\">\n\t\t\t                    <p>La comunicaci\u00f3n es el tejido que une a cualquier comunidad. En una instituci\u00f3n, donde convergen ideas, proyectos y visiones de futuro, la manera en que nos comunicamos es clave para que cada engranaje funcione de manera efectiva. No se trata solo de transmitir informaci\u00f3n, sino de generar di\u00e1logo, fortalecer v\u00ednculos y fomentar un sentido de pertenencia que nos impulse a construir juntas y juntos.<\/p>\n\t\t\t                <\/div>\n\t\t\t                <a href=\"https:\/\/iberoleonenvio.com\/website_f1c4f9f2\/la-comunicacion-como-cimiento-de-nuestra-comunidad\/\" class=\"jeg_readmore\">Leer m\u00e1s<\/a>\n\t\t\t            <\/div>\n\t\t\t                \n\t\t                <div class=\"slide_nav\"> \n                        \t<a href=\"#\" class=\"prev\">\n                        \t\t<i class=\"jblog-icon-angle-left\"><\/i> Prev\n                        \t<\/a> \n                        \t<span class=\"slide_info\"><\/span>\n                        \t<a href=\"#\" class=\"next\">\n                        \t\tNext<i class=\"jblog-icon-angle-right\"><\/i>\n                        \t<\/a> \n                        <\/div>\n                    <\/div>\n                <\/div><\/div>\t\t\t\t<\/div>\n\t\t\t\t<\/div>\n\t\t\t\t\t<\/div>\n\t\t<\/div>\n\t\t\t\t\t<\/div>\n\t\t<\/section>\n\t\t\t\t<section class=\"elementor-section elementor-top-section elementor-element elementor-element-4ab38d3 elementor-section-stretched elementor-section-boxed elementor-section-height-default elementor-section-height-default e-parent\" data-id=\"4ab38d3\" data-element_type=\"section\" data-e-type=\"section\" data-settings=\"{&quot;stretch_section&quot;:&quot;section-stretched&quot;}\">\n\t\t\t\t\t\t<div class=\"elementor-container elementor-column-gap-no\">\n\t\t\t\t\t<div class=\"elementor-column elementor-col-100 elementor-top-column elementor-element elementor-element-eb4aee7 lakit-col-width-auto-no\" data-id=\"eb4aee7\" data-element_type=\"column\" data-e-type=\"column\">\n\t\t\t<div class=\"elementor-widget-wrap elementor-element-populated\">\n\t\t\t\t\t\t<div class=\"elementor-element elementor-element-9ac2e97 elementor-hidden-tablet elementor-hidden-mobile eael-dual-header-content-align-center elementor-widget elementor-widget-eael-dual-color-header\" data-id=\"9ac2e97\" data-element_type=\"widget\" data-e-type=\"widget\" data-widget_type=\"eael-dual-color-header.default\">\n\t\t\t\t<div class=\"elementor-widget-container\">\n\t\t\t\t\t\t\t\t<div class=\"eael-dual-header\">\n\t\t\t\t<h2 class=\"title eael-dch-title\"><span class=\"eael-dch-title-text eael-dch-title-lead lead solid-color\">Vida<\/span> <span class=\"eael-dch-title-text\">Universitaria<\/span><\/h2>\t\t\t<\/div>\n\n\t\t\t\t\t\t<\/div>\n\t\t\t\t<\/div>\n\t\t\t\t\t<\/div>\n\t\t<\/div>\n\t\t\t\t\t<\/div>\n\t\t<\/section>\n\t\t\t\t<section class=\"elementor-section elementor-top-section elementor-element elementor-element-2b3b315 elementor-section-full_width elementor-section-stretched elementor-section-height-default elementor-section-height-default e-parent\" data-id=\"2b3b315\" data-element_type=\"section\" data-e-type=\"section\" data-settings=\"{&quot;stretch_section&quot;:&quot;section-stretched&quot;}\">\n\t\t\t\t\t\t<div class=\"elementor-container elementor-column-gap-no\">\n\t\t\t\t\t<div class=\"elementor-column elementor-col-100 elementor-top-column elementor-element elementor-element-7a9a854 lakit-col-width-auto-no\" data-id=\"7a9a854\" data-element_type=\"column\" data-e-type=\"column\">\n\t\t\t<div class=\"elementor-widget-wrap elementor-element-populated\">\n\t\t\t\t\t\t<div class=\"elementor-element elementor-element-5d3b661 elementor-hidden-tablet elementor-hidden-mobile elementor-widget elementor-widget-jblog_hero_1\" data-id=\"5d3b661\" data-element_type=\"widget\" data-e-type=\"widget\" data-widget_type=\"jblog_hero_1.default\">\n\t\t\t\t<div class=\"elementor-widget-container\">\n\t\t\t\t\t<div  class=\"jblog_hero jblog_hero_1 jblog_hero_style_1 jeg_module__1_69ee85eb00c95  triple-noticia \">\n\t\t\t\t\t<div class=\"jeg_heroblock_wrapper\" style=\"margin:0 0 -4px -4px;\">\n\t\t\t\t\t\t<style>@media only screen and (max-width: 1024px) and (min-width: 769px) { .jblog_hero.jeg_module__1_69ee85eb00c95 .jeg_heroblock_wrapper{ height: 700px; } }@media only screen and (max-width: 768px) and (min-width: 668px) { .jblog_hero.jeg_module__1_69ee85eb00c95 .jeg_heroblock_wrapper{ height: 700px; } }@media only screen and (max-width: 667px) and (min-width: 569px) { .jblog_hero.jeg_module__1_69ee85eb00c95 .jeg_heroblock_wrapper{ height: 700px; } }@media only screen and (max-width: 568px) and (min-width: 481px) { .jblog_hero.jeg_module__1_69ee85eb00c95 .jeg_heroblock_wrapper{ height: 700px; } }@media only screen and (max-width: 480px) { .jblog_hero.jeg_module__1_69ee85eb00c95 .jeg_heroblock_wrapper{ height: 700px; } }<\/style><article class=\"jeg_post jeg_hero_item_1 post-11153 post type-post status-publish format-standard has-post-thumbnail hentry category-numero-39-marzo-2025\" style=\"padding:0 0 4px 4px;\">\n                    <div class=\"jeg_block_container\">\n                        \n                        <div class=\"jeg_thumb\">\n                            <a href=\"https:\/\/iberoleonenvio.com\/website_f1c4f9f2\/ser-mujer-en-comunidad-experiencias-de-aprendizaje-y-resiliencia\/\" ><div class=\"thumbnail-container thumbnail-background\" data-src=\"https:\/\/iberoleonenvio.com\/website_f1c4f9f2\/wp-content\/uploads\/2025\/03\/3.jpg\" >\n                        <div class=\"lazyloaded\" data-src=\"https:\/\/iberoleonenvio.com\/website_f1c4f9f2\/wp-content\/uploads\/2025\/03\/3.jpg\" style=\"background-image: url(https:\/\/iberoleonenvio.com\/website_f1c4f9f2\/wp-content\/uploads\/2025\/03\/3.jpg)\"><\/div>\n                    <\/div><\/a>\n                        <\/div>\n                        <div class=\"jeg_postblock_content\">\n                            <div class=\"jeg_post_category\"><a href=\"https:\/\/iberoleonenvio.com\/website_f1c4f9f2\/category\/numero-39-marzo-2025\/\" class=\"category-numero-39-marzo-2025\">N\u00famero 39 - Marzo 2025<\/a><\/div>\n                            <div class=\"jeg_post_info\">\n                                <h3 class=\"jeg_post_title\">\n                                    <a href=\"https:\/\/iberoleonenvio.com\/website_f1c4f9f2\/ser-mujer-en-comunidad-experiencias-de-aprendizaje-y-resiliencia\/\">Ser mujer en comunidad: experiencias de aprendizaje y resiliencia\u00a0\u00a0<\/a>\n                                <\/h3>\n                                <div class=\"jeg_post_meta\"><div class=\"jeg_meta_author\"><span class=\"by\">by<\/span> <a href=\"https:\/\/iberoleonenvio.com\/website_f1c4f9f2\/author\/cacho\/\">cacho<\/a><\/div><div class=\"jeg_meta_date\">1 a\u00f1o ago<\/div><\/div>\n                            <\/div>\n                        <\/div>\n                    <\/div>\n                <\/article>\n            <div class=\"jeg_heroblock_scroller\">\n                <article class=\"jeg_post jeg_hero_item_2 post-11187 post type-post status-publish format-standard has-post-thumbnail hentry category-numero-39-marzo-2025\" style=\"padding:0 0 4px 4px;\">\n                    <div class=\"jeg_block_container\">\n                        \n                        <div class=\"jeg_thumb\">\n                            <a href=\"https:\/\/iberoleonenvio.com\/website_f1c4f9f2\/jornada-electoral-2025-tenemos-nuevas-sociedades-estudiantiles\/\" ><div class=\"thumbnail-container thumbnail-background\" data-src=\"https:\/\/i0.wp.com\/iberoleonenvio.com\/website_f1c4f9f2\/wp-content\/uploads\/2025\/03\/planillas-scaled.jpg?resize=750%2C500&ssl=1\" >\n                        <div class=\"lazyloaded\" data-src=\"https:\/\/i0.wp.com\/iberoleonenvio.com\/website_f1c4f9f2\/wp-content\/uploads\/2025\/03\/planillas-scaled.jpg?resize=750%2C500&ssl=1\" style=\"background-image: url(https:\/\/i0.wp.com\/iberoleonenvio.com\/website_f1c4f9f2\/wp-content\/uploads\/2025\/03\/planillas-scaled.jpg?resize=750%2C500&ssl=1)\"><\/div>\n                    <\/div><\/a>\n                        <\/div>\n                        <div class=\"jeg_postblock_content\">\n                            <div class=\"jeg_post_category\"><a href=\"https:\/\/iberoleonenvio.com\/website_f1c4f9f2\/category\/numero-39-marzo-2025\/\" class=\"category-numero-39-marzo-2025\">N\u00famero 39 - Marzo 2025<\/a><\/div>\n                            <div class=\"jeg_post_info\">\n                                <h3 class=\"jeg_post_title\">\n                                    <a href=\"https:\/\/iberoleonenvio.com\/website_f1c4f9f2\/jornada-electoral-2025-tenemos-nuevas-sociedades-estudiantiles\/\">Jornada electoral 2025: Tenemos nuevas sociedades estudiantiles\u00a0\u00a0\u00a0<\/a>\n                                <\/h3>\n                                <div class=\"jeg_post_meta\"><div class=\"jeg_meta_author\"><span class=\"by\">by<\/span> <a href=\"https:\/\/iberoleonenvio.com\/website_f1c4f9f2\/author\/cacho\/\">cacho<\/a><\/div><div class=\"jeg_meta_date\">1 a\u00f1o ago<\/div><\/div>\n                            <\/div>\n                        <\/div>\n                    <\/div>\n                <\/article><article class=\"jeg_post jeg_hero_item_3 post-11267 post type-post status-publish format-standard has-post-thumbnail hentry category-numero-39-marzo-2025\" style=\"padding:0 0 4px 4px;\">\n                    <div class=\"jeg_block_container\">\n                        \n                        <div class=\"jeg_thumb\">\n                            <a href=\"https:\/\/iberoleonenvio.com\/website_f1c4f9f2\/cuerpo-territorio-reflexiones-y-encuentros-en-el-marco-del-8m\/\" ><div class=\"thumbnail-container thumbnail-background\" data-src=\"https:\/\/i0.wp.com\/iberoleonenvio.com\/website_f1c4f9f2\/wp-content\/uploads\/2025\/03\/8M.jpg?resize=750%2C500&ssl=1\" >\n                        <div class=\"lazyloaded\" data-src=\"https:\/\/i0.wp.com\/iberoleonenvio.com\/website_f1c4f9f2\/wp-content\/uploads\/2025\/03\/8M.jpg?resize=750%2C500&ssl=1\" style=\"background-image: url(https:\/\/i0.wp.com\/iberoleonenvio.com\/website_f1c4f9f2\/wp-content\/uploads\/2025\/03\/8M.jpg?resize=750%2C500&ssl=1)\"><\/div>\n                    <\/div><\/a>\n                        <\/div>\n                        <div class=\"jeg_postblock_content\">\n                            <div class=\"jeg_post_category\"><a href=\"https:\/\/iberoleonenvio.com\/website_f1c4f9f2\/category\/numero-39-marzo-2025\/\" class=\"category-numero-39-marzo-2025\">N\u00famero 39 - Marzo 2025<\/a><\/div>\n                            <div class=\"jeg_post_info\">\n                                <h3 class=\"jeg_post_title\">\n                                    <a href=\"https:\/\/iberoleonenvio.com\/website_f1c4f9f2\/cuerpo-territorio-reflexiones-y-encuentros-en-el-marco-del-8m\/\">Cuerpo &#8211; Territorio: Reflexiones y encuentros en el marco del 8M\u00a0\u00a0\u00a0\u00a0\u00a0\u00a0\u00a0<\/a>\n                                <\/h3>\n                                <div class=\"jeg_post_meta\"><div class=\"jeg_meta_author\"><span class=\"by\">by<\/span> <a href=\"https:\/\/iberoleonenvio.com\/website_f1c4f9f2\/author\/cacho\/\">cacho<\/a><\/div><div class=\"jeg_meta_date\">1 a\u00f1o ago<\/div><\/div>\n                            <\/div>\n                        <\/div>\n                    <\/div>\n                <\/article>\n            <\/div>\n\t\t\t\t\t<\/div>\n                <\/div>\t\t\t\t<\/div>\n\t\t\t\t<\/div>\n\t\t\t\t<div class=\"elementor-element elementor-element-7b7a7dd elementor-hidden-tablet elementor-hidden-mobile elementor-widget elementor-widget-jblog_hero_1\" data-id=\"7b7a7dd\" data-element_type=\"widget\" data-e-type=\"widget\" data-widget_type=\"jblog_hero_1.default\">\n\t\t\t\t<div class=\"elementor-widget-container\">\n\t\t\t\t\t<div  class=\"jblog_hero jblog_hero_1 jblog_hero_style_1 jeg_module__2_69ee85eb01aba   \">\n\t\t\t\t\t<div class=\"jeg_heroblock_wrapper\" style=\"margin:0 0 -4px -4px;\">\n\t\t\t\t\t\t<style>@media only screen and (max-width: 1024px) and (min-width: 769px) { .jblog_hero.jeg_module__2_69ee85eb01aba .jeg_heroblock_wrapper{ height: 700px; } }@media only screen and (max-width: 768px) and (min-width: 668px) { .jblog_hero.jeg_module__2_69ee85eb01aba .jeg_heroblock_wrapper{ height: 700px; } }@media only screen and (max-width: 667px) and (min-width: 569px) { .jblog_hero.jeg_module__2_69ee85eb01aba .jeg_heroblock_wrapper{ height: 700px; } }@media only screen and (max-width: 568px) and (min-width: 481px) { .jblog_hero.jeg_module__2_69ee85eb01aba .jeg_heroblock_wrapper{ height: 700px; } }@media only screen and (max-width: 480px) { .jblog_hero.jeg_module__2_69ee85eb01aba .jeg_heroblock_wrapper{ height: 700px; } }<\/style><article class=\"jeg_post jeg_hero_item_1 post-11199 post type-post status-publish format-standard has-post-thumbnail hentry category-numero-39-marzo-2025\" style=\"padding:0 0 4px 4px;\">\n                    <div class=\"jeg_block_container\">\n                        \n                        <div class=\"jeg_thumb\">\n                            <a href=\"https:\/\/iberoleonenvio.com\/website_f1c4f9f2\/comparten-sus-experiencias-formativas-fuera-de-las-aulas\/\" ><div class=\"thumbnail-container thumbnail-background\" data-src=\"https:\/\/iberoleonenvio.com\/website_f1c4f9f2\/wp-content\/uploads\/2025\/03\/DSC_3883-scaled.jpg\" >\n                        <div class=\"lazyloaded\" data-src=\"https:\/\/iberoleonenvio.com\/website_f1c4f9f2\/wp-content\/uploads\/2025\/03\/DSC_3883-scaled.jpg\" style=\"background-image: url(https:\/\/iberoleonenvio.com\/website_f1c4f9f2\/wp-content\/uploads\/2025\/03\/DSC_3883-scaled.jpg)\"><\/div>\n                    <\/div><\/a>\n                        <\/div>\n                        <div class=\"jeg_postblock_content\">\n                            <div class=\"jeg_post_category\"><a href=\"https:\/\/iberoleonenvio.com\/website_f1c4f9f2\/category\/numero-39-marzo-2025\/\" class=\"category-numero-39-marzo-2025\">N\u00famero 39 - Marzo 2025<\/a><\/div>\n                            <div class=\"jeg_post_info\">\n                                <h3 class=\"jeg_post_title\">\n                                    <a href=\"https:\/\/iberoleonenvio.com\/website_f1c4f9f2\/comparten-sus-experiencias-formativas-fuera-de-las-aulas\/\">Comparten sus experiencias formativas fuera de las aulas\u00a0\u00a0\u00a0\u00a0<\/a>\n                                <\/h3>\n                                <div class=\"jeg_post_meta\"><div class=\"jeg_meta_author\"><span class=\"by\">by<\/span> <a href=\"https:\/\/iberoleonenvio.com\/website_f1c4f9f2\/author\/cacho\/\">cacho<\/a><\/div><div class=\"jeg_meta_date\">1 a\u00f1o ago<\/div><\/div>\n                            <\/div>\n                        <\/div>\n                    <\/div>\n                <\/article>\n            <div class=\"jeg_heroblock_scroller\">\n                <article class=\"jeg_post jeg_hero_item_2 post-11208 post type-post status-publish format-standard has-post-thumbnail hentry category-numero-39-marzo-2025\" style=\"padding:0 0 4px 4px;\">\n                    <div class=\"jeg_block_container\">\n                        \n                        <div class=\"jeg_thumb\">\n                            <a href=\"https:\/\/iberoleonenvio.com\/website_f1c4f9f2\/dia-mundial-del-agua-educacion-y-accion-para-el-cuidado-de-la-casa-comun\/\" ><div class=\"thumbnail-container thumbnail-background\" data-src=\"https:\/\/i0.wp.com\/iberoleonenvio.com\/website_f1c4f9f2\/wp-content\/uploads\/2025\/03\/DSC_3716-scaled.jpg?resize=750%2C500&ssl=1\" >\n                        <div class=\"lazyloaded\" data-src=\"https:\/\/i0.wp.com\/iberoleonenvio.com\/website_f1c4f9f2\/wp-content\/uploads\/2025\/03\/DSC_3716-scaled.jpg?resize=750%2C500&ssl=1\" style=\"background-image: url(https:\/\/i0.wp.com\/iberoleonenvio.com\/website_f1c4f9f2\/wp-content\/uploads\/2025\/03\/DSC_3716-scaled.jpg?resize=750%2C500&ssl=1)\"><\/div>\n                    <\/div><\/a>\n                        <\/div>\n                        <div class=\"jeg_postblock_content\">\n                            <div class=\"jeg_post_category\"><a href=\"https:\/\/iberoleonenvio.com\/website_f1c4f9f2\/category\/numero-39-marzo-2025\/\" class=\"category-numero-39-marzo-2025\">N\u00famero 39 - Marzo 2025<\/a><\/div>\n                            <div class=\"jeg_post_info\">\n                                <h3 class=\"jeg_post_title\">\n                                    <a href=\"https:\/\/iberoleonenvio.com\/website_f1c4f9f2\/dia-mundial-del-agua-educacion-y-accion-para-el-cuidado-de-la-casa-comun\/\">\u201cD\u00eda Mundial del Agua: Educaci\u00f3n y Acci\u00f3n para el Cuidado de la Casa Com\u00fan\u201d\u00a0\u00a0\u00a0\u00a0\u00a0<\/a>\n                                <\/h3>\n                                <div class=\"jeg_post_meta\"><div class=\"jeg_meta_author\"><span class=\"by\">by<\/span> <a href=\"https:\/\/iberoleonenvio.com\/website_f1c4f9f2\/author\/cacho\/\">cacho<\/a><\/div><div class=\"jeg_meta_date\">1 a\u00f1o ago<\/div><\/div>\n                            <\/div>\n                        <\/div>\n                    <\/div>\n                <\/article><article class=\"jeg_post jeg_hero_item_3 post-11277 post type-post status-publish format-standard has-post-thumbnail hentry category-numero-39-marzo-2025\" style=\"padding:0 0 4px 4px;\">\n                    <div class=\"jeg_block_container\">\n                        \n                        <div class=\"jeg_thumb\">\n                            <a href=\"https:\/\/iberoleonenvio.com\/website_f1c4f9f2\/emilia-perez-simplifica-y-caricaturiza-el-problema-de-las-desapariciones\/\" ><div class=\"thumbnail-container thumbnail-background\" data-src=\"https:\/\/i0.wp.com\/iberoleonenvio.com\/website_f1c4f9f2\/wp-content\/uploads\/2025\/03\/DSC_3818-scaled.jpg?resize=750%2C500&ssl=1\" >\n                        <div class=\"lazyloaded\" data-src=\"https:\/\/i0.wp.com\/iberoleonenvio.com\/website_f1c4f9f2\/wp-content\/uploads\/2025\/03\/DSC_3818-scaled.jpg?resize=750%2C500&ssl=1\" style=\"background-image: url(https:\/\/i0.wp.com\/iberoleonenvio.com\/website_f1c4f9f2\/wp-content\/uploads\/2025\/03\/DSC_3818-scaled.jpg?resize=750%2C500&ssl=1)\"><\/div>\n                    <\/div><\/a>\n                        <\/div>\n                        <div class=\"jeg_postblock_content\">\n                            <div class=\"jeg_post_category\"><a href=\"https:\/\/iberoleonenvio.com\/website_f1c4f9f2\/category\/numero-39-marzo-2025\/\" class=\"category-numero-39-marzo-2025\">N\u00famero 39 - Marzo 2025<\/a><\/div>\n                            <div class=\"jeg_post_info\">\n                                <h3 class=\"jeg_post_title\">\n                                    <a href=\"https:\/\/iberoleonenvio.com\/website_f1c4f9f2\/emilia-perez-simplifica-y-caricaturiza-el-problema-de-las-desapariciones\/\">\u2018Emilia P\u00e9rez\u2019 simplifica y caricaturiza el problema de las desapariciones\u00a0\u00a0\u00a0\u00a0\u00a0\u00a0<\/a>\n                                <\/h3>\n                                <div class=\"jeg_post_meta\"><div class=\"jeg_meta_author\"><span class=\"by\">by<\/span> <a href=\"https:\/\/iberoleonenvio.com\/website_f1c4f9f2\/author\/cacho\/\">cacho<\/a><\/div><div class=\"jeg_meta_date\">1 a\u00f1o ago<\/div><\/div>\n                            <\/div>\n                        <\/div>\n                    <\/div>\n                <\/article><article class=\"jeg_post jeg_hero_item_4 post-11315 post type-post status-publish format-standard has-post-thumbnail hentry category-numero-39-marzo-2025\" style=\"padding:0 0 4px 4px;\">\n                    <div class=\"jeg_block_container\">\n                        \n                        <div class=\"jeg_thumb\">\n                            <a href=\"https:\/\/iberoleonenvio.com\/website_f1c4f9f2\/estudiantes-de-la-ibero-leon-plasman-historias-de-los-de-la-basura-en-corto-del-giff\/\" ><div class=\"thumbnail-container thumbnail-background\" data-src=\"https:\/\/i0.wp.com\/iberoleonenvio.com\/website_f1c4f9f2\/wp-content\/uploads\/2025\/03\/480338492_1068072138698340_1902391431598741996_n.jpg?resize=750%2C500&ssl=1\" >\n                        <div class=\"lazyloaded\" data-src=\"https:\/\/i0.wp.com\/iberoleonenvio.com\/website_f1c4f9f2\/wp-content\/uploads\/2025\/03\/480338492_1068072138698340_1902391431598741996_n.jpg?resize=750%2C500&ssl=1\" style=\"background-image: url(https:\/\/i0.wp.com\/iberoleonenvio.com\/website_f1c4f9f2\/wp-content\/uploads\/2025\/03\/480338492_1068072138698340_1902391431598741996_n.jpg?resize=750%2C500&ssl=1)\"><\/div>\n                    <\/div><\/a>\n                        <\/div>\n                        <div class=\"jeg_postblock_content\">\n                            <div class=\"jeg_post_category\"><a href=\"https:\/\/iberoleonenvio.com\/website_f1c4f9f2\/category\/numero-39-marzo-2025\/\" class=\"category-numero-39-marzo-2025\">N\u00famero 39 - Marzo 2025<\/a><\/div>\n                            <div class=\"jeg_post_info\">\n                                <h3 class=\"jeg_post_title\">\n                                    <a href=\"https:\/\/iberoleonenvio.com\/website_f1c4f9f2\/estudiantes-de-la-ibero-leon-plasman-historias-de-los-de-la-basura-en-corto-del-giff\/\">Estudiantes de la Ibero Le\u00f3n plasman historias de \u201cLos de la basura\u201d en corto del GIFF\u00a0<\/a>\n                                <\/h3>\n                                <div class=\"jeg_post_meta\"><div class=\"jeg_meta_author\"><span class=\"by\">by<\/span> <a href=\"https:\/\/iberoleonenvio.com\/website_f1c4f9f2\/author\/cacho\/\">cacho<\/a><\/div><div class=\"jeg_meta_date\">1 a\u00f1o ago<\/div><\/div>\n                            <\/div>\n                        <\/div>\n                    <\/div>\n                <\/article>\n            <\/div>\n\t\t\t\t\t<\/div>\n                <\/div>\t\t\t\t<\/div>\n\t\t\t\t<\/div>\n\t\t\t\t\t<\/div>\n\t\t<\/div>\n\t\t\t\t\t<\/div>\n\t\t<\/section>\n\t\t\t\t<section class=\"elementor-section elementor-top-section elementor-element elementor-element-5623c75 elementor-section-stretched elementor-section-boxed elementor-section-height-default elementor-section-height-default e-parent\" data-id=\"5623c75\" data-element_type=\"section\" data-e-type=\"section\" data-settings=\"{&quot;stretch_section&quot;:&quot;section-stretched&quot;}\">\n\t\t\t\t\t\t<div class=\"elementor-container elementor-column-gap-no\">\n\t\t\t\t\t<div class=\"elementor-column elementor-col-100 elementor-top-column elementor-element elementor-element-481ab76 lakit-col-width-auto-no\" data-id=\"481ab76\" data-element_type=\"column\" data-e-type=\"column\">\n\t\t\t<div class=\"elementor-widget-wrap elementor-element-populated\">\n\t\t\t\t\t\t<div class=\"elementor-element elementor-element-391a671 elementor-hidden-tablet elementor-hidden-mobile eael-dual-header-content-align-center elementor-widget elementor-widget-eael-dual-color-header\" data-id=\"391a671\" data-element_type=\"widget\" data-e-type=\"widget\" data-widget_type=\"eael-dual-color-header.default\">\n\t\t\t\t<div class=\"elementor-widget-container\">\n\t\t\t\t\t\t\t\t<div class=\"eael-dual-header\">\n\t\t\t\t<h2 class=\"title eael-dch-title\"><span class=\"eael-dch-title-text eael-dch-title-lead lead solid-color\">Bien<\/span> <span class=\"eael-dch-title-text\">Estar<\/span><\/h2>\t\t\t<\/div>\n\n\t\t\t\t\t\t<\/div>\n\t\t\t\t<\/div>\n\t\t\t\t\t<\/div>\n\t\t<\/div>\n\t\t\t\t\t<\/div>\n\t\t<\/section>\n\t\t\t\t<section class=\"elementor-section elementor-top-section elementor-element elementor-element-6b712fb elementor-section-full_width elementor-section-stretched elementor-section-height-default elementor-section-height-default e-parent\" data-id=\"6b712fb\" data-element_type=\"section\" data-e-type=\"section\" data-settings=\"{&quot;stretch_section&quot;:&quot;section-stretched&quot;}\">\n\t\t\t\t\t\t<div class=\"elementor-container elementor-column-gap-no\">\n\t\t\t\t\t<div class=\"elementor-column elementor-col-100 elementor-top-column elementor-element elementor-element-bcb9264 lakit-col-width-auto-no\" data-id=\"bcb9264\" data-element_type=\"column\" data-e-type=\"column\">\n\t\t\t<div class=\"elementor-widget-wrap elementor-element-populated\">\n\t\t\t\t\t\t<div class=\"elementor-element elementor-element-cbbf0b3 elementor-hidden-tablet elementor-hidden-mobile elementor-widget elementor-widget-jblog_hero_1\" data-id=\"cbbf0b3\" data-element_type=\"widget\" data-e-type=\"widget\" data-widget_type=\"jblog_hero_1.default\">\n\t\t\t\t<div class=\"elementor-widget-container\">\n\t\t\t\t\t<div  class=\"jblog_hero jblog_hero_1 jblog_hero_style_1 jeg_module__3_69ee85eb027e7  noticia-sencilla \">\n\t\t\t\t\t<div class=\"jeg_heroblock_wrapper\" style=\"margin:0 0 -4px -4px;\">\n\t\t\t\t\t\t<style>@media only screen and (max-width: 1024px) and (min-width: 769px) { .jblog_hero.jeg_module__3_69ee85eb027e7 .jeg_heroblock_wrapper{ height: 700px; } }@media only screen and (max-width: 768px) and (min-width: 668px) { .jblog_hero.jeg_module__3_69ee85eb027e7 .jeg_heroblock_wrapper{ height: 700px; } }@media only screen and (max-width: 667px) and (min-width: 569px) { .jblog_hero.jeg_module__3_69ee85eb027e7 .jeg_heroblock_wrapper{ height: 700px; } }@media only screen and (max-width: 568px) and (min-width: 481px) { .jblog_hero.jeg_module__3_69ee85eb027e7 .jeg_heroblock_wrapper{ height: 700px; } }@media only screen and (max-width: 480px) { .jblog_hero.jeg_module__3_69ee85eb027e7 .jeg_heroblock_wrapper{ height: 700px; } }<\/style><article class=\"jeg_post jeg_hero_item_1 post-11167 post type-post status-publish format-standard has-post-thumbnail hentry category-numero-39-marzo-2025\" style=\"padding:0 0 4px 4px;\">\n                    <div class=\"jeg_block_container\">\n                        \n                        <div class=\"jeg_thumb\">\n                            <a href=\"https:\/\/iberoleonenvio.com\/website_f1c4f9f2\/ritmos-nocturnos-dias-saludables-la-importancia-de-la-higiene-del-sueno-2\/\" ><div class=\"thumbnail-container thumbnail-background\" data-src=\"https:\/\/iberoleonenvio.com\/website_f1c4f9f2\/wp-content\/uploads\/2025\/03\/african-american-woman-having-fun-and-enjoy-happy-2023-11-27-04-51-45-utc-scaled.jpg\" >\n                        <div class=\"lazyloaded\" data-src=\"https:\/\/iberoleonenvio.com\/website_f1c4f9f2\/wp-content\/uploads\/2025\/03\/african-american-woman-having-fun-and-enjoy-happy-2023-11-27-04-51-45-utc-scaled.jpg\" style=\"background-image: url(https:\/\/iberoleonenvio.com\/website_f1c4f9f2\/wp-content\/uploads\/2025\/03\/african-american-woman-having-fun-and-enjoy-happy-2023-11-27-04-51-45-utc-scaled.jpg)\"><\/div>\n                    <\/div><\/a>\n                        <\/div>\n                        <div class=\"jeg_postblock_content\">\n                            <div class=\"jeg_post_category\"><a href=\"https:\/\/iberoleonenvio.com\/website_f1c4f9f2\/category\/numero-39-marzo-2025\/\" class=\"category-numero-39-marzo-2025\">N\u00famero 39 - Marzo 2025<\/a><\/div>\n                            <div class=\"jeg_post_info\">\n                                <h3 class=\"jeg_post_title\">\n                                    <a href=\"https:\/\/iberoleonenvio.com\/website_f1c4f9f2\/ritmos-nocturnos-dias-saludables-la-importancia-de-la-higiene-del-sueno-2\/\">Nutrici\u00f3n y bienestar femenino: Claves para una vida saludable\u00a0<\/a>\n                                <\/h3>\n                                <div class=\"jeg_post_meta\"><div class=\"jeg_meta_author\"><span class=\"by\">by<\/span> <a href=\"https:\/\/iberoleonenvio.com\/website_f1c4f9f2\/author\/cacho\/\">cacho<\/a><\/div><div class=\"jeg_meta_date\">1 a\u00f1o ago<\/div><\/div>\n                            <\/div>\n                        <\/div>\n                    <\/div>\n                <\/article>\n            <div class=\"jeg_heroblock_scroller\">\n                \n            <\/div>\n\t\t\t\t\t<\/div>\n                <\/div>\t\t\t\t<\/div>\n\t\t\t\t<\/div>\n\t\t\t\t\t<\/div>\n\t\t<\/div>\n\t\t\t\t\t<\/div>\n\t\t<\/section>\n\t\t\t\t<section class=\"elementor-section elementor-top-section elementor-element elementor-element-84cf64c elementor-section-stretched elementor-section-boxed elementor-section-height-default elementor-section-height-default e-parent\" data-id=\"84cf64c\" data-element_type=\"section\" data-e-type=\"section\" data-settings=\"{&quot;stretch_section&quot;:&quot;section-stretched&quot;}\">\n\t\t\t\t\t\t<div class=\"elementor-container elementor-column-gap-no\">\n\t\t\t\t\t<div class=\"elementor-column elementor-col-100 elementor-top-column elementor-element elementor-element-50620b3 lakit-col-width-auto-no\" data-id=\"50620b3\" data-element_type=\"column\" data-e-type=\"column\">\n\t\t\t<div class=\"elementor-widget-wrap elementor-element-populated\">\n\t\t\t\t\t\t<div class=\"elementor-element elementor-element-fe7d25d elementor-hidden-tablet elementor-hidden-mobile eael-dual-header-content-align-center elementor-widget elementor-widget-eael-dual-color-header\" data-id=\"fe7d25d\" data-element_type=\"widget\" data-e-type=\"widget\" data-widget_type=\"eael-dual-color-header.default\">\n\t\t\t\t<div class=\"elementor-widget-container\">\n\t\t\t\t\t\t\t\t<div class=\"eael-dual-header\">\n\t\t\t\t<h2 class=\"title eael-dch-title\"><span class=\"eael-dch-title-text eael-dch-title-lead lead solid-color\">Red Educativa<\/span> <span class=\"eael-dch-title-text\">Jesuita<\/span><\/h2>\t\t\t<\/div>\n\n\t\t\t\t\t\t<\/div>\n\t\t\t\t<\/div>\n\t\t\t\t\t<\/div>\n\t\t<\/div>\n\t\t\t\t\t<\/div>\n\t\t<\/section>\n\t\t\t\t<section class=\"elementor-section elementor-top-section elementor-element elementor-element-76fde8e elementor-section-full_width elementor-section-stretched elementor-section-height-default elementor-section-height-default e-parent\" data-id=\"76fde8e\" data-element_type=\"section\" data-e-type=\"section\" data-settings=\"{&quot;stretch_section&quot;:&quot;section-stretched&quot;}\">\n\t\t\t\t\t\t<div class=\"elementor-container elementor-column-gap-no\">\n\t\t\t\t\t<div class=\"elementor-column elementor-col-100 elementor-top-column elementor-element elementor-element-e77a1f1 lakit-col-width-auto-no\" data-id=\"e77a1f1\" data-element_type=\"column\" data-e-type=\"column\">\n\t\t\t<div class=\"elementor-widget-wrap elementor-element-populated\">\n\t\t\t\t\t\t<div class=\"elementor-element elementor-element-c563d84 elementor-hidden-tablet elementor-hidden-mobile elementor-widget elementor-widget-jblog_hero_1\" data-id=\"c563d84\" data-element_type=\"widget\" data-e-type=\"widget\" data-widget_type=\"jblog_hero_1.default\">\n\t\t\t\t<div class=\"elementor-widget-container\">\n\t\t\t\t\t<div  class=\"jblog_hero jblog_hero_1 jblog_hero_style_1 jeg_module__4_69ee85eb02ff5  triple-noticia \">\n\t\t\t\t\t<div class=\"jeg_heroblock_wrapper\" style=\"margin:0 0 -4px -4px;\">\n\t\t\t\t\t\t<style>@media only screen and (max-width: 1024px) and (min-width: 769px) { .jblog_hero.jeg_module__4_69ee85eb02ff5 .jeg_heroblock_wrapper{ height: 700px; } }@media only screen and (max-width: 768px) and (min-width: 668px) { .jblog_hero.jeg_module__4_69ee85eb02ff5 .jeg_heroblock_wrapper{ height: 700px; } }@media only screen and (max-width: 667px) and (min-width: 569px) { .jblog_hero.jeg_module__4_69ee85eb02ff5 .jeg_heroblock_wrapper{ height: 700px; } }@media only screen and (max-width: 568px) and (min-width: 481px) { .jblog_hero.jeg_module__4_69ee85eb02ff5 .jeg_heroblock_wrapper{ height: 700px; } }@media only screen and (max-width: 480px) { .jblog_hero.jeg_module__4_69ee85eb02ff5 .jeg_heroblock_wrapper{ height: 700px; } }<\/style><article class=\"jeg_post jeg_hero_item_1 post-11220 post type-post status-publish format-standard has-post-thumbnail hentry category-numero-39-marzo-2025\" style=\"padding:0 0 4px 4px;\">\n                    <div class=\"jeg_block_container\">\n                        \n                        <div class=\"jeg_thumb\">\n                            <a href=\"https:\/\/iberoleonenvio.com\/website_f1c4f9f2\/inician-su-formacion-en-pliul\/\" ><div class=\"thumbnail-container thumbnail-background\" data-src=\"https:\/\/iberoleonenvio.com\/website_f1c4f9f2\/wp-content\/uploads\/2025\/03\/CSC_0665-scaled.jpg\" >\n                        <div class=\"lazyloaded\" data-src=\"https:\/\/iberoleonenvio.com\/website_f1c4f9f2\/wp-content\/uploads\/2025\/03\/CSC_0665-scaled.jpg\" style=\"background-image: url(https:\/\/iberoleonenvio.com\/website_f1c4f9f2\/wp-content\/uploads\/2025\/03\/CSC_0665-scaled.jpg)\"><\/div>\n                    <\/div><\/a>\n                        <\/div>\n                        <div class=\"jeg_postblock_content\">\n                            <div class=\"jeg_post_category\"><a href=\"https:\/\/iberoleonenvio.com\/website_f1c4f9f2\/category\/numero-39-marzo-2025\/\" class=\"category-numero-39-marzo-2025\">N\u00famero 39 - Marzo 2025<\/a><\/div>\n                            <div class=\"jeg_post_info\">\n                                <h3 class=\"jeg_post_title\">\n                                    <a href=\"https:\/\/iberoleonenvio.com\/website_f1c4f9f2\/inician-su-formacion-en-pliul\/\">Inician su formaci\u00f3n en PLIUL\u00a0\u00a0\u00a0\u00a0\u00a0<\/a>\n                                <\/h3>\n                                <div class=\"jeg_post_meta\"><div class=\"jeg_meta_author\"><span class=\"by\">by<\/span> <a href=\"https:\/\/iberoleonenvio.com\/website_f1c4f9f2\/author\/cacho\/\">cacho<\/a><\/div><div class=\"jeg_meta_date\">1 a\u00f1o ago<\/div><\/div>\n                            <\/div>\n                        <\/div>\n                    <\/div>\n                <\/article>\n            <div class=\"jeg_heroblock_scroller\">\n                <article class=\"jeg_post jeg_hero_item_2 post-11226 post type-post status-publish format-standard has-post-thumbnail hentry category-numero-39-marzo-2025\" style=\"padding:0 0 4px 4px;\">\n                    <div class=\"jeg_block_container\">\n                        \n                        <div class=\"jeg_thumb\">\n                            <a href=\"https:\/\/iberoleonenvio.com\/website_f1c4f9f2\/ibero-leon-presente-en-el-ii-encuentro-de-inclusion-del-suj-inician-su-formacion-en-pliul\/\" ><div class=\"thumbnail-container thumbnail-background\" data-src=\"https:\/\/i0.wp.com\/iberoleonenvio.com\/website_f1c4f9f2\/wp-content\/uploads\/2025\/03\/24.-Torreon.png?resize=750%2C316&ssl=1\" >\n                        <div class=\"lazyloaded\" data-src=\"https:\/\/i0.wp.com\/iberoleonenvio.com\/website_f1c4f9f2\/wp-content\/uploads\/2025\/03\/24.-Torreon.png?resize=750%2C316&ssl=1\" style=\"background-image: url(https:\/\/i0.wp.com\/iberoleonenvio.com\/website_f1c4f9f2\/wp-content\/uploads\/2025\/03\/24.-Torreon.png?resize=750%2C316&ssl=1)\"><\/div>\n                    <\/div><\/a>\n                        <\/div>\n                        <div class=\"jeg_postblock_content\">\n                            <div class=\"jeg_post_category\"><a href=\"https:\/\/iberoleonenvio.com\/website_f1c4f9f2\/category\/numero-39-marzo-2025\/\" class=\"category-numero-39-marzo-2025\">N\u00famero 39 - Marzo 2025<\/a><\/div>\n                            <div class=\"jeg_post_info\">\n                                <h3 class=\"jeg_post_title\">\n                                    <a href=\"https:\/\/iberoleonenvio.com\/website_f1c4f9f2\/ibero-leon-presente-en-el-ii-encuentro-de-inclusion-del-suj-inician-su-formacion-en-pliul\/\">Ibero Le\u00f3n presente en el II Encuentro de Inclusi\u00f3n del SUJ<\/a>\n                                <\/h3>\n                                <div class=\"jeg_post_meta\"><div class=\"jeg_meta_author\"><span class=\"by\">by<\/span> <a href=\"https:\/\/iberoleonenvio.com\/website_f1c4f9f2\/author\/cacho\/\">cacho<\/a><\/div><div class=\"jeg_meta_date\">1 a\u00f1o ago<\/div><\/div>\n                            <\/div>\n                        <\/div>\n                    <\/div>\n                <\/article><article class=\"jeg_post jeg_hero_item_3 post-11232 post type-post status-publish format-standard has-post-thumbnail hentry category-numero-39-marzo-2025\" style=\"padding:0 0 4px 4px;\">\n                    <div class=\"jeg_block_container\">\n                        \n                        <div class=\"jeg_thumb\">\n                            <a href=\"https:\/\/iberoleonenvio.com\/website_f1c4f9f2\/la-mision-jesuita-a-traves-de-la-radio\/\" ><div class=\"thumbnail-container thumbnail-background\" data-src=\"https:\/\/i0.wp.com\/iberoleonenvio.com\/website_f1c4f9f2\/wp-content\/uploads\/2025\/03\/480677278_1149092887231899_1192689387845705604_n.jpg?resize=750%2C500&ssl=1\" >\n                        <div class=\"lazyloaded\" data-src=\"https:\/\/i0.wp.com\/iberoleonenvio.com\/website_f1c4f9f2\/wp-content\/uploads\/2025\/03\/480677278_1149092887231899_1192689387845705604_n.jpg?resize=750%2C500&ssl=1\" style=\"background-image: url(https:\/\/i0.wp.com\/iberoleonenvio.com\/website_f1c4f9f2\/wp-content\/uploads\/2025\/03\/480677278_1149092887231899_1192689387845705604_n.jpg?resize=750%2C500&ssl=1)\"><\/div>\n                    <\/div><\/a>\n                        <\/div>\n                        <div class=\"jeg_postblock_content\">\n                            <div class=\"jeg_post_category\"><a href=\"https:\/\/iberoleonenvio.com\/website_f1c4f9f2\/category\/numero-39-marzo-2025\/\" class=\"category-numero-39-marzo-2025\">N\u00famero 39 - Marzo 2025<\/a><\/div>\n                            <div class=\"jeg_post_info\">\n                                <h3 class=\"jeg_post_title\">\n                                    <a href=\"https:\/\/iberoleonenvio.com\/website_f1c4f9f2\/la-mision-jesuita-a-traves-de-la-radio\/\">La misi\u00f3n jesuita a trav\u00e9s de la Radio\u00a0\u00a0\u00a0\u00a0\u00a0\u00a0<\/a>\n                                <\/h3>\n                                <div class=\"jeg_post_meta\"><div class=\"jeg_meta_author\"><span class=\"by\">by<\/span> <a href=\"https:\/\/iberoleonenvio.com\/website_f1c4f9f2\/author\/cacho\/\">cacho<\/a><\/div><div class=\"jeg_meta_date\">1 a\u00f1o ago<\/div><\/div>\n                            <\/div>\n                        <\/div>\n                    <\/div>\n                <\/article>\n            <\/div>\n\t\t\t\t\t<\/div>\n                <\/div>\t\t\t\t<\/div>\n\t\t\t\t<\/div>\n\t\t\t\t<div class=\"elementor-element elementor-element-118d9c3 elementor-widget elementor-widget-spacer\" data-id=\"118d9c3\" data-element_type=\"widget\" data-e-type=\"widget\" data-widget_type=\"spacer.default\">\n\t\t\t\t<div class=\"elementor-widget-container\">\n\t\t\t\t\t\t\t<div class=\"elementor-spacer\">\n\t\t\t<div class=\"elementor-spacer-inner\"><\/div>\n\t\t<\/div>\n\t\t\t\t\t\t<\/div>\n\t\t\t\t<\/div>\n\t\t\t\t\t<\/div>\n\t\t<\/div>\n\t\t\t\t\t<\/div>\n\t\t<\/section>\n\t\t\t\t<section class=\"elementor-section elementor-top-section elementor-element elementor-element-95233e8 elementor-section-full_width elementor-section-stretched elementor-section-height-default elementor-section-height-default e-parent\" data-id=\"95233e8\" data-element_type=\"section\" data-e-type=\"section\" data-settings=\"{&quot;stretch_section&quot;:&quot;section-stretched&quot;}\">\n\t\t\t\t\t\t<div class=\"elementor-container elementor-column-gap-no\">\n\t\t\t\t\t<div class=\"elementor-column elementor-col-100 elementor-top-column elementor-element elementor-element-4d759a1 lakit-col-width-auto-no\" data-id=\"4d759a1\" data-element_type=\"column\" data-e-type=\"column\">\n\t\t\t<div class=\"elementor-widget-wrap elementor-element-populated\">\n\t\t\t\t\t\t<div class=\"elementor-element elementor-element-64aaa01 elementor-hidden-desktop version-movil-pulso elementor-widget elementor-widget-blog-layouts\" data-id=\"64aaa01\" data-element_type=\"widget\" data-e-type=\"widget\" data-widget_type=\"blog-layouts.default\">\n\t\t\t\t<div class=\"elementor-widget-container\">\n\t\t\t\t\t<div class=\"clearfix\"><\/div><div class=\"bloglayouts bloglayouts-bp-vc-element-blogs  bloglayouts-bp-blogs-style5 bloglayouts-bp-vc-blogs-1-col bloglayouts-bp-vc-element-blogs-1 element-no-padding\"><div class=\"bloglayouts-bp-vc-element-blogs-article-container\"><article class=\"item-blogs first-element-blogs col-xs-12  vc-element-post-odd\"><div class=\"article-image\"><a href=\"https:\/\/iberoleonenvio.com\/website_f1c4f9f2\/ser-mujer-en-comunidad-experiencias-de-aprendizaje-y-resiliencia\/\"><img decoding=\"async\" class=\"fpg-thumbs\" src=\"https:\/\/i0.wp.com\/iberoleonenvio.com\/website_f1c4f9f2\/wp-content\/uploads\/2025\/03\/3.jpg?resize=700%2C800&ssl=1\" alt=\"Ser mujer en comunidad: experiencias de aprendizaje y resiliencia\u00a0\u00a0\"><\/a><div class=\"article-info\"><div class=\"article-info-top\"><div class=\"article-category\"><a href=\"https:\/\/iberoleonenvio.com\/website_f1c4f9f2\/category\/numero-39-marzo-2025\/\" title=\"View all posts in N\u00famero 39 - Marzo 2025\" style=\"color:#FFFFFF;background-color:#c9564c;\" onMouseOver=\"this.style.background = '#e7685d';\" onMouseLeave=\"this.style.background = '#c9564c';\">N\u00famero 39 - Marzo 2025<\/a><\/div><h3 class=\"article-title\"><a href=\"https:\/\/iberoleonenvio.com\/website_f1c4f9f2\/ser-mujer-en-comunidad-experiencias-de-aprendizaje-y-resiliencia\/\" style=\"color:#FFFFFF\" onMouseOver=\"this.style.color = '#e7685d';\" onMouseLeave=\"this.style.color = '#FFFFFF';\">Ser mujer en comunidad: experiencias de aprendizaje y resiliencia\u00a0\u00a0<\/a><\/h3><\/div><\/div><div class=\"item-blogs-pattern\"><\/div><\/div><\/article><div class=\"clearfix\"><\/div><article class=\"item-blogs first-element-blogs col-xs-12  vc-element-post-even\"><div class=\"article-image\"><a href=\"https:\/\/iberoleonenvio.com\/website_f1c4f9f2\/jornada-electoral-2025-tenemos-nuevas-sociedades-estudiantiles\/\"><img decoding=\"async\" class=\"fpg-thumbs\" src=\"https:\/\/i0.wp.com\/iberoleonenvio.com\/website_f1c4f9f2\/wp-content\/uploads\/2025\/03\/planillas-scaled.jpg?resize=700%2C800&ssl=1\" alt=\"Jornada electoral 2025: Tenemos nuevas sociedades estudiantiles\u00a0\u00a0\u00a0\"><\/a><div class=\"article-info\"><div class=\"article-info-top\"><div class=\"article-category\"><a href=\"https:\/\/iberoleonenvio.com\/website_f1c4f9f2\/category\/numero-39-marzo-2025\/\" title=\"View all posts in N\u00famero 39 - Marzo 2025\" style=\"color:#FFFFFF;background-color:#c9564c;\" onMouseOver=\"this.style.background = '#e7685d';\" onMouseLeave=\"this.style.background = '#c9564c';\">N\u00famero 39 - Marzo 2025<\/a><\/div><h3 class=\"article-title\"><a href=\"https:\/\/iberoleonenvio.com\/website_f1c4f9f2\/jornada-electoral-2025-tenemos-nuevas-sociedades-estudiantiles\/\" style=\"color:#FFFFFF\" onMouseOver=\"this.style.color = '#e7685d';\" onMouseLeave=\"this.style.color = '#FFFFFF';\">Jornada electoral 2025: Tenemos nuevas sociedades estudiantiles\u00a0\u00a0\u00a0<\/a><\/h3><\/div><\/div><div class=\"item-blogs-pattern\"><\/div><\/div><\/article><div class=\"clearfix\"><\/div><article class=\"item-blogs first-element-blogs col-xs-12  vc-element-post-odd\"><div class=\"article-image\"><a href=\"https:\/\/iberoleonenvio.com\/website_f1c4f9f2\/comparten-sus-experiencias-formativas-fuera-de-las-aulas\/\"><img decoding=\"async\" class=\"fpg-thumbs\" src=\"https:\/\/i0.wp.com\/iberoleonenvio.com\/website_f1c4f9f2\/wp-content\/uploads\/2025\/03\/DSC_3883-scaled.jpg?resize=700%2C800&ssl=1\" alt=\"Comparten sus experiencias formativas fuera de las aulas\u00a0\u00a0\u00a0\u00a0\"><\/a><div class=\"article-info\"><div class=\"article-info-top\"><div class=\"article-category\"><a href=\"https:\/\/iberoleonenvio.com\/website_f1c4f9f2\/category\/numero-39-marzo-2025\/\" title=\"View all posts in N\u00famero 39 - Marzo 2025\" style=\"color:#FFFFFF;background-color:#c9564c;\" onMouseOver=\"this.style.background = '#e7685d';\" onMouseLeave=\"this.style.background = '#c9564c';\">N\u00famero 39 - Marzo 2025<\/a><\/div><h3 class=\"article-title\"><a href=\"https:\/\/iberoleonenvio.com\/website_f1c4f9f2\/comparten-sus-experiencias-formativas-fuera-de-las-aulas\/\" style=\"color:#FFFFFF\" onMouseOver=\"this.style.color = '#e7685d';\" onMouseLeave=\"this.style.color = '#FFFFFF';\">Comparten sus experiencias formativas fuera de las aulas\u00a0\u00a0\u00a0\u00a0<\/a><\/h3><\/div><\/div><div class=\"item-blogs-pattern\"><\/div><\/div><\/article><div class=\"clearfix\"><\/div><article class=\"item-blogs first-element-blogs col-xs-12  vc-element-post-even\"><div class=\"article-image\"><a href=\"https:\/\/iberoleonenvio.com\/website_f1c4f9f2\/dia-mundial-del-agua-educacion-y-accion-para-el-cuidado-de-la-casa-comun\/\"><img decoding=\"async\" class=\"fpg-thumbs\" src=\"https:\/\/i0.wp.com\/iberoleonenvio.com\/website_f1c4f9f2\/wp-content\/uploads\/2025\/03\/DSC_3716-scaled.jpg?resize=700%2C800&ssl=1\" alt=\"\u201cD\u00eda Mundial del Agua: Educaci\u00f3n y Acci\u00f3n para el Cuidado de la Casa Com\u00fan\u201d\u00a0\u00a0\u00a0\u00a0\u00a0\"><\/a><div class=\"article-info\"><div class=\"article-info-top\"><div class=\"article-category\"><a href=\"https:\/\/iberoleonenvio.com\/website_f1c4f9f2\/category\/numero-39-marzo-2025\/\" title=\"View all posts in N\u00famero 39 - Marzo 2025\" style=\"color:#FFFFFF;background-color:#c9564c;\" onMouseOver=\"this.style.background = '#e7685d';\" onMouseLeave=\"this.style.background = '#c9564c';\">N\u00famero 39 - Marzo 2025<\/a><\/div><h3 class=\"article-title\"><a href=\"https:\/\/iberoleonenvio.com\/website_f1c4f9f2\/dia-mundial-del-agua-educacion-y-accion-para-el-cuidado-de-la-casa-comun\/\" style=\"color:#FFFFFF\" onMouseOver=\"this.style.color = '#e7685d';\" onMouseLeave=\"this.style.color = '#FFFFFF';\">\u201cD\u00eda Mundial del Agua: Educaci\u00f3n y Acci\u00f3n para el Cuidado de la Casa Com\u00fan\u201d\u00a0\u00a0\u00a0\u00a0\u00a0<\/a><\/h3><\/div><\/div><div class=\"item-blogs-pattern\"><\/div><\/div><\/article><div class=\"clearfix\"><\/div><article class=\"item-blogs first-element-blogs col-xs-12  vc-element-post-odd\"><div class=\"article-image\"><a href=\"https:\/\/iberoleonenvio.com\/website_f1c4f9f2\/inician-su-formacion-en-pliul\/\"><img decoding=\"async\" class=\"fpg-thumbs\" src=\"https:\/\/i0.wp.com\/iberoleonenvio.com\/website_f1c4f9f2\/wp-content\/uploads\/2025\/03\/CSC_0665-scaled.jpg?resize=700%2C800&ssl=1\" alt=\"Inician su formaci\u00f3n en PLIUL\u00a0\u00a0\u00a0\u00a0\u00a0\"><\/a><div class=\"article-info\"><div class=\"article-info-top\"><div class=\"article-category\"><a href=\"https:\/\/iberoleonenvio.com\/website_f1c4f9f2\/category\/numero-39-marzo-2025\/\" title=\"View all posts in N\u00famero 39 - Marzo 2025\" style=\"color:#FFFFFF;background-color:#c9564c;\" onMouseOver=\"this.style.background = '#e7685d';\" onMouseLeave=\"this.style.background = '#c9564c';\">N\u00famero 39 - Marzo 2025<\/a><\/div><h3 class=\"article-title\"><a href=\"https:\/\/iberoleonenvio.com\/website_f1c4f9f2\/inician-su-formacion-en-pliul\/\" style=\"color:#FFFFFF\" onMouseOver=\"this.style.color = '#e7685d';\" onMouseLeave=\"this.style.color = '#FFFFFF';\">Inician su formaci\u00f3n en PLIUL\u00a0\u00a0\u00a0\u00a0\u00a0<\/a><\/h3><\/div><\/div><div class=\"item-blogs-pattern\"><\/div><\/div><\/article><div class=\"clearfix\"><\/div><article class=\"item-blogs first-element-blogs col-xs-12  vc-element-post-even\"><div class=\"article-image\"><a href=\"https:\/\/iberoleonenvio.com\/website_f1c4f9f2\/ibero-leon-presente-en-el-ii-encuentro-de-inclusion-del-suj-inician-su-formacion-en-pliul\/\"><img decoding=\"async\" class=\"fpg-thumbs\" src=\"https:\/\/i0.wp.com\/iberoleonenvio.com\/website_f1c4f9f2\/wp-content\/uploads\/2025\/03\/24.-Torreon.png?resize=700%2C540&ssl=1\" alt=\"Ibero Le\u00f3n presente en el II Encuentro de Inclusi\u00f3n del SUJ\"><\/a><div class=\"article-info\"><div class=\"article-info-top\"><div class=\"article-category\"><a href=\"https:\/\/iberoleonenvio.com\/website_f1c4f9f2\/category\/numero-39-marzo-2025\/\" title=\"View all posts in N\u00famero 39 - Marzo 2025\" style=\"color:#FFFFFF;background-color:#c9564c;\" onMouseOver=\"this.style.background = '#e7685d';\" onMouseLeave=\"this.style.background = '#c9564c';\">N\u00famero 39 - Marzo 2025<\/a><\/div><h3 class=\"article-title\"><a href=\"https:\/\/iberoleonenvio.com\/website_f1c4f9f2\/ibero-leon-presente-en-el-ii-encuentro-de-inclusion-del-suj-inician-su-formacion-en-pliul\/\" style=\"color:#FFFFFF\" onMouseOver=\"this.style.color = '#e7685d';\" onMouseLeave=\"this.style.color = '#FFFFFF';\">Ibero Le\u00f3n presente en el II Encuentro de Inclusi\u00f3n del SUJ<\/a><\/h3><\/div><\/div><div class=\"item-blogs-pattern\"><\/div><\/div><\/article><div class=\"clearfix\"><\/div><article class=\"item-blogs first-element-blogs col-xs-12  vc-element-post-odd\"><div class=\"article-image\"><a href=\"https:\/\/iberoleonenvio.com\/website_f1c4f9f2\/la-mision-jesuita-a-traves-de-la-radio\/\"><img decoding=\"async\" class=\"fpg-thumbs\" src=\"https:\/\/i0.wp.com\/iberoleonenvio.com\/website_f1c4f9f2\/wp-content\/uploads\/2025\/03\/480677278_1149092887231899_1192689387845705604_n.jpg?resize=700%2C800&ssl=1\" alt=\"La misi\u00f3n jesuita a trav\u00e9s de la Radio\u00a0\u00a0\u00a0\u00a0\u00a0\u00a0\"><\/a><div class=\"article-info\"><div class=\"article-info-top\"><div class=\"article-category\"><a href=\"https:\/\/iberoleonenvio.com\/website_f1c4f9f2\/category\/numero-39-marzo-2025\/\" title=\"View all posts in N\u00famero 39 - Marzo 2025\" style=\"color:#FFFFFF;background-color:#c9564c;\" onMouseOver=\"this.style.background = '#e7685d';\" onMouseLeave=\"this.style.background = '#c9564c';\">N\u00famero 39 - Marzo 2025<\/a><\/div><h3 class=\"article-title\"><a href=\"https:\/\/iberoleonenvio.com\/website_f1c4f9f2\/la-mision-jesuita-a-traves-de-la-radio\/\" style=\"color:#FFFFFF\" onMouseOver=\"this.style.color = '#e7685d';\" onMouseLeave=\"this.style.color = '#FFFFFF';\">La misi\u00f3n jesuita a trav\u00e9s de la Radio\u00a0\u00a0\u00a0\u00a0\u00a0\u00a0<\/a><\/h3><\/div><\/div><div class=\"item-blogs-pattern\"><\/div><\/div><\/article><div class=\"clearfix\"><\/div><article class=\"item-blogs first-element-blogs col-xs-12  vc-element-post-even\"><div class=\"article-image\"><a href=\"https:\/\/iberoleonenvio.com\/website_f1c4f9f2\/cuerpo-territorio-reflexiones-y-encuentros-en-el-marco-del-8m\/\"><img decoding=\"async\" class=\"fpg-thumbs\" src=\"https:\/\/i0.wp.com\/iberoleonenvio.com\/website_f1c4f9f2\/wp-content\/uploads\/2025\/03\/8M.jpg?resize=700%2C800&ssl=1\" alt=\"Cuerpo &#8211; Territorio: Reflexiones y encuentros en el marco del 8M\u00a0\u00a0\u00a0\u00a0\u00a0\u00a0\u00a0\"><\/a><div class=\"article-info\"><div class=\"article-info-top\"><div class=\"article-category\"><a href=\"https:\/\/iberoleonenvio.com\/website_f1c4f9f2\/category\/numero-39-marzo-2025\/\" title=\"View all posts in N\u00famero 39 - Marzo 2025\" style=\"color:#FFFFFF;background-color:#c9564c;\" onMouseOver=\"this.style.background = '#e7685d';\" onMouseLeave=\"this.style.background = '#c9564c';\">N\u00famero 39 - Marzo 2025<\/a><\/div><h3 class=\"article-title\"><a href=\"https:\/\/iberoleonenvio.com\/website_f1c4f9f2\/cuerpo-territorio-reflexiones-y-encuentros-en-el-marco-del-8m\/\" style=\"color:#FFFFFF\" onMouseOver=\"this.style.color = '#e7685d';\" onMouseLeave=\"this.style.color = '#FFFFFF';\">Cuerpo &#8211; Territorio: Reflexiones y encuentros en el marco del 8M\u00a0\u00a0\u00a0\u00a0\u00a0\u00a0\u00a0<\/a><\/h3><\/div><\/div><div class=\"item-blogs-pattern\"><\/div><\/div><\/article><div class=\"clearfix\"><\/div><article class=\"item-blogs first-element-blogs col-xs-12  vc-element-post-odd\"><div class=\"article-image\"><a href=\"https:\/\/iberoleonenvio.com\/website_f1c4f9f2\/emilia-perez-simplifica-y-caricaturiza-el-problema-de-las-desapariciones\/\"><img decoding=\"async\" class=\"fpg-thumbs\" src=\"https:\/\/i0.wp.com\/iberoleonenvio.com\/website_f1c4f9f2\/wp-content\/uploads\/2025\/03\/DSC_3818-scaled.jpg?resize=700%2C800&ssl=1\" alt=\"\u2018Emilia P\u00e9rez\u2019 simplifica y caricaturiza el problema de las desapariciones\u00a0\u00a0\u00a0\u00a0\u00a0\u00a0\"><\/a><div class=\"article-info\"><div class=\"article-info-top\"><div class=\"article-category\"><a href=\"https:\/\/iberoleonenvio.com\/website_f1c4f9f2\/category\/numero-39-marzo-2025\/\" title=\"View all posts in N\u00famero 39 - Marzo 2025\" style=\"color:#FFFFFF;background-color:#c9564c;\" onMouseOver=\"this.style.background = '#e7685d';\" onMouseLeave=\"this.style.background = '#c9564c';\">N\u00famero 39 - Marzo 2025<\/a><\/div><h3 class=\"article-title\"><a href=\"https:\/\/iberoleonenvio.com\/website_f1c4f9f2\/emilia-perez-simplifica-y-caricaturiza-el-problema-de-las-desapariciones\/\" style=\"color:#FFFFFF\" onMouseOver=\"this.style.color = '#e7685d';\" onMouseLeave=\"this.style.color = '#FFFFFF';\">\u2018Emilia P\u00e9rez\u2019 simplifica y caricaturiza el problema de las desapariciones\u00a0\u00a0\u00a0\u00a0\u00a0\u00a0<\/a><\/h3><\/div><\/div><div class=\"item-blogs-pattern\"><\/div><\/div><\/article><div class=\"clearfix\"><\/div><article class=\"item-blogs first-element-blogs col-xs-12  vc-element-post-even\"><div class=\"article-image\"><a href=\"https:\/\/iberoleonenvio.com\/website_f1c4f9f2\/estudiantes-de-la-ibero-leon-plasman-historias-de-los-de-la-basura-en-corto-del-giff\/\"><img decoding=\"async\" class=\"fpg-thumbs\" src=\"https:\/\/i0.wp.com\/iberoleonenvio.com\/website_f1c4f9f2\/wp-content\/uploads\/2025\/03\/480338492_1068072138698340_1902391431598741996_n.jpg?resize=700%2C800&ssl=1\" alt=\"Estudiantes de la Ibero Le\u00f3n plasman historias de \u201cLos de la basura\u201d en corto del GIFF\u00a0\"><\/a><div class=\"article-info\"><div class=\"article-info-top\"><div class=\"article-category\"><a href=\"https:\/\/iberoleonenvio.com\/website_f1c4f9f2\/category\/numero-39-marzo-2025\/\" title=\"View all posts in N\u00famero 39 - Marzo 2025\" style=\"color:#FFFFFF;background-color:#c9564c;\" onMouseOver=\"this.style.background = '#e7685d';\" onMouseLeave=\"this.style.background = '#c9564c';\">N\u00famero 39 - Marzo 2025<\/a><\/div><h3 class=\"article-title\"><a href=\"https:\/\/iberoleonenvio.com\/website_f1c4f9f2\/estudiantes-de-la-ibero-leon-plasman-historias-de-los-de-la-basura-en-corto-del-giff\/\" style=\"color:#FFFFFF\" onMouseOver=\"this.style.color = '#e7685d';\" onMouseLeave=\"this.style.color = '#FFFFFF';\">Estudiantes de la Ibero Le\u00f3n plasman historias de \u201cLos de la basura\u201d en corto del GIFF\u00a0<\/a><\/h3><\/div><\/div><div class=\"item-blogs-pattern\"><\/div><\/div><\/article><div class=\"clearfix\"><\/div><article class=\"item-blogs first-element-blogs col-xs-12  vc-element-post-odd\"><div class=\"article-image\"><a href=\"https:\/\/iberoleonenvio.com\/website_f1c4f9f2\/ritmos-nocturnos-dias-saludables-la-importancia-de-la-higiene-del-sueno-2\/\"><img decoding=\"async\" class=\"fpg-thumbs\" src=\"https:\/\/i0.wp.com\/iberoleonenvio.com\/website_f1c4f9f2\/wp-content\/uploads\/2025\/03\/african-american-woman-having-fun-and-enjoy-happy-2023-11-27-04-51-45-utc-scaled.jpg?resize=700%2C800&ssl=1\" alt=\"Nutrici\u00f3n y bienestar femenino: Claves para una vida saludable\u00a0\"><\/a><div class=\"article-info\"><div class=\"article-info-top\"><div class=\"article-category\"><a href=\"https:\/\/iberoleonenvio.com\/website_f1c4f9f2\/category\/numero-39-marzo-2025\/\" title=\"View all posts in N\u00famero 39 - Marzo 2025\" style=\"color:#FFFFFF;background-color:#c9564c;\" onMouseOver=\"this.style.background = '#e7685d';\" onMouseLeave=\"this.style.background = '#c9564c';\">N\u00famero 39 - Marzo 2025<\/a><\/div><h3 class=\"article-title\"><a href=\"https:\/\/iberoleonenvio.com\/website_f1c4f9f2\/ritmos-nocturnos-dias-saludables-la-importancia-de-la-higiene-del-sueno-2\/\" style=\"color:#FFFFFF\" onMouseOver=\"this.style.color = '#e7685d';\" onMouseLeave=\"this.style.color = '#FFFFFF';\">Nutrici\u00f3n y bienestar femenino: Claves para una vida saludable\u00a0<\/a><\/h3><\/div><\/div><div class=\"item-blogs-pattern\"><\/div><\/div><\/article><div class=\"clearfix\"><\/div><\/div><div class=\"clearfix\"><\/div><\/div>\t\t\t\t<\/div>\n\t\t\t\t<\/div>\n\t\t\t\t\t<\/div>\n\t\t<\/div>\n\t\t\t\t\t<\/div>\n\t\t<\/section>\n\t\t\t\t<section class=\"elementor-section elementor-top-section elementor-element elementor-element-a45b595 elementor-section-stretched elementor-section-boxed elementor-section-height-default elementor-section-height-default e-parent\" data-id=\"a45b595\" data-element_type=\"section\" data-e-type=\"section\" data-settings=\"{&quot;stretch_section&quot;:&quot;section-stretched&quot;}\">\n\t\t\t\t\t\t<div class=\"elementor-container elementor-column-gap-no\">\n\t\t\t\t\t<div class=\"elementor-column elementor-col-100 elementor-top-column elementor-element elementor-element-85cebdb lakit-col-width-auto-no\" data-id=\"85cebdb\" data-element_type=\"column\" data-e-type=\"column\">\n\t\t\t<div class=\"elementor-widget-wrap elementor-element-populated\">\n\t\t\t\t\t\t<div class=\"elementor-element elementor-element-7571741 elementor-widget elementor-widget-image\" data-id=\"7571741\" data-element_type=\"widget\" data-e-type=\"widget\" data-widget_type=\"image.default\">\n\t\t\t\t<div class=\"elementor-widget-container\">\n\t\t\t\t\t\t\t\t\t\t\t\t\t\t\t<img decoding=\"async\" width=\"480\" height=\"300\" src=\"https:\/\/i0.wp.com\/iberoleonenvio.com\/website_f1c4f9f2\/wp-content\/uploads\/2025\/02\/notas-breves.png?resize=480%2C300&amp;ssl=1\" class=\"attachment-onepress-small size-onepress-small wp-image-10972\" alt=\"\" srcset=\"https:\/\/i0.wp.com\/iberoleonenvio.com\/website_f1c4f9f2\/wp-content\/uploads\/2025\/02\/notas-breves.png?resize=480%2C300&amp;ssl=1 480w, https:\/\/i0.wp.com\/iberoleonenvio.com\/website_f1c4f9f2\/wp-content\/uploads\/2025\/02\/notas-breves.png?resize=640%2C400&amp;ssl=1 640w\" sizes=\"(max-width: 480px) 100vw, 480px\" \/>\t\t\t\t\t\t\t\t\t\t\t\t\t\t\t<\/div>\n\t\t\t\t<\/div>\n\t\t\t\t<section class=\"elementor-section elementor-inner-section elementor-element elementor-element-a8ef9de elementor-section-boxed elementor-section-height-default elementor-section-height-default\" data-id=\"a8ef9de\" data-element_type=\"section\" data-e-type=\"section\">\n\t\t\t\t\t\t<div class=\"elementor-container elementor-column-gap-default\">\n\t\t\t\t\t<div class=\"elementor-column elementor-col-50 elementor-inner-column elementor-element elementor-element-68be475 lakit-col-width-auto-no\" data-id=\"68be475\" data-element_type=\"column\" data-e-type=\"column\">\n\t\t\t<div class=\"elementor-widget-wrap elementor-element-populated\">\n\t\t\t\t\t\t<div class=\"elementor-element elementor-element-d9d0e9c elementor-widget elementor-widget-image\" data-id=\"d9d0e9c\" data-element_type=\"widget\" data-e-type=\"widget\" data-widget_type=\"image.default\">\n\t\t\t\t<div class=\"elementor-widget-container\">\n\t\t\t\t\t\t\t\t\t\t\t\t\t\t\t<img decoding=\"async\" width=\"700\" height=\"800\" src=\"https:\/\/i0.wp.com\/iberoleonenvio.com\/website_f1c4f9f2\/wp-content\/uploads\/2025\/03\/DSC_3999-scaled.jpg?resize=700%2C800&amp;ssl=1\" class=\"attachment-ewmp-blog-medium-vertical size-ewmp-blog-medium-vertical wp-image-11297\" alt=\"\" srcset=\"https:\/\/i0.wp.com\/iberoleonenvio.com\/website_f1c4f9f2\/wp-content\/uploads\/2025\/03\/DSC_3999-scaled.jpg?resize=700%2C800&amp;ssl=1 700w, https:\/\/i0.wp.com\/iberoleonenvio.com\/website_f1c4f9f2\/wp-content\/uploads\/2025\/03\/DSC_3999-scaled.jpg?zoom=2&amp;resize=700%2C800&amp;ssl=1 1400w, https:\/\/i0.wp.com\/iberoleonenvio.com\/website_f1c4f9f2\/wp-content\/uploads\/2025\/03\/DSC_3999-scaled.jpg?zoom=3&amp;resize=700%2C800&amp;ssl=1 2100w\" sizes=\"(max-width: 700px) 100vw, 700px\" \/>\t\t\t\t\t\t\t\t\t\t\t\t\t\t\t<\/div>\n\t\t\t\t<\/div>\n\t\t\t\t<div class=\"elementor-element elementor-element-d286796 elementor-widget elementor-widget-text-editor\" data-id=\"d286796\" data-element_type=\"widget\" data-e-type=\"widget\" data-widget_type=\"text-editor.default\">\n\t\t\t\t<div class=\"elementor-widget-container\">\n\t\t\t\t\t\t\t\t\t<p><span style=\"color: #ff0000;\"><strong>La Ibero Le\u00f3n inaugura la exposici\u00f3n colectiva \u2018Caminos de paz\u2019<\/strong> <\/span><\/p><p><span data-contrast=\"auto\">La <\/span><b><span data-contrast=\"auto\">Universidad Iberoamericana Le\u00f3n<\/span><\/b><span data-contrast=\"auto\"> invita a la comunidad universitaria y al p\u00fablico en general a visitar la exposici\u00f3n <\/span><b><span data-contrast=\"auto\">\u2018Caminos de paz\u2019<\/span><\/b><span data-contrast=\"auto\">, una muestra itinerante del <\/span><b><span data-contrast=\"auto\">Sistema Universitario Jesuita (SUJ)<\/span><\/b><span data-contrast=\"auto\"> que re\u00fane obras de estudiantes de distintas universidades jesuitas de <\/span><b><span data-contrast=\"auto\">M\u00e9xico y Guatemala<\/span><\/b><span data-contrast=\"auto\">, quienes plasman su visi\u00f3n de un mundo libre de violencia.<\/span><span data-ccp-props=\"{&quot;134233117&quot;:false,&quot;134233118&quot;:false,&quot;335559738&quot;:240,&quot;335559739&quot;:240}\">\u00a0<\/span><\/p><p><span data-contrast=\"auto\">Vis\u00edtala y conoce la obra <\/span><b><span data-contrast=\"auto\">\u2018Anhelo latente\u2019<\/span><\/b><span data-contrast=\"auto\"> de <\/span><b><span data-contrast=\"auto\">Mariana Ram\u00edrez S\u00e1nchez<\/span><\/b><span data-contrast=\"auto\">, estudiante de <\/span><b><span data-contrast=\"auto\">Ingenier\u00eda en Bionanotecnolog\u00eda<\/span><\/b><span data-contrast=\"auto\"> y alumna del <\/span><b><span data-contrast=\"auto\">Taller de Pintura<\/span><\/b><span data-contrast=\"auto\"> de la Ibero Le\u00f3n, quien se inspir\u00f3 en la naturaleza como s\u00edmbolo de esperanza y sensibilidad.<\/span><span data-ccp-props=\"{&quot;134233117&quot;:false,&quot;134233118&quot;:false,&quot;335559738&quot;:240,&quot;335559739&quot;:240}\">\u00a0<\/span><\/p><p><b><span data-contrast=\"auto\">La exposici\u00f3n se encuentra en la sala de arte Christian Jean S. J. (s\u00f3tano del Edificio F), permanencia hasta el 21 de abril. \u00a1No te la pierdas!<\/span><\/b><span data-ccp-props=\"{}\">\u00a0<\/span><\/p>\t\t\t\t\t\t\t\t<\/div>\n\t\t\t\t<\/div>\n\t\t\t\t\t<\/div>\n\t\t<\/div>\n\t\t\t\t<div class=\"elementor-column elementor-col-50 elementor-inner-column elementor-element elementor-element-1a5cb1b lakit-col-width-auto-no\" data-id=\"1a5cb1b\" data-element_type=\"column\" data-e-type=\"column\">\n\t\t\t<div class=\"elementor-widget-wrap elementor-element-populated\">\n\t\t\t\t\t\t<div class=\"elementor-element elementor-element-1a9562d elementor-widget elementor-widget-image\" data-id=\"1a9562d\" data-element_type=\"widget\" data-e-type=\"widget\" data-widget_type=\"image.default\">\n\t\t\t\t<div class=\"elementor-widget-container\">\n\t\t\t\t\t\t\t\t\t\t\t\t\t\t\t<img loading=\"lazy\" decoding=\"async\" width=\"700\" height=\"800\" src=\"https:\/\/i0.wp.com\/iberoleonenvio.com\/website_f1c4f9f2\/wp-content\/uploads\/2025\/03\/Dra.-Arroyo_AdaByron4.jpg?resize=700%2C800&amp;ssl=1\" class=\"attachment-ewmp-blog-medium-vertical size-ewmp-blog-medium-vertical wp-image-11247\" alt=\"\" srcset=\"https:\/\/i0.wp.com\/iberoleonenvio.com\/website_f1c4f9f2\/wp-content\/uploads\/2025\/03\/Dra.-Arroyo_AdaByron4.jpg?w=1100&amp;ssl=1 1100w, https:\/\/i0.wp.com\/iberoleonenvio.com\/website_f1c4f9f2\/wp-content\/uploads\/2025\/03\/Dra.-Arroyo_AdaByron4.jpg?resize=263%2C300&amp;ssl=1 263w, https:\/\/i0.wp.com\/iberoleonenvio.com\/website_f1c4f9f2\/wp-content\/uploads\/2025\/03\/Dra.-Arroyo_AdaByron4.jpg?resize=500%2C570&amp;ssl=1 500w, https:\/\/i0.wp.com\/iberoleonenvio.com\/website_f1c4f9f2\/wp-content\/uploads\/2025\/03\/Dra.-Arroyo_AdaByron4.jpg?resize=700%2C800&amp;ssl=1 700w, https:\/\/i0.wp.com\/iberoleonenvio.com\/website_f1c4f9f2\/wp-content\/uploads\/2025\/03\/Dra.-Arroyo_AdaByron4.jpg?resize=750%2C856&amp;ssl=1 750w\" sizes=\"(max-width: 700px) 100vw, 700px\" \/>\t\t\t\t\t\t\t\t\t\t\t\t\t\t\t<\/div>\n\t\t\t\t<\/div>\n\t\t\t\t<div class=\"elementor-element elementor-element-fceddd7 elementor-widget elementor-widget-text-editor\" data-id=\"fceddd7\" data-element_type=\"widget\" data-e-type=\"widget\" data-widget_type=\"text-editor.default\">\n\t\t\t\t<div class=\"elementor-widget-container\">\n\t\t\t\t\t\t\t\t\t<p><span style=\"color: #ff0000;\"><strong>Ceremonia de Premiaci\u00f3n Ada Byron 2025\u00a0<\/strong><\/span><\/p><p><span data-contrast=\"auto\">Este 24 de marzo del 2025, la Ibero Le\u00f3n ser\u00e1 sede de la Ceremonia Entrega del Premio Ada Byron a la Mujer Tecn\u00f3loga Cap\u00edtulo M\u00e9xico. En su 4a. Edici\u00f3n el galard\u00f3n ser\u00e1 entregado a la Dra. Rossana Arroyo Ver\u00e1stegui, qu\u00edmica farmacobi\u00f3loga, maestra y doctora en Biolog\u00eda Molecular con una destacada trayectoria. La cita es en el Aula Magna a las 12:00 h.<\/span><\/p>\t\t\t\t\t\t\t\t<\/div>\n\t\t\t\t<\/div>\n\t\t\t\t\t<\/div>\n\t\t<\/div>\n\t\t\t\t\t<\/div>\n\t\t<\/section>\n\t\t\t\t<div class=\"elementor-element elementor-element-a3d0dd3 elementor-widget elementor-widget-image\" data-id=\"a3d0dd3\" data-element_type=\"widget\" data-e-type=\"widget\" data-widget_type=\"image.default\">\n\t\t\t\t<div class=\"elementor-widget-container\">\n\t\t\t\t\t\t\t\t\t\t\t\t\t\t\t<img loading=\"lazy\" decoding=\"async\" width=\"800\" height=\"450\" src=\"https:\/\/i0.wp.com\/iberoleonenvio.com\/website_f1c4f9f2\/wp-content\/uploads\/2025\/03\/invitacionPANTALLAS-scaled.jpg?fit=800%2C450&amp;ssl=1\" class=\"attachment-large size-large wp-image-11332\" alt=\"\" srcset=\"https:\/\/i0.wp.com\/iberoleonenvio.com\/website_f1c4f9f2\/wp-content\/uploads\/2025\/03\/invitacionPANTALLAS-scaled.jpg?w=2560&amp;ssl=1 2560w, https:\/\/i0.wp.com\/iberoleonenvio.com\/website_f1c4f9f2\/wp-content\/uploads\/2025\/03\/invitacionPANTALLAS-scaled.jpg?resize=300%2C169&amp;ssl=1 300w, https:\/\/i0.wp.com\/iberoleonenvio.com\/website_f1c4f9f2\/wp-content\/uploads\/2025\/03\/invitacionPANTALLAS-scaled.jpg?resize=1024%2C576&amp;ssl=1 1024w, https:\/\/i0.wp.com\/iberoleonenvio.com\/website_f1c4f9f2\/wp-content\/uploads\/2025\/03\/invitacionPANTALLAS-scaled.jpg?resize=768%2C432&amp;ssl=1 768w, https:\/\/i0.wp.com\/iberoleonenvio.com\/website_f1c4f9f2\/wp-content\/uploads\/2025\/03\/invitacionPANTALLAS-scaled.jpg?resize=1536%2C864&amp;ssl=1 1536w, https:\/\/i0.wp.com\/iberoleonenvio.com\/website_f1c4f9f2\/wp-content\/uploads\/2025\/03\/invitacionPANTALLAS-scaled.jpg?resize=2048%2C1152&amp;ssl=1 2048w, https:\/\/i0.wp.com\/iberoleonenvio.com\/website_f1c4f9f2\/wp-content\/uploads\/2025\/03\/invitacionPANTALLAS-scaled.jpg?resize=500%2C281&amp;ssl=1 500w, https:\/\/i0.wp.com\/iberoleonenvio.com\/website_f1c4f9f2\/wp-content\/uploads\/2025\/03\/invitacionPANTALLAS-scaled.jpg?resize=700%2C394&amp;ssl=1 700w, https:\/\/i0.wp.com\/iberoleonenvio.com\/website_f1c4f9f2\/wp-content\/uploads\/2025\/03\/invitacionPANTALLAS-scaled.jpg?resize=750%2C422&amp;ssl=1 750w, https:\/\/i0.wp.com\/iberoleonenvio.com\/website_f1c4f9f2\/wp-content\/uploads\/2025\/03\/invitacionPANTALLAS-scaled.jpg?resize=1140%2C641&amp;ssl=1 1140w, https:\/\/i0.wp.com\/iberoleonenvio.com\/website_f1c4f9f2\/wp-content\/uploads\/2025\/03\/invitacionPANTALLAS-scaled.jpg?w=1600&amp;ssl=1 1600w, https:\/\/i0.wp.com\/iberoleonenvio.com\/website_f1c4f9f2\/wp-content\/uploads\/2025\/03\/invitacionPANTALLAS-scaled.jpg?w=2400&amp;ssl=1 2400w\" sizes=\"(max-width: 800px) 100vw, 800px\" \/>\t\t\t\t\t\t\t\t\t\t\t\t\t\t\t<\/div>\n\t\t\t\t<\/div>\n\t\t\t\t<div class=\"elementor-element elementor-element-c5ec6aa elementor-widget elementor-widget-text-editor\" data-id=\"c5ec6aa\" data-element_type=\"widget\" data-e-type=\"widget\" data-widget_type=\"text-editor.default\">\n\t\t\t\t<div class=\"elementor-widget-container\">\n\t\t\t\t\t\t\t\t\t<p><span style=\"color: #ff0000;\"><b>3er Informe del Rector<\/b><\/span><\/p><p><span data-contrast=\"auto\">La Asamblea General de Asociados de Promoci\u00f3n de la Cultura y la Educaci\u00f3n del Baj\u00edo A.C. invita a la comunidad Ibero a la sesi\u00f3n p\u00fablica del Senado Universitario en la que el Mtro. Luis Alfonso Gonz\u00e1lez Valencia S.J. presentar\u00e1 su 3er Informe de Actividades. Confirma tu asistencia.<\/span><span data-ccp-props=\"{}\">\u00a0<\/span><\/p>\t\t\t\t\t\t\t\t<\/div>\n\t\t\t\t<\/div>\n\t\t\t\t\t<\/div>\n\t\t<\/div>\n\t\t\t\t\t<\/div>\n\t\t<\/section>\n\t\t\t\t<\/div>\n\t\t","protected":false},"excerpt":{"rendered":"<p>N\u00famero 39 &#8211; Marzo 2025 Desde el Equipo de rector\u00eda edit post Editorial La comunicaci\u00f3n como cimiento de nuestra comunidad\u00a0 La comunicaci\u00f3n es el tejido que une a cualquier comunidad. &#8230;<\/p>\n","protected":false},"author":1,"featured_media":0,"parent":0,"menu_order":0,"comment_status":"closed","ping_status":"closed","template":"","meta":{"_monsterinsights_skip_tracking":false,"_monsterinsights_sitenote_active":false,"_monsterinsights_sitenote_note":"","_monsterinsights_sitenote_category":0,"footnotes":""},"class_list":["post-11255","page","type-page","status-publish","hentry"],"yoast_head":"<!-- This site is optimized with the Yoast SEO plugin v27.4 - https:\/\/yoast.com\/product\/yoast-seo-wordpress\/ -->\n<title>Marzo 2025 - Pulso<\/title>\n<meta name=\"robots\" content=\"index, follow, max-snippet:-1, max-image-preview:large, max-video-preview:-1\" \/>\n<link rel=\"canonical\" href=\"https:\/\/iberoleonenvio.com\/website_f1c4f9f2\/marzo-2025\/\" \/>\n<meta property=\"og:locale\" content=\"es_MX\" \/>\n<meta property=\"og:type\" content=\"article\" \/>\n<meta property=\"og:title\" content=\"Marzo 2025 - Pulso\" \/>\n<meta property=\"og:description\" content=\"N\u00famero 39 &#8211; Marzo 2025 Desde el Equipo de rector\u00eda edit post Editorial La comunicaci\u00f3n como cimiento de nuestra comunidad\u00a0 La comunicaci\u00f3n es el tejido que une a cualquier comunidad. ...\" \/>\n<meta property=\"og:url\" content=\"https:\/\/iberoleonenvio.com\/website_f1c4f9f2\/marzo-2025\/\" \/>\n<meta property=\"og:site_name\" content=\"Pulso\" \/>\n<meta property=\"article:modified_time\" content=\"2025-03-04T14:56:26+00:00\" \/>\n<meta property=\"og:image\" content=\"https:\/\/iberoleonenvio.com\/website_f1c4f9f2\/wp-content\/plugins\/jblog-elements\/lib\/jeg-element\/assets\/img\/jeg-empty.png\" \/>\n<meta name=\"twitter:card\" content=\"summary_large_image\" \/>\n<meta name=\"twitter:label1\" content=\"Tiempo de lectura\" \/>\n\t<meta name=\"twitter:data1\" content=\"9 minutos\" \/>\n<script type=\"application\/ld+json\" class=\"yoast-schema-graph\">{\"@context\":\"https:\\\/\\\/schema.org\",\"@graph\":[{\"@type\":\"WebPage\",\"@id\":\"https:\\\/\\\/iberoleonenvio.com\\\/website_f1c4f9f2\\\/marzo-2025\\\/\",\"url\":\"https:\\\/\\\/iberoleonenvio.com\\\/website_f1c4f9f2\\\/marzo-2025\\\/\",\"name\":\"Marzo 2025 - Pulso\",\"isPartOf\":{\"@id\":\"https:\\\/\\\/iberoleonenvio.com\\\/website_f1c4f9f2\\\/#website\"},\"primaryImageOfPage\":{\"@id\":\"https:\\\/\\\/iberoleonenvio.com\\\/website_f1c4f9f2\\\/marzo-2025\\\/#primaryimage\"},\"image\":{\"@id\":\"https:\\\/\\\/iberoleonenvio.com\\\/website_f1c4f9f2\\\/marzo-2025\\\/#primaryimage\"},\"thumbnailUrl\":\"https:\\\/\\\/iberoleonenvio.com\\\/website_f1c4f9f2\\\/wp-content\\\/plugins\\\/jblog-elements\\\/lib\\\/jeg-element\\\/assets\\\/img\\\/jeg-empty.png\",\"datePublished\":\"2025-03-03T18:58:51+00:00\",\"dateModified\":\"2025-03-04T14:56:26+00:00\",\"breadcrumb\":{\"@id\":\"https:\\\/\\\/iberoleonenvio.com\\\/website_f1c4f9f2\\\/marzo-2025\\\/#breadcrumb\"},\"inLanguage\":\"es\",\"potentialAction\":[{\"@type\":\"ReadAction\",\"target\":[\"https:\\\/\\\/iberoleonenvio.com\\\/website_f1c4f9f2\\\/marzo-2025\\\/\"]}]},{\"@type\":\"ImageObject\",\"inLanguage\":\"es\",\"@id\":\"https:\\\/\\\/iberoleonenvio.com\\\/website_f1c4f9f2\\\/marzo-2025\\\/#primaryimage\",\"url\":\"https:\\\/\\\/iberoleonenvio.com\\\/website_f1c4f9f2\\\/wp-content\\\/plugins\\\/jblog-elements\\\/lib\\\/jeg-element\\\/assets\\\/img\\\/jeg-empty.png\",\"contentUrl\":\"https:\\\/\\\/iberoleonenvio.com\\\/website_f1c4f9f2\\\/wp-content\\\/plugins\\\/jblog-elements\\\/lib\\\/jeg-element\\\/assets\\\/img\\\/jeg-empty.png\"},{\"@type\":\"BreadcrumbList\",\"@id\":\"https:\\\/\\\/iberoleonenvio.com\\\/website_f1c4f9f2\\\/marzo-2025\\\/#breadcrumb\",\"itemListElement\":[{\"@type\":\"ListItem\",\"position\":1,\"name\":\"Inicio\",\"item\":\"https:\\\/\\\/iberoleonenvio.com\\\/website_f1c4f9f2\\\/\"},{\"@type\":\"ListItem\",\"position\":2,\"name\":\"Marzo 2025\"}]},{\"@type\":\"WebSite\",\"@id\":\"https:\\\/\\\/iberoleonenvio.com\\\/website_f1c4f9f2\\\/#website\",\"url\":\"https:\\\/\\\/iberoleonenvio.com\\\/website_f1c4f9f2\\\/\",\"name\":\"Pulso\",\"description\":\"\",\"publisher\":{\"@id\":\"https:\\\/\\\/iberoleonenvio.com\\\/website_f1c4f9f2\\\/#organization\"},\"potentialAction\":[{\"@type\":\"SearchAction\",\"target\":{\"@type\":\"EntryPoint\",\"urlTemplate\":\"https:\\\/\\\/iberoleonenvio.com\\\/website_f1c4f9f2\\\/?s={search_term_string}\"},\"query-input\":{\"@type\":\"PropertyValueSpecification\",\"valueRequired\":true,\"valueName\":\"search_term_string\"}}],\"inLanguage\":\"es\"},{\"@type\":\"Organization\",\"@id\":\"https:\\\/\\\/iberoleonenvio.com\\\/website_f1c4f9f2\\\/#organization\",\"name\":\"Pulso\",\"url\":\"https:\\\/\\\/iberoleonenvio.com\\\/website_f1c4f9f2\\\/\",\"logo\":{\"@type\":\"ImageObject\",\"inLanguage\":\"es\",\"@id\":\"https:\\\/\\\/iberoleonenvio.com\\\/website_f1c4f9f2\\\/#\\\/schema\\\/logo\\\/image\\\/\",\"url\":\"https:\\\/\\\/i0.wp.com\\\/iberoleonenvio.com\\\/website_f1c4f9f2\\\/wp-content\\\/uploads\\\/2022\\\/04\\\/cropped-logo_pulso.png?fit=347%2C101&ssl=1\",\"contentUrl\":\"https:\\\/\\\/i0.wp.com\\\/iberoleonenvio.com\\\/website_f1c4f9f2\\\/wp-content\\\/uploads\\\/2022\\\/04\\\/cropped-logo_pulso.png?fit=347%2C101&ssl=1\",\"width\":347,\"height\":101,\"caption\":\"Pulso\"},\"image\":{\"@id\":\"https:\\\/\\\/iberoleonenvio.com\\\/website_f1c4f9f2\\\/#\\\/schema\\\/logo\\\/image\\\/\"}}]}<\/script>\n<!-- \/ Yoast SEO plugin. -->","yoast_head_json":{"title":"Marzo 2025 - Pulso","robots":{"index":"index","follow":"follow","max-snippet":"max-snippet:-1","max-image-preview":"max-image-preview:large","max-video-preview":"max-video-preview:-1"},"canonical":"https:\/\/iberoleonenvio.com\/website_f1c4f9f2\/marzo-2025\/","og_locale":"es_MX","og_type":"article","og_title":"Marzo 2025 - Pulso","og_description":"N\u00famero 39 &#8211; Marzo 2025 Desde el Equipo de rector\u00eda edit post Editorial La comunicaci\u00f3n como cimiento de nuestra comunidad\u00a0 La comunicaci\u00f3n es el tejido que une a cualquier comunidad. ...","og_url":"https:\/\/iberoleonenvio.com\/website_f1c4f9f2\/marzo-2025\/","og_site_name":"Pulso","article_modified_time":"2025-03-04T14:56:26+00:00","og_image":[{"url":"https:\/\/iberoleonenvio.com\/website_f1c4f9f2\/wp-content\/plugins\/jblog-elements\/lib\/jeg-element\/assets\/img\/jeg-empty.png","type":"","width":"","height":""}],"twitter_card":"summary_large_image","twitter_misc":{"Tiempo de lectura":"9 minutos"},"schema":{"@context":"https:\/\/schema.org","@graph":[{"@type":"WebPage","@id":"https:\/\/iberoleonenvio.com\/website_f1c4f9f2\/marzo-2025\/","url":"https:\/\/iberoleonenvio.com\/website_f1c4f9f2\/marzo-2025\/","name":"Marzo 2025 - Pulso","isPartOf":{"@id":"https:\/\/iberoleonenvio.com\/website_f1c4f9f2\/#website"},"primaryImageOfPage":{"@id":"https:\/\/iberoleonenvio.com\/website_f1c4f9f2\/marzo-2025\/#primaryimage"},"image":{"@id":"https:\/\/iberoleonenvio.com\/website_f1c4f9f2\/marzo-2025\/#primaryimage"},"thumbnailUrl":"https:\/\/iberoleonenvio.com\/website_f1c4f9f2\/wp-content\/plugins\/jblog-elements\/lib\/jeg-element\/assets\/img\/jeg-empty.png","datePublished":"2025-03-03T18:58:51+00:00","dateModified":"2025-03-04T14:56:26+00:00","breadcrumb":{"@id":"https:\/\/iberoleonenvio.com\/website_f1c4f9f2\/marzo-2025\/#breadcrumb"},"inLanguage":"es","potentialAction":[{"@type":"ReadAction","target":["https:\/\/iberoleonenvio.com\/website_f1c4f9f2\/marzo-2025\/"]}]},{"@type":"ImageObject","inLanguage":"es","@id":"https:\/\/iberoleonenvio.com\/website_f1c4f9f2\/marzo-2025\/#primaryimage","url":"https:\/\/iberoleonenvio.com\/website_f1c4f9f2\/wp-content\/plugins\/jblog-elements\/lib\/jeg-element\/assets\/img\/jeg-empty.png","contentUrl":"https:\/\/iberoleonenvio.com\/website_f1c4f9f2\/wp-content\/plugins\/jblog-elements\/lib\/jeg-element\/assets\/img\/jeg-empty.png"},{"@type":"BreadcrumbList","@id":"https:\/\/iberoleonenvio.com\/website_f1c4f9f2\/marzo-2025\/#breadcrumb","itemListElement":[{"@type":"ListItem","position":1,"name":"Inicio","item":"https:\/\/iberoleonenvio.com\/website_f1c4f9f2\/"},{"@type":"ListItem","position":2,"name":"Marzo 2025"}]},{"@type":"WebSite","@id":"https:\/\/iberoleonenvio.com\/website_f1c4f9f2\/#website","url":"https:\/\/iberoleonenvio.com\/website_f1c4f9f2\/","name":"Pulso","description":"","publisher":{"@id":"https:\/\/iberoleonenvio.com\/website_f1c4f9f2\/#organization"},"potentialAction":[{"@type":"SearchAction","target":{"@type":"EntryPoint","urlTemplate":"https:\/\/iberoleonenvio.com\/website_f1c4f9f2\/?s={search_term_string}"},"query-input":{"@type":"PropertyValueSpecification","valueRequired":true,"valueName":"search_term_string"}}],"inLanguage":"es"},{"@type":"Organization","@id":"https:\/\/iberoleonenvio.com\/website_f1c4f9f2\/#organization","name":"Pulso","url":"https:\/\/iberoleonenvio.com\/website_f1c4f9f2\/","logo":{"@type":"ImageObject","inLanguage":"es","@id":"https:\/\/iberoleonenvio.com\/website_f1c4f9f2\/#\/schema\/logo\/image\/","url":"https:\/\/i0.wp.com\/iberoleonenvio.com\/website_f1c4f9f2\/wp-content\/uploads\/2022\/04\/cropped-logo_pulso.png?fit=347%2C101&ssl=1","contentUrl":"https:\/\/i0.wp.com\/iberoleonenvio.com\/website_f1c4f9f2\/wp-content\/uploads\/2022\/04\/cropped-logo_pulso.png?fit=347%2C101&ssl=1","width":347,"height":101,"caption":"Pulso"},"image":{"@id":"https:\/\/iberoleonenvio.com\/website_f1c4f9f2\/#\/schema\/logo\/image\/"}}]}},"jetpack_sharing_enabled":true,"_links":{"self":[{"href":"https:\/\/iberoleonenvio.com\/website_f1c4f9f2\/wp-json\/wp\/v2\/pages\/11255","targetHints":{"allow":["GET"]}}],"collection":[{"href":"https:\/\/iberoleonenvio.com\/website_f1c4f9f2\/wp-json\/wp\/v2\/pages"}],"about":[{"href":"https:\/\/iberoleonenvio.com\/website_f1c4f9f2\/wp-json\/wp\/v2\/types\/page"}],"author":[{"embeddable":true,"href":"https:\/\/iberoleonenvio.com\/website_f1c4f9f2\/wp-json\/wp\/v2\/users\/1"}],"replies":[{"embeddable":true,"href":"https:\/\/iberoleonenvio.com\/website_f1c4f9f2\/wp-json\/wp\/v2\/comments?post=11255"}],"version-history":[{"count":20,"href":"https:\/\/iberoleonenvio.com\/website_f1c4f9f2\/wp-json\/wp\/v2\/pages\/11255\/revisions"}],"predecessor-version":[{"id":11429,"href":"https:\/\/iberoleonenvio.com\/website_f1c4f9f2\/wp-json\/wp\/v2\/pages\/11255\/revisions\/11429"}],"wp:attachment":[{"href":"https:\/\/iberoleonenvio.com\/website_f1c4f9f2\/wp-json\/wp\/v2\/media?parent=11255"}],"curies":[{"name":"wp","href":"https:\/\/api.w.org\/{rel}","templated":true}]}}