{"id":2549,"date":"2022-08-15T14:28:20","date_gmt":"2022-08-15T14:28:20","guid":{"rendered":"https:\/\/iberoleonenvio.com\/website_f1c4f9f2\/?page_id=2549"},"modified":"2024-06-14T17:20:34","modified_gmt":"2024-06-14T17:20:34","slug":"septiembre-2022","status":"publish","type":"page","link":"https:\/\/iberoleonenvio.com\/website_f1c4f9f2\/septiembre-2022\/","title":{"rendered":"Septiembre 2022"},"content":{"rendered":"\t\t<div data-elementor-type=\"wp-page\" data-elementor-id=\"2549\" class=\"elementor elementor-2549\">\n\t\t\t\t\t\t<section class=\"elementor-section elementor-top-section elementor-element elementor-element-f5699da elementor-section-full_width elementor-section-height-default elementor-section-height-default e-parent\" data-id=\"f5699da\" data-element_type=\"section\" data-e-type=\"section\">\n\t\t\t\t\t\t<div class=\"elementor-container elementor-column-gap-no\">\n\t\t\t\t\t<div class=\"elementor-column elementor-col-100 elementor-top-column elementor-element elementor-element-159a291 lakit-col-width-auto-no\" data-id=\"159a291\" data-element_type=\"column\" data-e-type=\"column\">\n\t\t\t<div class=\"elementor-widget-wrap elementor-element-populated\">\n\t\t\t\t\t\t<div class=\"elementor-element elementor-element-fb35763 elementor-widget elementor-widget-html\" data-id=\"fb35763\" data-element_type=\"widget\" data-e-type=\"widget\" data-widget_type=\"html.default\">\n\t\t\t\t<div class=\"elementor-widget-container\">\n\t\t\t\t\t\n<style type=\"text\/css\">\n.ytp-gradient-top{display:none !important}\n.ytp-show-watch-later-title{display:none !important}\n.ytp-watch-later-button{display:none !important}\n.ytp-share-button{display:none !important}\n.sh_video_overlay{\n}\n#particles-js12456 .qcld_hero_content_area{\n\tposition:absolute;\n\twidth: 100%;\n\tbottom: 50px;\t\n\t\tz-index:9;\n}\n#particles-js12456 .slider-x-lead-title, #particles-js12456 .hero_slider_button, #particles-js12456 .slider-x-item-title{margin: 15px 0px;}\n#particles-js12456 .slider-x-lead-title{\n}\n#particles-js12456 .hero_slider_button{\n}\n#particles-js12456 .slider-x-item-title{\n\tmargin-bottom: 75px;\n}\n.slider-hero-prev, .slider-hero-next{\n}\n.slider-hero-prev:hover,.slider-hero-next:hover{\n}\n.qc-sliderX-bottom-slide{\n}\n.qc-sliderX-bottom-slide:hover{\n}\n.qc-sliderx-bottom-current{\n}\n#particles-js12456 canvas {\n\tposition:absolute;\n\t\tz-index:8;\n\t}\n#particles-js12456 > img{\n\tposition:absolute;\n\tz-index:1;\n}\n#particles-js12456{\n  width: 100%;\n  height: 100%;\n  overflow: hidden;\n  background-color: #000000;\n  background-size: cover;\n  background-position: 50% 50%;\n  background-repeat: no-repeat;\n  z-index: 1;\n  position:relative;\n    max-width: unset !important;\n}\n#sunset {\n    position: absolute;\n    top: 0;\n    left: 0;\n    width: 100%;\n    height: 100%;\n    background: #294372 url('https:\/\/iberoleonenvio.com\/website_f1c4f9f2\/wp-content\/plugins\/slider-hero\/images\/sunset.jpg') center top no-repeat;\n    background-size: cover;\n    opacity: 0;\n    z-index: 1\n}\n.slider-x-lead-title12456{\n\/*position: absolute;\ntop: ;*\/\nleft: 0px;\nwidth: 100%;\n\tpadding: 0px 10% !important;\nbox-sizing: border-box;\n}\n.slider-x-item-title12456{\n\/*\nposition: absolute;\ntop: 30%;*\/\nleft: 0px;\nwidth: 100%;\nz-index:99 !important;\n\tpadding: 0px 10% !important;\nline-height: 40px;\nbox-sizing: border-box;\n}\n.slider-x-lead-title12456{\nfont-size: 70px !important;color: #ffffff !important;text-align: center;\nline-height: 75px !important;\n}\n.hero_slider_btn12456{\n\t\/*\n\tposition:absolute;\n\ttop: 80%;*\/\n\tleft:0px;\n\twidth:100%;\n\tpadding: 0px 10%;\n\tbox-sizing: border-box;\n\tz-index: -1;\ntext-align: center;}\n.hero_slider_btn12456 a{\n\tz-index: 9;\n    position: relative;\n}\n.slider-x-item-title12456, .slider-x-item-title12456 > p, .slider-x-item-title12456 > *{\ncolor: #ffffff;background-color: #0a0a0a;font-size: 40px;line-height: 40px;text-align: center;line-height: 40px;background-color: #0a0a0a;padding: 0px;\n}\n@media only screen and (min-width: 320px) and (max-width: 767px){\n.qcld_hero_content_area h2{font-size:26px !important;line-height: 30px !important;}\n.qcld_hero_content_area > .slider-x-item-title > p{font-size: 16px !important;line-height:normal;}\t\n}\n<\/style>\n<div class=\"hero_preloader\" style=\"background: #fff;width: 100%;height: 300px;z-index: 999;position: relative;display: flex;justify-content: center !important;align-items: center;\">\n\t\t<div class=\"hero_loader\"><\/div>\n<\/div>\n<div id=\"particles-js12456\"  style=\"display:none;\" >\n\t\t\t\t\t\t\t\t<div class=\"qcld_hero_content_area\" data-bg-image=\"https:\/\/iberoleonenvio.com\/website_f1c4f9f2\/wp-content\/uploads\/2022\/08\/portada-agosto3.jpg\" >\n<style type=\"text\/css\">\n.slider-x-lead-title12456, .slider-x-lead-title12456 p, .slider-x-lead-title12456 h1, .slider-x-lead-title12456 h2, .slider-x-lead-title12456 h2, .slider-x-lead-title12456 span{\n\t\t}\n.slider-x-item-title12456, .slider-x-item-title12456 p,, .slider-x-item-title12456 h2, .slider-x-item-title12456 div{\n\t\t}\n<\/style>\n\t\t<h2 class=\"slider-x-lead-title slider-x-lead-title12456\">\n\t\t\t<span style=\"background-color:#000000;padding: 0px 10px;\">\n\t\t\t\tEste es el Pulso de nuestra Ibero\t\t\t\t\t\n\t\t\t<\/span>\n\t\t<\/h2>\n\t\t\t\t\t\t<div class=\"slider-x-item-title slider-x-item-title12456\">\n\t\t\t\t\t\t\t<p>\n\t\t\t\t\t\t\t\t\t\t\t\t\t\t<\/p>\n\t\t\t\t\t\t<\/div>\n\t\t<\/div> <!--End of hero Content Area-->\n\t<script type=\"text\/javascript\">\nfunction heroCookie(cname, cvalue, exdays) {\n    var d = new Date();\n    d.setTime(d.getTime() + (exdays*24*60*60*1000));\n    var expires = \"expires=\"+ d.toUTCString();\n    document.cookie = cname + \"=\" + cvalue + \";\" + expires + \";path=\/\";\n}\nfunction heroisMobile(){\n\tvar isMobile = false; \/\/initiate as false\n\t\t\/\/ device detection\n\t\tif(\/(android|bb\\d+|meego).+mobile|avantgo|bada\\\/|blackberry|blazer|compal|elaine|fennec|hiptop|iemobile|ip(hone|od)|ipad|iris|kindle|Android|Silk|lge |maemo|midp|mmp|netfront|opera m(ob|in)i|palm( os)?|phone|p(ixi|re)\\\/|plucker|pocket|psp|series(4|6)0|symbian|treo|up\\.(browser|link)|vodafone|wap|windows (ce|phone)|xda|xiino\/i.test(navigator.userAgent) \n\t\t|| \/1207|6310|6590|3gso|4thp|50[1-6]i|770s|802s|a wa|abac|ac(er|oo|s\\-)|ai(ko|rn)|al(av|ca|co)|amoi|an(ex|ny|yw)|aptu|ar(ch|go)|as(te|us)|attw|au(di|\\-m|r |s )|avan|be(ck|ll|nq)|bi(lb|rd)|bl(ac|az)|br(e|v)w|bumb|bw\\-(n|u)|c55\\\/|capi|ccwa|cdm\\-|cell|chtm|cldc|cmd\\-|co(mp|nd)|craw|da(it|ll|ng)|dbte|dc\\-s|devi|dica|dmob|do(c|p)o|ds(12|\\-d)|el(49|ai)|em(l2|ul)|er(ic|k0)|esl8|ez([4-7]0|os|wa|ze)|fetc|fly(\\-|_)|g1 u|g560|gene|gf\\-5|g\\-mo|go(\\.w|od)|gr(ad|un)|haie|hcit|hd\\-(m|p|t)|hei\\-|hi(pt|ta)|hp( i|ip)|hs\\-c|ht(c(\\-| |_|a|g|p|s|t)|tp)|hu(aw|tc)|i\\-(20|go|ma)|i230|iac( |\\-|\\\/)|ibro|idea|ig01|ikom|im1k|inno|ipaq|iris|ja(t|v)a|jbro|jemu|jigs|kddi|keji|kgt( |\\\/)|klon|kpt |kwc\\-|kyo(c|k)|le(no|xi)|lg( g|\\\/(k|l|u)|50|54|\\-[a-w])|libw|lynx|m1\\-w|m3ga|m50\\\/|ma(te|ui|xo)|mc(01|21|ca)|m\\-cr|me(rc|ri)|mi(o8|oa|ts)|mmef|mo(01|02|bi|de|do|t(\\-| |o|v)|zz)|mt(50|p1|v )|mwbp|mywa|n10[0-2]|n20[2-3]|n30(0|2)|n50(0|2|5)|n7(0(0|1)|10)|ne((c|m)\\-|on|tf|wf|wg|wt)|nok(6|i)|nzph|o2im|op(ti|wv)|oran|owg1|p800|pan(a|d|t)|pdxg|pg(13|\\-([1-8]|c))|phil|pire|pl(ay|uc)|pn\\-2|po(ck|rt|se)|prox|psio|pt\\-g|qa\\-a|qc(07|12|21|32|60|\\-[2-7]|i\\-)|qtek|r380|r600|raks|rim9|ro(ve|zo)|s55\\\/|sa(ge|ma|mm|ms|ny|va)|sc(01|h\\-|oo|p\\-)|sdk\\\/|se(c(\\-|0|1)|47|mc|nd|ri)|sgh\\-|shar|sie(\\-|m)|sk\\-0|sl(45|id)|sm(al|ar|b3|it|t5)|so(ft|ny)|sp(01|h\\-|v\\-|v )|sy(01|mb)|t2(18|50)|t6(00|10|18)|ta(gt|lk)|tcl\\-|tdg\\-|tel(i|m)|tim\\-|t\\-mo|to(pl|sh)|ts(70|m\\-|m3|m5)|tx\\-9|up(\\.b|g1|si)|utst|v400|v750|veri|vi(rg|te)|vk(40|5[0-3]|\\-v)|vm40|voda|vulc|vx(52|53|60|61|70|80|81|83|85|98)|w3c(\\-| )|webc|whit|wi(g |nc|nw)|wmlb|wonu|x700|yas\\-|your|zeto|zte\\-\/i.test(navigator.userAgent.substr(0,4))) isMobile = true;\n\treturn isMobile;\n}\nfunction getOffset1( el ) {\n    var _x = 0;\n    var _y = 0;\n    while( el && !isNaN( el.offsetLeft ) && !isNaN( el.offsetTop ) ) {\n        _x += el.offsetLeft - el.scrollLeft;\n        _y += el.offsetTop - el.scrollTop;\n        el = el.offsetParent;\n    }\n\t_x = parseInt(_x) + parseInt(jQuery('#particles-js12456').parent().css('padding-left'));\n    return { top: _y, left: _x };\n}\n  jQuery(document).ready(function($){\n    \/\/jQuery(window).on( 'load', function(){\n\t\t\t\t   jQuery('.hero_preloader').remove();\n\t   \t   jQuery('#particles-js12456').show();\n\t   jQuery('#particles-js12456 canvas').width(jQuery('#particles-js12456').width());\n\t\t   var fullwidth = jQuery(\"body\").prop(\"clientWidth\"); \n\t\t\tvar maindivcon = jQuery('#particles-js12456').parent()[0];\n\t\t\tvar getleft = getOffset1(maindivcon);\n\t\t\tjQuery('#particles-js12456').css({\n\t\t\t\t'left':'-'+getleft.left+'px',\n\t\t\t});\n\t\tvar maindivcontainer = jQuery('#particles-js12456');\n\t\tif(jQuery(window).width() < 767){\n\t\t\tmaindivcontainer.find('.qcld_hero_content_area:visible').css('margin-top','-'+Math.round(maindivcontainer.find('.qcld_hero_content_area:visible').height()\/2)+'px');\n\t\t}\n});\njQuery(document).ready(function($){\n\t    $.fn.sliderX.defaults = {\n\t\tsliderWidth:800,\n\t\tsliderHeight:700,\n        pauseTime: 11000,\n\t\tpaddingTime: 500,\n        startSlide: 0,\n\t\ttitlePositionTop:'0%',\n\t\ttitlePositionLeft:'0%',\n\t\tdescPositionTop:'0%',\n\t\tdescPositionLeft:'0%',\n\t\t\/\/titleTextAnimation:'pulse',\n\t\ttitleTextColor:'#ffffff',\n\t\tdescriptionTextColor:'#ffffff',\n\t\ttitleFontSize:'70',\n\t\tarrowClass: 'arrow-circle',\n\t\tdescriptionFontSize:'40',\n\t\t\t\tfullWidth:true,\n\t\t\t\t\t\tfullScreen:false,\n\t\t\t\t\t\tScreenauto:false,\n\t\t\t\tdirectionCon:false,\n\t\tbottomCon:false,\n\t\tslideStart: false,\n\t\t\t\t\t\t\tarrow_style: 'default',\n\t\t\t\t\t\t\t\trandomslide: false,\n\t\tprevSlideText:'Previous',\n\t\tnextSlideText:'Next',\n\t\ttitleAnimation: 'bounceIn',\n\t\ttitleoutAnimation: '',\n\t\tdesAnimation: 'pulse',\n\t\tdesoutAnimation: '',\n\t\tlfxtitlein:'',\n\t\tlfxtitleout:'',\n\t\tlfxdesin:'',\n\t\tlfxdesout:'',\n\t\tbuttonAnimation: 'normal',\n\t\tbuttonoutAnimation: '',\n\t\tredirecturl: '',\n\t\tredirectdelay: '',\n\t\tcontentposition: 'bottom',\n\t\tbgtransition: 'fade',\n    bgtransitionreverse: 'fade',\n    fullscreenmobile: '0',\n\t\t\t\t\t\trepeat: false,\n\t\t\t\t\t\tsliderestart: false,\n\t\t\t\t\t\t\t\t\t\tsliderpause: true,\n\t\tmainId: 'particles-js12456',\n\t\tsid: '12456',\n\t\tslidertype: 'no_effect',\n        beforeChange: function(){\n\t\t\t\/\/alert(\"i am changing..\");\n\t\t}\n    };   \n    function firesliderx(){\n\t\tjQuery('#particles-js12456').sliderX();\n\t}\n\t\t\tif(jQuery('.second_div_hero').length<1)\n\t\t\tfiresliderx();\n$(window).resize(function() {\n\tsetTimeout(function(){\n\t\tvar fullwidth = jQuery(window).width(); \n\t\tvar maindivcon = $('#particles-js12456').parent()[0];\n\t\tvar getleft = getOffset1(maindivcon);\n\t\tjQuery('#particles-js12456').css({\n\t\t\t'left':'-'+getleft.left+'px',\n\t\t});\n\t}, 500);\n});\n\tvar fullwidth = jQuery(window).width();\n\t\t\tvar maindivcon = $('#particles-js12456').parent()[0];\n\t\tvar getleft = getOffset1(maindivcon);\n\tjQuery('#particles-js12456').css({\n\t\t'left':'-'+getleft.left+'px',\n\t});\n$(window).resize(function() {\n\tsetTimeout(function(){\n\t\tif(jQuery(window).width()<767){\n\t\t\tvar maindivcontainer = $('#particles-js12456');\n\t\t\tvar present_slide = maindivcontainer.find('.qcld_hero_content_area:visible');\n\t\t\t\/\/present_slide.css('height',maindivcontainer.height()+'px');\n\t\t}\n\t}, 500);\n});\n$('body').css({\n\t'overflow-x':'hidden',\n});\n});\nvar mainId = 'particles-js12456';\nvar no_effect_mainId = 'particles-js12456';\n<\/script>\n<\/div>\n<div style=\"background-image:url(https:\/\/iberoleonenvio.com\/website_f1c4f9f2\/wp-content\/uploads\/2022\/08\/portada-agosto3.jpg);position:absolute;left:-999px;width:2px;height:2px;z-index:-999\"><\/div>\n<style type=\"text\/css\">\nh1 {\n    background-image: url('https:\/\/iberoleonenvio.com\/website_f1c4f9f2\/wp-content\/uploads\/2026\/02\/palabraCompleta-200px.png');\n    background-repeat: no-repeat;\n    background-size: contain;\n    background-position: center;\n    height: 150px;\n    margin: 0 auto 20px auto;\n   text-indent: -9999px;\n}<\/style>\n\t\t\t\t<\/div>\n\t\t\t\t<\/div>\n\t\t\t\t\t<\/div>\n\t\t<\/div>\n\t\t\t\t\t<\/div>\n\t\t<\/section>\n\t\t\t\t<section class=\"elementor-section elementor-top-section elementor-element elementor-element-f557b79 elementor-section-boxed elementor-section-height-default elementor-section-height-default e-parent\" data-id=\"f557b79\" data-element_type=\"section\" data-e-type=\"section\">\n\t\t\t\t\t\t<div class=\"elementor-container elementor-column-gap-no\">\n\t\t\t\t\t<div class=\"elementor-column elementor-col-100 elementor-top-column elementor-element elementor-element-05c4a50 lakit-col-width-auto-no\" data-id=\"05c4a50\" data-element_type=\"column\" data-e-type=\"column\">\n\t\t\t<div class=\"elementor-widget-wrap elementor-element-populated\">\n\t\t\t\t\t\t<div class=\"elementor-element elementor-element-d8461a5 eael-dual-header-content-align-center elementor-widget elementor-widget-eael-dual-color-header\" data-id=\"d8461a5\" data-element_type=\"widget\" data-e-type=\"widget\" data-widget_type=\"eael-dual-color-header.default\">\n\t\t\t\t<div class=\"elementor-widget-container\">\n\t\t\t\t\t\t\t\t<div class=\"eael-dual-header\">\n\t\t\t\t<h2 class=\"title eael-dch-title\"><span class=\"eael-dch-title-text eael-dch-title-lead lead solid-color\">N\u00famero 15<\/span> <span class=\"eael-dch-title-text\"> - Septiembre 2022<\/span><\/h2>\t\t\t<\/div>\n\n\t\t\t\t\t\t<\/div>\n\t\t\t\t<\/div>\n\t\t\t\t\t<\/div>\n\t\t<\/div>\n\t\t\t\t\t<\/div>\n\t\t<\/section>\n\t\t\t\t<section class=\"elementor-section elementor-top-section elementor-element elementor-element-4a9c688 elementor-section-boxed elementor-section-height-default elementor-section-height-default e-parent\" data-id=\"4a9c688\" data-element_type=\"section\" data-e-type=\"section\">\n\t\t\t\t\t\t<div class=\"elementor-container elementor-column-gap-no\">\n\t\t\t\t\t<div class=\"elementor-column elementor-col-100 elementor-top-column elementor-element elementor-element-69cdb69 lakit-col-width-auto-no\" data-id=\"69cdb69\" data-element_type=\"column\" data-e-type=\"column\">\n\t\t\t<div class=\"elementor-widget-wrap elementor-element-populated\">\n\t\t\t\t\t\t<div class=\"elementor-element elementor-element-501b957 eael-dual-header-content-align-center elementor-widget elementor-widget-eael-dual-color-header\" data-id=\"501b957\" data-element_type=\"widget\" data-e-type=\"widget\" data-widget_type=\"eael-dual-color-header.default\">\n\t\t\t\t<div class=\"elementor-widget-container\">\n\t\t\t\t\t\t\t\t<div class=\"eael-dual-header\">\n\t\t\t\t<h2 class=\"title eael-dch-title\"><span class=\"eael-dch-title-text eael-dch-title-lead lead solid-color\">En Compa\u00f1\u00eda <\/span> <span class=\"eael-dch-title-text\">del Rector<\/span><\/h2>\t\t\t<\/div>\n\n\t\t\t\t\t\t<\/div>\n\t\t\t\t<\/div>\n\t\t\t\t\t<\/div>\n\t\t<\/div>\n\t\t\t\t\t<\/div>\n\t\t<\/section>\n\t\t\t\t<section class=\"elementor-section elementor-top-section elementor-element elementor-element-7913159 elementor-section-full_width elementor-section-stretched elementor-section-height-default elementor-section-height-default e-parent\" data-id=\"7913159\" data-element_type=\"section\" data-e-type=\"section\" data-settings=\"{&quot;stretch_section&quot;:&quot;section-stretched&quot;}\">\n\t\t\t\t\t\t<div class=\"elementor-container elementor-column-gap-custom\">\n\t\t\t\t\t<div class=\"elementor-column elementor-col-100 elementor-top-column elementor-element elementor-element-a24025e lakit-col-width-auto-no\" data-id=\"a24025e\" data-element_type=\"column\" data-e-type=\"column\">\n\t\t\t<div class=\"elementor-widget-wrap elementor-element-populated\">\n\t\t\t\t\t\t<div class=\"elementor-element elementor-element-0c9a4da lakit-has-entrance-animation elementor-widget elementor-widget-jblog_slider_4\" data-id=\"0c9a4da\" data-element_type=\"widget\" data-e-type=\"widget\" data-settings=\"{&quot;_animation&quot;:&quot;none&quot;}\" data-widget_type=\"jblog_slider_4.default\">\n\t\t\t\t<div class=\"elementor-widget-container\">\n\t\t\t\t\t<div  class=\"jblog_slider jblog_slider_4 jeg_module___69ee89f549997  editorial-index \" data-autoplay=\"\" data-delay=\"3000\" data-nav-text=[\"Next\",\"Prev\"]><div class=\"slide_item\">\n                    \n                    <div class=\"jeg_slide_image\">\n                    \t<a href=\"https:\/\/iberoleonenvio.com\/website_f1c4f9f2\/experiencias-de-la-jornada-por-la-paz-con-justicia-en-mexico\/\"><div class=\"thumbnail-container animate-lazy\" style=\"padding-bottom:67.025%\"><img data-recalc-dims=\"1\" fetchpriority=\"high\" decoding=\"async\" width=\"800\" height=\"536\" src=\"https:\/\/i0.wp.com\/iberoleonenvio.com\/website_f1c4f9f2\/wp-content\/plugins\/jblog-elements\/lib\/jeg-element\/assets\/img\/jeg-empty.png?resize=800%2C536&#038;ssl=1\" class=\"attachment-full size-full lazyload wp-post-image\" alt=\"Experiencias de la Jornada por la Paz con Justicia en M\u00e9xico\" data-src=\"https:\/\/i0.wp.com\/iberoleonenvio.com\/website_f1c4f9f2\/wp-content\/uploads\/2022\/09\/ilustracion-Rector-low.jpg?fit=1953%2C1309&amp;ssl=1\" data-sizes=\"auto\" data-srcset=\"https:\/\/i0.wp.com\/iberoleonenvio.com\/website_f1c4f9f2\/wp-content\/uploads\/2022\/09\/ilustracion-Rector-low.jpg?w=1953&amp;ssl=1 1953w, https:\/\/i0.wp.com\/iberoleonenvio.com\/website_f1c4f9f2\/wp-content\/uploads\/2022\/09\/ilustracion-Rector-low.jpg?resize=300%2C200&amp;ssl=1 300w, https:\/\/i0.wp.com\/iberoleonenvio.com\/website_f1c4f9f2\/wp-content\/uploads\/2022\/09\/ilustracion-Rector-low.jpg?resize=1024%2C686&amp;ssl=1 1024w, https:\/\/i0.wp.com\/iberoleonenvio.com\/website_f1c4f9f2\/wp-content\/uploads\/2022\/09\/ilustracion-Rector-low.jpg?resize=768%2C515&amp;ssl=1 768w, https:\/\/i0.wp.com\/iberoleonenvio.com\/website_f1c4f9f2\/wp-content\/uploads\/2022\/09\/ilustracion-Rector-low.jpg?resize=1536%2C1030&amp;ssl=1 1536w, https:\/\/i0.wp.com\/iberoleonenvio.com\/website_f1c4f9f2\/wp-content\/uploads\/2022\/09\/ilustracion-Rector-low.jpg?resize=500%2C335&amp;ssl=1 500w, https:\/\/i0.wp.com\/iberoleonenvio.com\/website_f1c4f9f2\/wp-content\/uploads\/2022\/09\/ilustracion-Rector-low.jpg?resize=700%2C469&amp;ssl=1 700w, https:\/\/i0.wp.com\/iberoleonenvio.com\/website_f1c4f9f2\/wp-content\/uploads\/2022\/09\/ilustracion-Rector-low.jpg?resize=750%2C503&amp;ssl=1 750w, https:\/\/i0.wp.com\/iberoleonenvio.com\/website_f1c4f9f2\/wp-content\/uploads\/2022\/09\/ilustracion-Rector-low.jpg?resize=1140%2C764&amp;ssl=1 1140w, https:\/\/i0.wp.com\/iberoleonenvio.com\/website_f1c4f9f2\/wp-content\/uploads\/2022\/09\/ilustracion-Rector-low.jpg?w=1600&amp;ssl=1 1600w\" data-expand=\"700\" \/><\/div><\/a>\n\t\t\t\t\t<\/div>\n                    <div class=\"slide_content\">\n                    \t<div class=\"slide_caption\">\n\t                        <div class=\"jeg_post_category\">\n\t                            <a href=\"https:\/\/iberoleonenvio.com\/website_f1c4f9f2\/category\/editorial\/\" class=\"category-editorial\">Editorial<\/a>\n\t                        <\/div>\n\t                        <h3 class=\"jeg_post_title\">\n\t                            <a href=\"https:\/\/iberoleonenvio.com\/website_f1c4f9f2\/experiencias-de-la-jornada-por-la-paz-con-justicia-en-mexico\/\">Experiencias de la Jornada por la Paz con Justicia en M\u00e9xico<\/a>\n\t                        <\/h3>\n\t                        <div class=\"jeg_post_excerpt\">\n\t\t\t                    <p>Nuestra universidad, como parte del Sistema Universitario Jesuita (SUJ), se uni\u00f3 con una serie de acciones a la Jornada por la Paz con Justicia en M\u00e9xico. Comparto algunas mociones que estas actividades nos han suscitado. En un contexto marcado por la creciente violencia, el asesinato de nuestros hermanos jesuitas, Javier \u00c1vila y Joaqu\u00edn Mora, ha despertado la conciencia de varias personas de la comunidad universitaria, as\u00ed como el deseo de generar espacios de di\u00e1logo y encuentro que posibiliten el sentido de cuerpo, en donde cada persona es importante y suma en la construcci\u00f3n de la paz. En este sentido, reconocemos que todas y todos estamos llamados a seguir caminando juntas y juntos, aportando nuestras capacidades desde los diferentes \u00e1mbitos en los que nos movemos: acad\u00e9mico, estudiantil, laboral, art\u00edstico, empresarial, gubernamental, etc., con miras a la construcci\u00f3n de acuerdos y procesos que incidan en la transformaci\u00f3n de la crisis que actualmente pasamos como pa\u00eds. \u00a0<\/p>\n\t\t\t                <\/div>\n\t\t\t                <a href=\"https:\/\/iberoleonenvio.com\/website_f1c4f9f2\/experiencias-de-la-jornada-por-la-paz-con-justicia-en-mexico\/\" class=\"jeg_readmore\">Leer m\u00e1s<\/a>\n\t\t\t            <\/div>\n\t\t\t                \n\t\t                <div class=\"slide_nav\"> \n                        \t<a href=\"#\" class=\"prev\">\n                        \t\t<i class=\"jblog-icon-angle-left\"><\/i> Prev\n                        \t<\/a> \n                        \t<span class=\"slide_info\"><\/span>\n                        \t<a href=\"#\" class=\"next\">\n                        \t\tNext<i class=\"jblog-icon-angle-right\"><\/i>\n                        \t<\/a> \n                        <\/div>\n                    <\/div>\n                <\/div><\/div>\t\t\t\t<\/div>\n\t\t\t\t<\/div>\n\t\t\t\t\t<\/div>\n\t\t<\/div>\n\t\t\t\t\t<\/div>\n\t\t<\/section>\n\t\t\t\t<section class=\"elementor-section elementor-top-section elementor-element elementor-element-4ab38d3 elementor-section-stretched elementor-section-boxed elementor-section-height-default elementor-section-height-default e-parent\" data-id=\"4ab38d3\" data-element_type=\"section\" data-e-type=\"section\" data-settings=\"{&quot;stretch_section&quot;:&quot;section-stretched&quot;}\">\n\t\t\t\t\t\t<div class=\"elementor-container elementor-column-gap-no\">\n\t\t\t\t\t<div class=\"elementor-column elementor-col-100 elementor-top-column elementor-element elementor-element-eb4aee7 lakit-col-width-auto-no\" data-id=\"eb4aee7\" data-element_type=\"column\" data-e-type=\"column\">\n\t\t\t<div class=\"elementor-widget-wrap elementor-element-populated\">\n\t\t\t\t\t\t<div class=\"elementor-element elementor-element-9ac2e97 elementor-hidden-tablet elementor-hidden-mobile eael-dual-header-content-align-center elementor-widget elementor-widget-eael-dual-color-header\" data-id=\"9ac2e97\" data-element_type=\"widget\" data-e-type=\"widget\" data-widget_type=\"eael-dual-color-header.default\">\n\t\t\t\t<div class=\"elementor-widget-container\">\n\t\t\t\t\t\t\t\t<div class=\"eael-dual-header\">\n\t\t\t\t<h2 class=\"title eael-dch-title\"><span class=\"eael-dch-title-text eael-dch-title-lead lead solid-color\">Vida<\/span> <span class=\"eael-dch-title-text\">Universitaria<\/span><\/h2>\t\t\t<\/div>\n\n\t\t\t\t\t\t<\/div>\n\t\t\t\t<\/div>\n\t\t\t\t\t<\/div>\n\t\t<\/div>\n\t\t\t\t\t<\/div>\n\t\t<\/section>\n\t\t\t\t<section class=\"elementor-section elementor-top-section elementor-element elementor-element-2b3b315 elementor-section-full_width elementor-section-stretched elementor-section-height-default elementor-section-height-default e-parent\" data-id=\"2b3b315\" data-element_type=\"section\" data-e-type=\"section\" data-settings=\"{&quot;stretch_section&quot;:&quot;section-stretched&quot;}\">\n\t\t\t\t\t\t<div class=\"elementor-container elementor-column-gap-no\">\n\t\t\t\t\t<div class=\"elementor-column elementor-col-100 elementor-top-column elementor-element elementor-element-7a9a854 lakit-col-width-auto-no\" data-id=\"7a9a854\" data-element_type=\"column\" data-e-type=\"column\">\n\t\t\t<div class=\"elementor-widget-wrap elementor-element-populated\">\n\t\t\t\t\t\t<div class=\"elementor-element elementor-element-5d3b661 elementor-hidden-tablet elementor-hidden-mobile elementor-widget elementor-widget-jblog_hero_1\" data-id=\"5d3b661\" data-element_type=\"widget\" data-e-type=\"widget\" data-widget_type=\"jblog_hero_1.default\">\n\t\t\t\t<div class=\"elementor-widget-container\">\n\t\t\t\t\t<div  class=\"jblog_hero jblog_hero_1 jblog_hero_style_1 jeg_module__1_69ee89f54b7ae  triple-noticia \">\n\t\t\t\t\t<div class=\"jeg_heroblock_wrapper\" style=\"margin:0 0 -4px -4px;\">\n\t\t\t\t\t\t<style>@media only screen and (max-width: 1024px) and (min-width: 769px) { .jblog_hero.jeg_module__1_69ee89f54b7ae .jeg_heroblock_wrapper{ height: 700px; } }@media only screen and (max-width: 768px) and (min-width: 668px) { .jblog_hero.jeg_module__1_69ee89f54b7ae .jeg_heroblock_wrapper{ height: 700px; } }@media only screen and (max-width: 667px) and (min-width: 569px) { .jblog_hero.jeg_module__1_69ee89f54b7ae .jeg_heroblock_wrapper{ height: 700px; } }@media only screen and (max-width: 568px) and (min-width: 481px) { .jblog_hero.jeg_module__1_69ee89f54b7ae .jeg_heroblock_wrapper{ height: 700px; } }@media only screen and (max-width: 480px) { .jblog_hero.jeg_module__1_69ee89f54b7ae .jeg_heroblock_wrapper{ height: 700px; } }<\/style><article class=\"jeg_post jeg_hero_item_1 post-2581 post type-post status-publish format-standard has-post-thumbnail hentry category-numero-15-septiembre-2022\" style=\"padding:0 0 4px 4px;\">\n                    <div class=\"jeg_block_container\">\n                        \n                        <div class=\"jeg_thumb\">\n                            <a href=\"https:\/\/iberoleonenvio.com\/website_f1c4f9f2\/sirven-y-enriquecen-su-formacion%ef%bf%bc\/\" ><div class=\"thumbnail-container thumbnail-background\" data-src=\"https:\/\/iberoleonenvio.com\/website_f1c4f9f2\/wp-content\/uploads\/2022\/08\/foto-dany-servicio-transformed-scaled.jpeg\" >\n                        <div class=\"lazyloaded\" data-src=\"https:\/\/iberoleonenvio.com\/website_f1c4f9f2\/wp-content\/uploads\/2022\/08\/foto-dany-servicio-transformed-scaled.jpeg\" style=\"background-image: url(https:\/\/iberoleonenvio.com\/website_f1c4f9f2\/wp-content\/uploads\/2022\/08\/foto-dany-servicio-transformed-scaled.jpeg)\"><\/div>\n                    <\/div><\/a>\n                        <\/div>\n                        <div class=\"jeg_postblock_content\">\n                            <div class=\"jeg_post_category\"><a href=\"https:\/\/iberoleonenvio.com\/website_f1c4f9f2\/category\/numero-15-septiembre-2022\/\" class=\"category-numero-15-septiembre-2022\">N\u00famero 15 - Septiembre 2022<\/a><\/div>\n                            <div class=\"jeg_post_info\">\n                                <h3 class=\"jeg_post_title\">\n                                    <a href=\"https:\/\/iberoleonenvio.com\/website_f1c4f9f2\/sirven-y-enriquecen-su-formacion%ef%bf%bc\/\">Sirven y enriquecen su formaci\u00f3n<\/a>\n                                <\/h3>\n                                <div class=\"jeg_post_meta\"><div class=\"jeg_meta_author\"><span class=\"by\">by<\/span> <a href=\"https:\/\/iberoleonenvio.com\/website_f1c4f9f2\/author\/mrojas\/\">Mois\u00e9s Rojas<\/a><\/div><div class=\"jeg_meta_date\">4 a\u00f1os ago<\/div><\/div>\n                            <\/div>\n                        <\/div>\n                    <\/div>\n                <\/article>\n            <div class=\"jeg_heroblock_scroller\">\n                <article class=\"jeg_post jeg_hero_item_2 post-2554 post type-post status-publish format-standard has-post-thumbnail hentry category-numero-15-septiembre-2022\" style=\"padding:0 0 4px 4px;\">\n                    <div class=\"jeg_block_container\">\n                        \n                        <div class=\"jeg_thumb\">\n                            <a href=\"https:\/\/iberoleonenvio.com\/website_f1c4f9f2\/bienvenido-nuevo-coordinador-de-bionanotecnologia\/\" ><div class=\"thumbnail-container thumbnail-background\" data-src=\"https:\/\/i0.wp.com\/iberoleonenvio.com\/website_f1c4f9f2\/wp-content\/uploads\/2022\/08\/coordbionano.jpg?resize=750%2C501&ssl=1\" >\n                        <div class=\"lazyloaded\" data-src=\"https:\/\/i0.wp.com\/iberoleonenvio.com\/website_f1c4f9f2\/wp-content\/uploads\/2022\/08\/coordbionano.jpg?resize=750%2C501&ssl=1\" style=\"background-image: url(https:\/\/i0.wp.com\/iberoleonenvio.com\/website_f1c4f9f2\/wp-content\/uploads\/2022\/08\/coordbionano.jpg?resize=750%2C501&ssl=1)\"><\/div>\n                    <\/div><\/a>\n                        <\/div>\n                        <div class=\"jeg_postblock_content\">\n                            <div class=\"jeg_post_category\"><a href=\"https:\/\/iberoleonenvio.com\/website_f1c4f9f2\/category\/numero-15-septiembre-2022\/\" class=\"category-numero-15-septiembre-2022\">N\u00famero 15 - Septiembre 2022<\/a><\/div>\n                            <div class=\"jeg_post_info\">\n                                <h3 class=\"jeg_post_title\">\n                                    <a href=\"https:\/\/iberoleonenvio.com\/website_f1c4f9f2\/bienvenido-nuevo-coordinador-de-bionanotecnologia\/\">Bienvenido nuevo coordinador de Bionanotecnolog\u00eda<\/a>\n                                <\/h3>\n                                <div class=\"jeg_post_meta\"><div class=\"jeg_meta_author\"><span class=\"by\">by<\/span> <a href=\"https:\/\/iberoleonenvio.com\/website_f1c4f9f2\/author\/mrojas\/\">Mois\u00e9s Rojas<\/a><\/div><div class=\"jeg_meta_date\">4 a\u00f1os ago<\/div><\/div>\n                            <\/div>\n                        <\/div>\n                    <\/div>\n                <\/article><article class=\"jeg_post jeg_hero_item_3 post-2563 post type-post status-publish format-standard has-post-thumbnail hentry category-numero-15-septiembre-2022\" style=\"padding:0 0 4px 4px;\">\n                    <div class=\"jeg_block_container\">\n                        \n                        <div class=\"jeg_thumb\">\n                            <a href=\"https:\/\/iberoleonenvio.com\/website_f1c4f9f2\/les-deja-vivencias-y-aprendizaje-insercion-verano-22%ef%bf%bc\/\" ><div class=\"thumbnail-container thumbnail-background\" data-src=\"https:\/\/i0.wp.com\/iberoleonenvio.com\/website_f1c4f9f2\/wp-content\/uploads\/2022\/08\/portada-fix.jpg?resize=750%2C478&ssl=1\" >\n                        <div class=\"lazyloaded\" data-src=\"https:\/\/i0.wp.com\/iberoleonenvio.com\/website_f1c4f9f2\/wp-content\/uploads\/2022\/08\/portada-fix.jpg?resize=750%2C478&ssl=1\" style=\"background-image: url(https:\/\/i0.wp.com\/iberoleonenvio.com\/website_f1c4f9f2\/wp-content\/uploads\/2022\/08\/portada-fix.jpg?resize=750%2C478&ssl=1)\"><\/div>\n                    <\/div><\/a>\n                        <\/div>\n                        <div class=\"jeg_postblock_content\">\n                            <div class=\"jeg_post_category\"><a href=\"https:\/\/iberoleonenvio.com\/website_f1c4f9f2\/category\/numero-15-septiembre-2022\/\" class=\"category-numero-15-septiembre-2022\">N\u00famero 15 - Septiembre 2022<\/a><\/div>\n                            <div class=\"jeg_post_info\">\n                                <h3 class=\"jeg_post_title\">\n                                    <a href=\"https:\/\/iberoleonenvio.com\/website_f1c4f9f2\/les-deja-vivencias-y-aprendizaje-insercion-verano-22%ef%bf%bc\/\">Les deja vivencias y aprendizaje Inserci\u00f3n Verano 22<\/a>\n                                <\/h3>\n                                <div class=\"jeg_post_meta\"><div class=\"jeg_meta_author\"><span class=\"by\">by<\/span> <a href=\"https:\/\/iberoleonenvio.com\/website_f1c4f9f2\/author\/mrojas\/\">Mois\u00e9s Rojas<\/a><\/div><div class=\"jeg_meta_date\">4 a\u00f1os ago<\/div><\/div>\n                            <\/div>\n                        <\/div>\n                    <\/div>\n                <\/article>\n            <\/div>\n\t\t\t\t\t<\/div>\n                <\/div>\t\t\t\t<\/div>\n\t\t\t\t<\/div>\n\t\t\t\t<div class=\"elementor-element elementor-element-2c38eb8 elementor-hidden-tablet elementor-hidden-mobile elementor-widget elementor-widget-jblog_hero_1\" data-id=\"2c38eb8\" data-element_type=\"widget\" data-e-type=\"widget\" data-widget_type=\"jblog_hero_1.default\">\n\t\t\t\t<div class=\"elementor-widget-container\">\n\t\t\t\t\t<div  class=\"jblog_hero jblog_hero_1 jblog_hero_style_1 jeg_module__2_69ee89f54e532  triple-noticia \">\n\t\t\t\t\t<div class=\"jeg_heroblock_wrapper\" style=\"margin:0 0 -4px -4px;\">\n\t\t\t\t\t\t<style>@media only screen and (max-width: 1024px) and (min-width: 769px) { .jblog_hero.jeg_module__2_69ee89f54e532 .jeg_heroblock_wrapper{ height: 700px; } }@media only screen and (max-width: 768px) and (min-width: 668px) { .jblog_hero.jeg_module__2_69ee89f54e532 .jeg_heroblock_wrapper{ height: 700px; } }@media only screen and (max-width: 667px) and (min-width: 569px) { .jblog_hero.jeg_module__2_69ee89f54e532 .jeg_heroblock_wrapper{ height: 700px; } }@media only screen and (max-width: 568px) and (min-width: 481px) { .jblog_hero.jeg_module__2_69ee89f54e532 .jeg_heroblock_wrapper{ height: 700px; } }@media only screen and (max-width: 480px) { .jblog_hero.jeg_module__2_69ee89f54e532 .jeg_heroblock_wrapper{ height: 700px; } }<\/style><article class=\"jeg_post jeg_hero_item_1 post-2719 post type-post status-publish format-standard has-post-thumbnail hentry category-numero-15-septiembre-2022\" style=\"padding:0 0 4px 4px;\">\n                    <div class=\"jeg_block_container\">\n                        \n                        <div class=\"jeg_thumb\">\n                            <a href=\"https:\/\/iberoleonenvio.com\/website_f1c4f9f2\/mtra-lorena-jimenez-articula-esfuerzos-de-incidencia-social-en-nueva-coordinacion%ef%bf%bc\/\" ><div class=\"thumbnail-container thumbnail-background\" data-src=\"https:\/\/iberoleonenvio.com\/website_f1c4f9f2\/wp-content\/uploads\/2022\/08\/DSC0035-fix.jpg\" >\n                        <div class=\"lazyloaded\" data-src=\"https:\/\/iberoleonenvio.com\/website_f1c4f9f2\/wp-content\/uploads\/2022\/08\/DSC0035-fix.jpg\" style=\"background-image: url(https:\/\/iberoleonenvio.com\/website_f1c4f9f2\/wp-content\/uploads\/2022\/08\/DSC0035-fix.jpg)\"><\/div>\n                    <\/div><\/a>\n                        <\/div>\n                        <div class=\"jeg_postblock_content\">\n                            <div class=\"jeg_post_category\"><a href=\"https:\/\/iberoleonenvio.com\/website_f1c4f9f2\/category\/numero-15-septiembre-2022\/\" class=\"category-numero-15-septiembre-2022\">N\u00famero 15 - Septiembre 2022<\/a><\/div>\n                            <div class=\"jeg_post_info\">\n                                <h3 class=\"jeg_post_title\">\n                                    <a href=\"https:\/\/iberoleonenvio.com\/website_f1c4f9f2\/mtra-lorena-jimenez-articula-esfuerzos-de-incidencia-social-en-nueva-coordinacion%ef%bf%bc\/\">Dra. Lorena Jim\u00e9nez articula esfuerzos de incidencia social en nueva Coordinaci\u00f3n<\/a>\n                                <\/h3>\n                                <div class=\"jeg_post_meta\"><div class=\"jeg_meta_author\"><span class=\"by\">by<\/span> <a href=\"https:\/\/iberoleonenvio.com\/website_f1c4f9f2\/author\/mrojas\/\">Mois\u00e9s Rojas<\/a><\/div><div class=\"jeg_meta_date\">4 a\u00f1os ago<\/div><\/div>\n                            <\/div>\n                        <\/div>\n                    <\/div>\n                <\/article>\n            <div class=\"jeg_heroblock_scroller\">\n                <article class=\"jeg_post jeg_hero_item_2 post-2601 post type-post status-publish format-standard has-post-thumbnail hentry category-numero-15-septiembre-2022\" style=\"padding:0 0 4px 4px;\">\n                    <div class=\"jeg_block_container\">\n                        \n                        <div class=\"jeg_thumb\">\n                            <a href=\"https:\/\/iberoleonenvio.com\/website_f1c4f9f2\/acompanamos-a-familiares-de-personas-desaparecidas%ef%bf%bc\/\" ><div class=\"thumbnail-container thumbnail-background\" data-src=\"https:\/\/i0.wp.com\/iberoleonenvio.com\/website_f1c4f9f2\/wp-content\/uploads\/2022\/08\/DSC0930-scaled.jpg?resize=750%2C500&ssl=1\" >\n                        <div class=\"lazyloaded\" data-src=\"https:\/\/i0.wp.com\/iberoleonenvio.com\/website_f1c4f9f2\/wp-content\/uploads\/2022\/08\/DSC0930-scaled.jpg?resize=750%2C500&ssl=1\" style=\"background-image: url(https:\/\/i0.wp.com\/iberoleonenvio.com\/website_f1c4f9f2\/wp-content\/uploads\/2022\/08\/DSC0930-scaled.jpg?resize=750%2C500&ssl=1)\"><\/div>\n                    <\/div><\/a>\n                        <\/div>\n                        <div class=\"jeg_postblock_content\">\n                            <div class=\"jeg_post_category\"><a href=\"https:\/\/iberoleonenvio.com\/website_f1c4f9f2\/category\/numero-15-septiembre-2022\/\" class=\"category-numero-15-septiembre-2022\">N\u00famero 15 - Septiembre 2022<\/a><\/div>\n                            <div class=\"jeg_post_info\">\n                                <h3 class=\"jeg_post_title\">\n                                    <a href=\"https:\/\/iberoleonenvio.com\/website_f1c4f9f2\/acompanamos-a-familiares-de-personas-desaparecidas%ef%bf%bc\/\">Acompa\u00f1amos a familiares de personas desaparecidas<\/a>\n                                <\/h3>\n                                <div class=\"jeg_post_meta\"><div class=\"jeg_meta_author\"><span class=\"by\">by<\/span> <a href=\"https:\/\/iberoleonenvio.com\/website_f1c4f9f2\/author\/mrojas\/\">Mois\u00e9s Rojas<\/a><\/div><div class=\"jeg_meta_date\">4 a\u00f1os ago<\/div><\/div>\n                            <\/div>\n                        <\/div>\n                    <\/div>\n                <\/article><article class=\"jeg_post jeg_hero_item_3 post-2594 post type-post status-publish format-standard has-post-thumbnail hentry category-numero-15-septiembre-2022\" style=\"padding:0 0 4px 4px;\">\n                    <div class=\"jeg_block_container\">\n                        \n                        <div class=\"jeg_thumb\">\n                            <a href=\"https:\/\/iberoleonenvio.com\/website_f1c4f9f2\/cescom-leon-camina-a-la-profesionalizacion\/\" ><div class=\"thumbnail-container thumbnail-background\" data-src=\"https:\/\/i0.wp.com\/iberoleonenvio.com\/website_f1c4f9f2\/wp-content\/uploads\/2022\/08\/DSC7669-scaled.jpg?resize=750%2C500&ssl=1\" >\n                        <div class=\"lazyloaded\" data-src=\"https:\/\/i0.wp.com\/iberoleonenvio.com\/website_f1c4f9f2\/wp-content\/uploads\/2022\/08\/DSC7669-scaled.jpg?resize=750%2C500&ssl=1\" style=\"background-image: url(https:\/\/i0.wp.com\/iberoleonenvio.com\/website_f1c4f9f2\/wp-content\/uploads\/2022\/08\/DSC7669-scaled.jpg?resize=750%2C500&ssl=1)\"><\/div>\n                    <\/div><\/a>\n                        <\/div>\n                        <div class=\"jeg_postblock_content\">\n                            <div class=\"jeg_post_category\"><a href=\"https:\/\/iberoleonenvio.com\/website_f1c4f9f2\/category\/numero-15-septiembre-2022\/\" class=\"category-numero-15-septiembre-2022\">N\u00famero 15 - Septiembre 2022<\/a><\/div>\n                            <div class=\"jeg_post_info\">\n                                <h3 class=\"jeg_post_title\">\n                                    <a href=\"https:\/\/iberoleonenvio.com\/website_f1c4f9f2\/cescom-leon-camina-a-la-profesionalizacion\/\">CESCOM Le\u00f3n camina a la profesionalizaci\u00f3n<\/a>\n                                <\/h3>\n                                <div class=\"jeg_post_meta\"><div class=\"jeg_meta_author\"><span class=\"by\">by<\/span> <a href=\"https:\/\/iberoleonenvio.com\/website_f1c4f9f2\/author\/mrojas\/\">Mois\u00e9s Rojas<\/a><\/div><div class=\"jeg_meta_date\">4 a\u00f1os ago<\/div><\/div>\n                            <\/div>\n                        <\/div>\n                    <\/div>\n                <\/article>\n            <\/div>\n\t\t\t\t\t<\/div>\n                <\/div>\t\t\t\t<\/div>\n\t\t\t\t<\/div>\n\t\t\t\t\t<\/div>\n\t\t<\/div>\n\t\t\t\t\t<\/div>\n\t\t<\/section>\n\t\t\t\t<section class=\"elementor-section elementor-top-section elementor-element elementor-element-5623c75 elementor-section-stretched elementor-section-boxed elementor-section-height-default elementor-section-height-default e-parent\" data-id=\"5623c75\" data-element_type=\"section\" data-e-type=\"section\" data-settings=\"{&quot;stretch_section&quot;:&quot;section-stretched&quot;}\">\n\t\t\t\t\t\t<div class=\"elementor-container elementor-column-gap-no\">\n\t\t\t\t\t<div class=\"elementor-column elementor-col-100 elementor-top-column elementor-element elementor-element-481ab76 lakit-col-width-auto-no\" data-id=\"481ab76\" data-element_type=\"column\" data-e-type=\"column\">\n\t\t\t<div class=\"elementor-widget-wrap elementor-element-populated\">\n\t\t\t\t\t\t<div class=\"elementor-element elementor-element-391a671 elementor-hidden-tablet elementor-hidden-mobile eael-dual-header-content-align-center elementor-widget elementor-widget-eael-dual-color-header\" data-id=\"391a671\" data-element_type=\"widget\" data-e-type=\"widget\" data-widget_type=\"eael-dual-color-header.default\">\n\t\t\t\t<div class=\"elementor-widget-container\">\n\t\t\t\t\t\t\t\t<div class=\"eael-dual-header\">\n\t\t\t\t<h2 class=\"title eael-dch-title\"><span class=\"eael-dch-title-text eael-dch-title-lead lead solid-color\">Bien<\/span> <span class=\"eael-dch-title-text\">Estar<\/span><\/h2>\t\t\t<\/div>\n\n\t\t\t\t\t\t<\/div>\n\t\t\t\t<\/div>\n\t\t\t\t\t<\/div>\n\t\t<\/div>\n\t\t\t\t\t<\/div>\n\t\t<\/section>\n\t\t\t\t<section class=\"elementor-section elementor-top-section elementor-element elementor-element-6b712fb elementor-section-full_width elementor-section-stretched elementor-section-height-default elementor-section-height-default e-parent\" data-id=\"6b712fb\" data-element_type=\"section\" data-e-type=\"section\" data-settings=\"{&quot;stretch_section&quot;:&quot;section-stretched&quot;}\">\n\t\t\t\t\t\t<div class=\"elementor-container elementor-column-gap-no\">\n\t\t\t\t\t<div class=\"elementor-column elementor-col-100 elementor-top-column elementor-element elementor-element-bcb9264 lakit-col-width-auto-no\" data-id=\"bcb9264\" data-element_type=\"column\" data-e-type=\"column\">\n\t\t\t<div class=\"elementor-widget-wrap elementor-element-populated\">\n\t\t\t\t\t\t<div class=\"elementor-element elementor-element-cbbf0b3 elementor-hidden-tablet elementor-hidden-mobile elementor-widget elementor-widget-jblog_hero_1\" data-id=\"cbbf0b3\" data-element_type=\"widget\" data-e-type=\"widget\" data-widget_type=\"jblog_hero_1.default\">\n\t\t\t\t<div class=\"elementor-widget-container\">\n\t\t\t\t\t<div  class=\"jblog_hero jblog_hero_1 jblog_hero_style_1 jeg_module__3_69ee89f552553  doble-noticia \">\n\t\t\t\t\t<div class=\"jeg_heroblock_wrapper\" style=\"margin:0 0 -4px -4px;\">\n\t\t\t\t\t\t<style>@media only screen and (max-width: 1024px) and (min-width: 769px) { .jblog_hero.jeg_module__3_69ee89f552553 .jeg_heroblock_wrapper{ height: 700px; } }@media only screen and (max-width: 768px) and (min-width: 668px) { .jblog_hero.jeg_module__3_69ee89f552553 .jeg_heroblock_wrapper{ height: 700px; } }@media only screen and (max-width: 667px) and (min-width: 569px) { .jblog_hero.jeg_module__3_69ee89f552553 .jeg_heroblock_wrapper{ height: 700px; } }@media only screen and (max-width: 568px) and (min-width: 481px) { .jblog_hero.jeg_module__3_69ee89f552553 .jeg_heroblock_wrapper{ height: 700px; } }@media only screen and (max-width: 480px) { .jblog_hero.jeg_module__3_69ee89f552553 .jeg_heroblock_wrapper{ height: 700px; } }<\/style><article class=\"jeg_post jeg_hero_item_1 post-2619 post type-post status-publish format-standard has-post-thumbnail hentry category-numero-15-septiembre-2022\" style=\"padding:0 0 4px 4px;\">\n                    <div class=\"jeg_block_container\">\n                        \n                        <div class=\"jeg_thumb\">\n                            <a href=\"https:\/\/iberoleonenvio.com\/website_f1c4f9f2\/suma-voluntades-y-lleva-feria-de-la-salud-a-las-ladrilleras%ef%bf%bc\/\" ><div class=\"thumbnail-container thumbnail-background\" data-src=\"https:\/\/iberoleonenvio.com\/website_f1c4f9f2\/wp-content\/uploads\/2022\/08\/feriasalud-8.jpeg\" >\n                        <div class=\"lazyloaded\" data-src=\"https:\/\/iberoleonenvio.com\/website_f1c4f9f2\/wp-content\/uploads\/2022\/08\/feriasalud-8.jpeg\" style=\"background-image: url(https:\/\/iberoleonenvio.com\/website_f1c4f9f2\/wp-content\/uploads\/2022\/08\/feriasalud-8.jpeg)\"><\/div>\n                    <\/div><\/a>\n                        <\/div>\n                        <div class=\"jeg_postblock_content\">\n                            <div class=\"jeg_post_category\"><a href=\"https:\/\/iberoleonenvio.com\/website_f1c4f9f2\/category\/numero-15-septiembre-2022\/\" class=\"category-numero-15-septiembre-2022\">N\u00famero 15 - Septiembre 2022<\/a><\/div>\n                            <div class=\"jeg_post_info\">\n                                <h3 class=\"jeg_post_title\">\n                                    <a href=\"https:\/\/iberoleonenvio.com\/website_f1c4f9f2\/suma-voluntades-y-lleva-feria-de-la-salud-a-las-ladrilleras%ef%bf%bc\/\">Suma voluntades y lleva Feria de la Salud a Las Ladrilleras<\/a>\n                                <\/h3>\n                                <div class=\"jeg_post_meta\"><div class=\"jeg_meta_author\"><span class=\"by\">by<\/span> <a href=\"https:\/\/iberoleonenvio.com\/website_f1c4f9f2\/author\/mrojas\/\">Mois\u00e9s Rojas<\/a><\/div><div class=\"jeg_meta_date\">4 a\u00f1os ago<\/div><\/div>\n                            <\/div>\n                        <\/div>\n                    <\/div>\n                <\/article>\n            <div class=\"jeg_heroblock_scroller\">\n                <article class=\"jeg_post jeg_hero_item_2 post-2608 post type-post status-publish format-standard has-post-thumbnail hentry category-numero-15-septiembre-2022\" style=\"padding:0 0 4px 4px;\">\n                    <div class=\"jeg_block_container\">\n                        \n                        <div class=\"jeg_thumb\">\n                            <a href=\"https:\/\/iberoleonenvio.com\/website_f1c4f9f2\/mejora-tu-calidad-de-vida-con-actividad-fisica\/\" ><div class=\"thumbnail-container thumbnail-background\" data-src=\"https:\/\/i0.wp.com\/iberoleonenvio.com\/website_f1c4f9f2\/wp-content\/uploads\/2022\/08\/2.Actividad-fisica.jpg?resize=750%2C422&ssl=1\" >\n                        <div class=\"lazyloaded\" data-src=\"https:\/\/i0.wp.com\/iberoleonenvio.com\/website_f1c4f9f2\/wp-content\/uploads\/2022\/08\/2.Actividad-fisica.jpg?resize=750%2C422&ssl=1\" style=\"background-image: url(https:\/\/i0.wp.com\/iberoleonenvio.com\/website_f1c4f9f2\/wp-content\/uploads\/2022\/08\/2.Actividad-fisica.jpg?resize=750%2C422&ssl=1)\"><\/div>\n                    <\/div><\/a>\n                        <\/div>\n                        <div class=\"jeg_postblock_content\">\n                            <div class=\"jeg_post_category\"><a href=\"https:\/\/iberoleonenvio.com\/website_f1c4f9f2\/category\/numero-15-septiembre-2022\/\" class=\"category-numero-15-septiembre-2022\">N\u00famero 15 - Septiembre 2022<\/a><\/div>\n                            <div class=\"jeg_post_info\">\n                                <h3 class=\"jeg_post_title\">\n                                    <a href=\"https:\/\/iberoleonenvio.com\/website_f1c4f9f2\/mejora-tu-calidad-de-vida-con-actividad-fisica\/\">Mejora tu calidad de vida con actividad f\u00edsica<\/a>\n                                <\/h3>\n                                <div class=\"jeg_post_meta\"><div class=\"jeg_meta_author\"><span class=\"by\">by<\/span> <a href=\"https:\/\/iberoleonenvio.com\/website_f1c4f9f2\/author\/mrojas\/\">Mois\u00e9s Rojas<\/a><\/div><div class=\"jeg_meta_date\">4 a\u00f1os ago<\/div><\/div>\n                            <\/div>\n                        <\/div>\n                    <\/div>\n                <\/article>\n            <\/div>\n\t\t\t\t\t<\/div>\n                <\/div>\t\t\t\t<\/div>\n\t\t\t\t<\/div>\n\t\t\t\t\t<\/div>\n\t\t<\/div>\n\t\t\t\t\t<\/div>\n\t\t<\/section>\n\t\t\t\t<section class=\"elementor-section elementor-top-section elementor-element elementor-element-84cf64c elementor-section-stretched elementor-section-boxed elementor-section-height-default elementor-section-height-default e-parent\" data-id=\"84cf64c\" data-element_type=\"section\" data-e-type=\"section\" data-settings=\"{&quot;stretch_section&quot;:&quot;section-stretched&quot;}\">\n\t\t\t\t\t\t<div class=\"elementor-container elementor-column-gap-no\">\n\t\t\t\t\t<div class=\"elementor-column elementor-col-100 elementor-top-column elementor-element elementor-element-50620b3 lakit-col-width-auto-no\" data-id=\"50620b3\" data-element_type=\"column\" data-e-type=\"column\">\n\t\t\t<div class=\"elementor-widget-wrap elementor-element-populated\">\n\t\t\t\t\t\t<div class=\"elementor-element elementor-element-fe7d25d elementor-hidden-tablet elementor-hidden-mobile eael-dual-header-content-align-center elementor-widget elementor-widget-eael-dual-color-header\" data-id=\"fe7d25d\" data-element_type=\"widget\" data-e-type=\"widget\" data-widget_type=\"eael-dual-color-header.default\">\n\t\t\t\t<div class=\"elementor-widget-container\">\n\t\t\t\t\t\t\t\t<div class=\"eael-dual-header\">\n\t\t\t\t<h2 class=\"title eael-dch-title\"><span class=\"eael-dch-title-text eael-dch-title-lead lead solid-color\">Red Educativa<\/span> <span class=\"eael-dch-title-text\">Jesuita<\/span><\/h2>\t\t\t<\/div>\n\n\t\t\t\t\t\t<\/div>\n\t\t\t\t<\/div>\n\t\t\t\t\t<\/div>\n\t\t<\/div>\n\t\t\t\t\t<\/div>\n\t\t<\/section>\n\t\t\t\t<section class=\"elementor-section elementor-top-section elementor-element elementor-element-76fde8e elementor-section-full_width elementor-section-stretched elementor-section-height-default elementor-section-height-default e-parent\" data-id=\"76fde8e\" data-element_type=\"section\" data-e-type=\"section\" data-settings=\"{&quot;stretch_section&quot;:&quot;section-stretched&quot;}\">\n\t\t\t\t\t\t<div class=\"elementor-container elementor-column-gap-no\">\n\t\t\t\t\t<div class=\"elementor-column elementor-col-100 elementor-top-column elementor-element elementor-element-e77a1f1 lakit-col-width-auto-no\" data-id=\"e77a1f1\" data-element_type=\"column\" data-e-type=\"column\">\n\t\t\t<div class=\"elementor-widget-wrap elementor-element-populated\">\n\t\t\t\t\t\t<div class=\"elementor-element elementor-element-1d0cc0b elementor-hidden-tablet elementor-hidden-mobile elementor-widget elementor-widget-jblog_hero_1\" data-id=\"1d0cc0b\" data-element_type=\"widget\" data-e-type=\"widget\" data-widget_type=\"jblog_hero_1.default\">\n\t\t\t\t<div class=\"elementor-widget-container\">\n\t\t\t\t\t<div  class=\"jblog_hero jblog_hero_1 jblog_hero_style_1 jeg_module__4_69ee89f555579  doble-noticia \">\n\t\t\t\t\t<div class=\"jeg_heroblock_wrapper\" style=\"margin:0 0 -4px -4px;\">\n\t\t\t\t\t\t<style>@media only screen and (max-width: 1024px) and (min-width: 769px) { .jblog_hero.jeg_module__4_69ee89f555579 .jeg_heroblock_wrapper{ height: 700px; } }@media only screen and (max-width: 768px) and (min-width: 668px) { .jblog_hero.jeg_module__4_69ee89f555579 .jeg_heroblock_wrapper{ height: 700px; } }@media only screen and (max-width: 667px) and (min-width: 569px) { .jblog_hero.jeg_module__4_69ee89f555579 .jeg_heroblock_wrapper{ height: 700px; } }@media only screen and (max-width: 568px) and (min-width: 481px) { .jblog_hero.jeg_module__4_69ee89f555579 .jeg_heroblock_wrapper{ height: 700px; } }@media only screen and (max-width: 480px) { .jblog_hero.jeg_module__4_69ee89f555579 .jeg_heroblock_wrapper{ height: 700px; } }<\/style><article class=\"jeg_post jeg_hero_item_1 post-2644 post type-post status-publish format-standard has-post-thumbnail hentry category-numero-15-septiembre-2022\" style=\"padding:0 0 4px 4px;\">\n                    <div class=\"jeg_block_container\">\n                        \n                        <div class=\"jeg_thumb\">\n                            <a href=\"https:\/\/iberoleonenvio.com\/website_f1c4f9f2\/vigesimo-segunda-asamblea-ausjal%ef%bf%bc\/\" ><div class=\"thumbnail-container thumbnail-background\" data-src=\"https:\/\/iberoleonenvio.com\/website_f1c4f9f2\/wp-content\/uploads\/2022\/08\/AUSJAL.jpg\" >\n                        <div class=\"lazyloaded\" data-src=\"https:\/\/iberoleonenvio.com\/website_f1c4f9f2\/wp-content\/uploads\/2022\/08\/AUSJAL.jpg\" style=\"background-image: url(https:\/\/iberoleonenvio.com\/website_f1c4f9f2\/wp-content\/uploads\/2022\/08\/AUSJAL.jpg)\"><\/div>\n                    <\/div><\/a>\n                        <\/div>\n                        <div class=\"jeg_postblock_content\">\n                            <div class=\"jeg_post_category\"><a href=\"https:\/\/iberoleonenvio.com\/website_f1c4f9f2\/category\/numero-15-septiembre-2022\/\" class=\"category-numero-15-septiembre-2022\">N\u00famero 15 - Septiembre 2022<\/a><\/div>\n                            <div class=\"jeg_post_info\">\n                                <h3 class=\"jeg_post_title\">\n                                    <a href=\"https:\/\/iberoleonenvio.com\/website_f1c4f9f2\/vigesimo-segunda-asamblea-ausjal%ef%bf%bc\/\">Vig\u00e9simo Segunda Asamblea AUSJAL<\/a>\n                                <\/h3>\n                                <div class=\"jeg_post_meta\"><div class=\"jeg_meta_author\"><span class=\"by\">by<\/span> <a href=\"https:\/\/iberoleonenvio.com\/website_f1c4f9f2\/author\/mrojas\/\">Mois\u00e9s Rojas<\/a><\/div><div class=\"jeg_meta_date\">4 a\u00f1os ago<\/div><\/div>\n                            <\/div>\n                        <\/div>\n                    <\/div>\n                <\/article>\n            <div class=\"jeg_heroblock_scroller\">\n                <article class=\"jeg_post jeg_hero_item_2 post-2635 post type-post status-publish format-standard has-post-thumbnail hentry category-numero-15-septiembre-2022\" style=\"padding:0 0 4px 4px;\">\n                    <div class=\"jeg_block_container\">\n                        \n                        <div class=\"jeg_thumb\">\n                            <a href=\"https:\/\/iberoleonenvio.com\/website_f1c4f9f2\/de-la-indignacion-a-la-esperanza-jornada-universitaria-por-la-paz-con-justicia%ef%bf%bc\/\" ><div class=\"thumbnail-container thumbnail-background\" data-src=\"https:\/\/i0.wp.com\/iberoleonenvio.com\/website_f1c4f9f2\/wp-content\/uploads\/2022\/08\/DSC0441-scaled.jpg?resize=750%2C500&ssl=1\" >\n                        <div class=\"lazyloaded\" data-src=\"https:\/\/i0.wp.com\/iberoleonenvio.com\/website_f1c4f9f2\/wp-content\/uploads\/2022\/08\/DSC0441-scaled.jpg?resize=750%2C500&ssl=1\" style=\"background-image: url(https:\/\/i0.wp.com\/iberoleonenvio.com\/website_f1c4f9f2\/wp-content\/uploads\/2022\/08\/DSC0441-scaled.jpg?resize=750%2C500&ssl=1)\"><\/div>\n                    <\/div><\/a>\n                        <\/div>\n                        <div class=\"jeg_postblock_content\">\n                            <div class=\"jeg_post_category\"><a href=\"https:\/\/iberoleonenvio.com\/website_f1c4f9f2\/category\/numero-15-septiembre-2022\/\" class=\"category-numero-15-septiembre-2022\">N\u00famero 15 - Septiembre 2022<\/a><\/div>\n                            <div class=\"jeg_post_info\">\n                                <h3 class=\"jeg_post_title\">\n                                    <a href=\"https:\/\/iberoleonenvio.com\/website_f1c4f9f2\/de-la-indignacion-a-la-esperanza-jornada-universitaria-por-la-paz-con-justicia%ef%bf%bc\/\">De la indignaci\u00f3n a la esperanza\u2026 Jornada Universitaria por la Paz con Justicia<\/a>\n                                <\/h3>\n                                <div class=\"jeg_post_meta\"><div class=\"jeg_meta_author\"><span class=\"by\">by<\/span> <a href=\"https:\/\/iberoleonenvio.com\/website_f1c4f9f2\/author\/mrojas\/\">Mois\u00e9s Rojas<\/a><\/div><div class=\"jeg_meta_date\">4 a\u00f1os ago<\/div><\/div>\n                            <\/div>\n                        <\/div>\n                    <\/div>\n                <\/article>\n            <\/div>\n\t\t\t\t\t<\/div>\n                <\/div>\t\t\t\t<\/div>\n\t\t\t\t<\/div>\n\t\t\t\t\t<\/div>\n\t\t<\/div>\n\t\t\t\t\t<\/div>\n\t\t<\/section>\n\t\t\t\t<section class=\"elementor-section elementor-top-section elementor-element elementor-element-a45b595 elementor-section-stretched elementor-section-boxed elementor-section-height-default elementor-section-height-default e-parent\" data-id=\"a45b595\" data-element_type=\"section\" data-e-type=\"section\" data-settings=\"{&quot;stretch_section&quot;:&quot;section-stretched&quot;}\">\n\t\t\t\t\t\t<div class=\"elementor-container elementor-column-gap-no\">\n\t\t\t\t\t<div class=\"elementor-column elementor-col-100 elementor-top-column elementor-element elementor-element-85cebdb lakit-col-width-auto-no\" data-id=\"85cebdb\" data-element_type=\"column\" data-e-type=\"column\">\n\t\t\t<div class=\"elementor-widget-wrap elementor-element-populated\">\n\t\t\t\t\t\t<div class=\"elementor-element elementor-element-88bc3c3 elementor-hidden-tablet elementor-hidden-mobile eael-dual-header-content-align-center elementor-widget elementor-widget-eael-dual-color-header\" data-id=\"88bc3c3\" data-element_type=\"widget\" data-e-type=\"widget\" data-widget_type=\"eael-dual-color-header.default\">\n\t\t\t\t<div class=\"elementor-widget-container\">\n\t\t\t\t\t\t\t\t<div class=\"eael-dual-header\">\n\t\t\t\t<h2 class=\"title eael-dch-title\"><span class=\"eael-dch-title-text eael-dch-title-lead lead solid-color\">Notas<\/span> <span class=\"eael-dch-title-text\">Breves<\/span><\/h2>\t\t\t<\/div>\n\n\t\t\t\t\t\t<\/div>\n\t\t\t\t<\/div>\n\t\t\t\t\t<\/div>\n\t\t<\/div>\n\t\t\t\t\t<\/div>\n\t\t<\/section>\n\t\t\t\t<section class=\"elementor-section elementor-top-section elementor-element elementor-element-653238a elementor-section-full_width elementor-section-stretched elementor-section-height-default elementor-section-height-default e-parent\" data-id=\"653238a\" data-element_type=\"section\" data-e-type=\"section\" data-settings=\"{&quot;stretch_section&quot;:&quot;section-stretched&quot;}\">\n\t\t\t\t\t\t<div class=\"elementor-container elementor-column-gap-no\">\n\t\t\t\t\t<div class=\"elementor-column elementor-col-100 elementor-top-column elementor-element elementor-element-5001729 lakit-col-width-auto-no\" data-id=\"5001729\" data-element_type=\"column\" data-e-type=\"column\">\n\t\t\t<div class=\"elementor-widget-wrap elementor-element-populated\">\n\t\t\t\t\t\t<div class=\"elementor-element elementor-element-c913cfc elementor-hidden-tablet elementor-hidden-mobile elementor-widget elementor-widget-jblog_hero_1\" data-id=\"c913cfc\" data-element_type=\"widget\" data-e-type=\"widget\" data-widget_type=\"jblog_hero_1.default\">\n\t\t\t\t<div class=\"elementor-widget-container\">\n\t\t\t\t\t<div  class=\"jblog_hero jblog_hero_1 jblog_hero_style_1 jeg_module__5_69ee89f5573a3  noticia-sencilla \">\n\t\t\t\t\t<div class=\"jeg_heroblock_wrapper\" style=\"margin:0 0 -4px -4px;\">\n\t\t\t\t\t\t<style>@media only screen and (max-width: 1024px) and (min-width: 769px) { .jblog_hero.jeg_module__5_69ee89f5573a3 .jeg_heroblock_wrapper{ height: 700px; } }@media only screen and (max-width: 768px) and (min-width: 668px) { .jblog_hero.jeg_module__5_69ee89f5573a3 .jeg_heroblock_wrapper{ height: 700px; } }@media only screen and (max-width: 667px) and (min-width: 569px) { .jblog_hero.jeg_module__5_69ee89f5573a3 .jeg_heroblock_wrapper{ height: 700px; } }@media only screen and (max-width: 568px) and (min-width: 481px) { .jblog_hero.jeg_module__5_69ee89f5573a3 .jeg_heroblock_wrapper{ height: 700px; } }@media only screen and (max-width: 480px) { .jblog_hero.jeg_module__5_69ee89f5573a3 .jeg_heroblock_wrapper{ height: 700px; } }<\/style><article class=\"jeg_post jeg_hero_item_1 post-2651 post type-post status-publish format-standard has-post-thumbnail hentry category-numero-15-septiembre-2022\" style=\"padding:0 0 4px 4px;\">\n                    <div class=\"jeg_block_container\">\n                        \n                        <div class=\"jeg_thumb\">\n                            <a href=\"https:\/\/iberoleonenvio.com\/website_f1c4f9f2\/notas-breves-agosto-2022\/\" ><div class=\"thumbnail-container thumbnail-background\" data-src=\"https:\/\/iberoleonenvio.com\/website_f1c4f9f2\/wp-content\/uploads\/2022\/03\/notas-breves.jpg\" >\n                        <div class=\"lazyloaded\" data-src=\"https:\/\/iberoleonenvio.com\/website_f1c4f9f2\/wp-content\/uploads\/2022\/03\/notas-breves.jpg\" style=\"background-image: url(https:\/\/iberoleonenvio.com\/website_f1c4f9f2\/wp-content\/uploads\/2022\/03\/notas-breves.jpg)\"><\/div>\n                    <\/div><\/a>\n                        <\/div>\n                        <div class=\"jeg_postblock_content\">\n                            <div class=\"jeg_post_category\"><a href=\"https:\/\/iberoleonenvio.com\/website_f1c4f9f2\/category\/numero-15-septiembre-2022\/\" class=\"category-numero-15-septiembre-2022\">N\u00famero 15 - Septiembre 2022<\/a><\/div>\n                            <div class=\"jeg_post_info\">\n                                <h3 class=\"jeg_post_title\">\n                                    <a href=\"https:\/\/iberoleonenvio.com\/website_f1c4f9f2\/notas-breves-agosto-2022\/\">Notas breves &#8211; Septiembre 2022<\/a>\n                                <\/h3>\n                                <div class=\"jeg_post_meta\"><div class=\"jeg_meta_author\"><span class=\"by\">by<\/span> <a href=\"https:\/\/iberoleonenvio.com\/website_f1c4f9f2\/author\/mrojas\/\">Mois\u00e9s Rojas<\/a><\/div><div class=\"jeg_meta_date\">4 a\u00f1os ago<\/div><\/div>\n                            <\/div>\n                        <\/div>\n                    <\/div>\n                <\/article>\n            <div class=\"jeg_heroblock_scroller\">\n                \n            <\/div>\n\t\t\t\t\t<\/div>\n                <\/div>\t\t\t\t<\/div>\n\t\t\t\t<\/div>\n\t\t\t\t\t<\/div>\n\t\t<\/div>\n\t\t\t\t\t<\/div>\n\t\t<\/section>\n\t\t\t\t<section class=\"elementor-section elementor-top-section elementor-element elementor-element-95233e8 elementor-section-full_width elementor-section-stretched elementor-section-height-default elementor-section-height-default e-parent\" data-id=\"95233e8\" data-element_type=\"section\" data-e-type=\"section\" data-settings=\"{&quot;stretch_section&quot;:&quot;section-stretched&quot;}\">\n\t\t\t\t\t\t<div class=\"elementor-container elementor-column-gap-no\">\n\t\t\t\t\t<div class=\"elementor-column elementor-col-100 elementor-top-column elementor-element elementor-element-4d759a1 lakit-col-width-auto-no\" data-id=\"4d759a1\" data-element_type=\"column\" data-e-type=\"column\">\n\t\t\t<div class=\"elementor-widget-wrap elementor-element-populated\">\n\t\t\t\t\t\t<div class=\"elementor-element elementor-element-64aaa01 elementor-hidden-desktop version-movil-pulso elementor-widget elementor-widget-blog-layouts\" data-id=\"64aaa01\" data-element_type=\"widget\" data-e-type=\"widget\" data-widget_type=\"blog-layouts.default\">\n\t\t\t\t<div class=\"elementor-widget-container\">\n\t\t\t\t\t<div class=\"clearfix\"><\/div><div class=\"bloglayouts bloglayouts-bp-vc-element-blogs  bloglayouts-bp-blogs-style5 bloglayouts-bp-vc-blogs-1-col bloglayouts-bp-vc-element-blogs-1 element-no-padding\"><div class=\"bloglayouts-bp-vc-element-blogs-article-container\"><article class=\"item-blogs first-element-blogs col-xs-12  vc-element-post-odd\"><div class=\"article-image\"><a href=\"https:\/\/iberoleonenvio.com\/website_f1c4f9f2\/mtra-lorena-jimenez-articula-esfuerzos-de-incidencia-social-en-nueva-coordinacion%ef%bf%bc\/\"><img decoding=\"async\" class=\"fpg-thumbs\" src=\"https:\/\/i0.wp.com\/iberoleonenvio.com\/website_f1c4f9f2\/wp-content\/uploads\/2022\/08\/DSC0035-fix.jpg?resize=700%2C800&ssl=1\" alt=\"Dra. Lorena Jim\u00e9nez articula esfuerzos de incidencia social en nueva Coordinaci\u00f3n\"><\/a><div class=\"article-info\"><div class=\"article-info-top\"><div class=\"article-category\"><a href=\"https:\/\/iberoleonenvio.com\/website_f1c4f9f2\/category\/numero-15-septiembre-2022\/\" title=\"View all posts in N\u00famero 15 - Septiembre 2022\" style=\"color:#FFFFFF;background-color:#c9564c;\" onMouseOver=\"this.style.background = '#e7685d';\" onMouseLeave=\"this.style.background = '#c9564c';\">N\u00famero 15 - Septiembre 2022<\/a><\/div><h3 class=\"article-title\"><a href=\"https:\/\/iberoleonenvio.com\/website_f1c4f9f2\/mtra-lorena-jimenez-articula-esfuerzos-de-incidencia-social-en-nueva-coordinacion%ef%bf%bc\/\" style=\"color:#FFFFFF\" onMouseOver=\"this.style.color = '#e7685d';\" onMouseLeave=\"this.style.color = '#FFFFFF';\">Dra. Lorena Jim\u00e9nez articula esfuerzos de incidencia social en nueva Coordinaci\u00f3n<\/a><\/h3><\/div><\/div><div class=\"item-blogs-pattern\"><\/div><\/div><\/article><div class=\"clearfix\"><\/div><article class=\"item-blogs first-element-blogs col-xs-12  vc-element-post-even\"><div class=\"article-image\"><a href=\"https:\/\/iberoleonenvio.com\/website_f1c4f9f2\/vigesimo-segunda-asamblea-ausjal%ef%bf%bc\/\"><img decoding=\"async\" class=\"fpg-thumbs\" src=\"https:\/\/i0.wp.com\/iberoleonenvio.com\/website_f1c4f9f2\/wp-content\/uploads\/2022\/08\/AUSJAL.jpg?resize=700%2C800&ssl=1\" alt=\"Vig\u00e9simo Segunda Asamblea AUSJAL\"><\/a><div class=\"article-info\"><div class=\"article-info-top\"><div class=\"article-category\"><a href=\"https:\/\/iberoleonenvio.com\/website_f1c4f9f2\/category\/numero-15-septiembre-2022\/\" title=\"View all posts in N\u00famero 15 - Septiembre 2022\" style=\"color:#FFFFFF;background-color:#c9564c;\" onMouseOver=\"this.style.background = '#e7685d';\" onMouseLeave=\"this.style.background = '#c9564c';\">N\u00famero 15 - Septiembre 2022<\/a><\/div><h3 class=\"article-title\"><a href=\"https:\/\/iberoleonenvio.com\/website_f1c4f9f2\/vigesimo-segunda-asamblea-ausjal%ef%bf%bc\/\" style=\"color:#FFFFFF\" onMouseOver=\"this.style.color = '#e7685d';\" onMouseLeave=\"this.style.color = '#FFFFFF';\">Vig\u00e9simo Segunda Asamblea AUSJAL<\/a><\/h3><\/div><\/div><div class=\"item-blogs-pattern\"><\/div><\/div><\/article><div class=\"clearfix\"><\/div><article class=\"item-blogs first-element-blogs col-xs-12  vc-element-post-odd\"><div class=\"article-image\"><a href=\"https:\/\/iberoleonenvio.com\/website_f1c4f9f2\/de-la-indignacion-a-la-esperanza-jornada-universitaria-por-la-paz-con-justicia%ef%bf%bc\/\"><img decoding=\"async\" class=\"fpg-thumbs\" src=\"https:\/\/i0.wp.com\/iberoleonenvio.com\/website_f1c4f9f2\/wp-content\/uploads\/2022\/08\/DSC0441-scaled.jpg?resize=700%2C800&ssl=1\" alt=\"De la indignaci\u00f3n a la esperanza\u2026 Jornada Universitaria por la Paz con Justicia\"><\/a><div class=\"article-info\"><div class=\"article-info-top\"><div class=\"article-category\"><a href=\"https:\/\/iberoleonenvio.com\/website_f1c4f9f2\/category\/numero-15-septiembre-2022\/\" title=\"View all posts in N\u00famero 15 - Septiembre 2022\" style=\"color:#FFFFFF;background-color:#c9564c;\" onMouseOver=\"this.style.background = '#e7685d';\" onMouseLeave=\"this.style.background = '#c9564c';\">N\u00famero 15 - Septiembre 2022<\/a><\/div><h3 class=\"article-title\"><a href=\"https:\/\/iberoleonenvio.com\/website_f1c4f9f2\/de-la-indignacion-a-la-esperanza-jornada-universitaria-por-la-paz-con-justicia%ef%bf%bc\/\" style=\"color:#FFFFFF\" onMouseOver=\"this.style.color = '#e7685d';\" onMouseLeave=\"this.style.color = '#FFFFFF';\">De la indignaci\u00f3n a la esperanza\u2026 Jornada Universitaria por la Paz con Justicia<\/a><\/h3><\/div><\/div><div class=\"item-blogs-pattern\"><\/div><\/div><\/article><div class=\"clearfix\"><\/div><article class=\"item-blogs first-element-blogs col-xs-12  vc-element-post-even\"><div class=\"article-image\"><a href=\"https:\/\/iberoleonenvio.com\/website_f1c4f9f2\/sirven-y-enriquecen-su-formacion%ef%bf%bc\/\"><img decoding=\"async\" class=\"fpg-thumbs\" src=\"https:\/\/i0.wp.com\/iberoleonenvio.com\/website_f1c4f9f2\/wp-content\/uploads\/2022\/08\/foto-dany-servicio-transformed-scaled.jpeg?resize=700%2C800&ssl=1\" alt=\"Sirven y enriquecen su formaci\u00f3n\"><\/a><div class=\"article-info\"><div class=\"article-info-top\"><div class=\"article-category\"><a href=\"https:\/\/iberoleonenvio.com\/website_f1c4f9f2\/category\/numero-15-septiembre-2022\/\" title=\"View all posts in N\u00famero 15 - Septiembre 2022\" style=\"color:#FFFFFF;background-color:#c9564c;\" onMouseOver=\"this.style.background = '#e7685d';\" onMouseLeave=\"this.style.background = '#c9564c';\">N\u00famero 15 - Septiembre 2022<\/a><\/div><h3 class=\"article-title\"><a href=\"https:\/\/iberoleonenvio.com\/website_f1c4f9f2\/sirven-y-enriquecen-su-formacion%ef%bf%bc\/\" style=\"color:#FFFFFF\" onMouseOver=\"this.style.color = '#e7685d';\" onMouseLeave=\"this.style.color = '#FFFFFF';\">Sirven y enriquecen su formaci\u00f3n<\/a><\/h3><\/div><\/div><div class=\"item-blogs-pattern\"><\/div><\/div><\/article><div class=\"clearfix\"><\/div><article class=\"item-blogs first-element-blogs col-xs-12  vc-element-post-odd\"><div class=\"article-image\"><a href=\"https:\/\/iberoleonenvio.com\/website_f1c4f9f2\/bienvenido-nuevo-coordinador-de-bionanotecnologia\/\"><img decoding=\"async\" class=\"fpg-thumbs\" src=\"https:\/\/i0.wp.com\/iberoleonenvio.com\/website_f1c4f9f2\/wp-content\/uploads\/2022\/08\/coordbionano.jpg?resize=700%2C800&ssl=1\" alt=\"Bienvenido nuevo coordinador de Bionanotecnolog\u00eda\"><\/a><div class=\"article-info\"><div class=\"article-info-top\"><div class=\"article-category\"><a href=\"https:\/\/iberoleonenvio.com\/website_f1c4f9f2\/category\/numero-15-septiembre-2022\/\" title=\"View all posts in N\u00famero 15 - Septiembre 2022\" style=\"color:#FFFFFF;background-color:#c9564c;\" onMouseOver=\"this.style.background = '#e7685d';\" onMouseLeave=\"this.style.background = '#c9564c';\">N\u00famero 15 - Septiembre 2022<\/a><\/div><h3 class=\"article-title\"><a href=\"https:\/\/iberoleonenvio.com\/website_f1c4f9f2\/bienvenido-nuevo-coordinador-de-bionanotecnologia\/\" style=\"color:#FFFFFF\" onMouseOver=\"this.style.color = '#e7685d';\" onMouseLeave=\"this.style.color = '#FFFFFF';\">Bienvenido nuevo coordinador de Bionanotecnolog\u00eda<\/a><\/h3><\/div><\/div><div class=\"item-blogs-pattern\"><\/div><\/div><\/article><div class=\"clearfix\"><\/div><article class=\"item-blogs first-element-blogs col-xs-12  vc-element-post-even\"><div class=\"article-image\"><a href=\"https:\/\/iberoleonenvio.com\/website_f1c4f9f2\/suma-voluntades-y-lleva-feria-de-la-salud-a-las-ladrilleras%ef%bf%bc\/\"><img decoding=\"async\" class=\"fpg-thumbs\" src=\"https:\/\/i0.wp.com\/iberoleonenvio.com\/website_f1c4f9f2\/wp-content\/uploads\/2022\/08\/feriasalud-8.jpeg?resize=700%2C768&ssl=1\" alt=\"Suma voluntades y lleva Feria de la Salud a Las Ladrilleras\"><\/a><div class=\"article-info\"><div class=\"article-info-top\"><div class=\"article-category\"><a href=\"https:\/\/iberoleonenvio.com\/website_f1c4f9f2\/category\/numero-15-septiembre-2022\/\" title=\"View all posts in N\u00famero 15 - Septiembre 2022\" style=\"color:#FFFFFF;background-color:#c9564c;\" onMouseOver=\"this.style.background = '#e7685d';\" onMouseLeave=\"this.style.background = '#c9564c';\">N\u00famero 15 - Septiembre 2022<\/a><\/div><h3 class=\"article-title\"><a href=\"https:\/\/iberoleonenvio.com\/website_f1c4f9f2\/suma-voluntades-y-lleva-feria-de-la-salud-a-las-ladrilleras%ef%bf%bc\/\" style=\"color:#FFFFFF\" onMouseOver=\"this.style.color = '#e7685d';\" onMouseLeave=\"this.style.color = '#FFFFFF';\">Suma voluntades y lleva Feria de la Salud a Las Ladrilleras<\/a><\/h3><\/div><\/div><div class=\"item-blogs-pattern\"><\/div><\/div><\/article><div class=\"clearfix\"><\/div><article class=\"item-blogs first-element-blogs col-xs-12  vc-element-post-odd\"><div class=\"article-image\"><a href=\"https:\/\/iberoleonenvio.com\/website_f1c4f9f2\/mejora-tu-calidad-de-vida-con-actividad-fisica\/\"><img decoding=\"async\" class=\"fpg-thumbs\" src=\"https:\/\/i0.wp.com\/iberoleonenvio.com\/website_f1c4f9f2\/wp-content\/uploads\/2022\/08\/2.Actividad-fisica.jpg?resize=700%2C800&ssl=1\" alt=\"Mejora tu calidad de vida con actividad f\u00edsica\"><\/a><div class=\"article-info\"><div class=\"article-info-top\"><div class=\"article-category\"><a href=\"https:\/\/iberoleonenvio.com\/website_f1c4f9f2\/category\/numero-15-septiembre-2022\/\" title=\"View all posts in N\u00famero 15 - Septiembre 2022\" style=\"color:#FFFFFF;background-color:#c9564c;\" onMouseOver=\"this.style.background = '#e7685d';\" onMouseLeave=\"this.style.background = '#c9564c';\">N\u00famero 15 - Septiembre 2022<\/a><\/div><h3 class=\"article-title\"><a href=\"https:\/\/iberoleonenvio.com\/website_f1c4f9f2\/mejora-tu-calidad-de-vida-con-actividad-fisica\/\" style=\"color:#FFFFFF\" onMouseOver=\"this.style.color = '#e7685d';\" onMouseLeave=\"this.style.color = '#FFFFFF';\">Mejora tu calidad de vida con actividad f\u00edsica<\/a><\/h3><\/div><\/div><div class=\"item-blogs-pattern\"><\/div><\/div><\/article><div class=\"clearfix\"><\/div><article class=\"item-blogs first-element-blogs col-xs-12  vc-element-post-even\"><div class=\"article-image\"><a href=\"https:\/\/iberoleonenvio.com\/website_f1c4f9f2\/acompanamos-a-familiares-de-personas-desaparecidas%ef%bf%bc\/\"><img decoding=\"async\" class=\"fpg-thumbs\" src=\"https:\/\/i0.wp.com\/iberoleonenvio.com\/website_f1c4f9f2\/wp-content\/uploads\/2022\/08\/DSC0930-scaled.jpg?resize=700%2C800&ssl=1\" alt=\"Acompa\u00f1amos a familiares de personas desaparecidas\"><\/a><div class=\"article-info\"><div class=\"article-info-top\"><div class=\"article-category\"><a href=\"https:\/\/iberoleonenvio.com\/website_f1c4f9f2\/category\/numero-15-septiembre-2022\/\" title=\"View all posts in N\u00famero 15 - Septiembre 2022\" style=\"color:#FFFFFF;background-color:#c9564c;\" onMouseOver=\"this.style.background = '#e7685d';\" onMouseLeave=\"this.style.background = '#c9564c';\">N\u00famero 15 - Septiembre 2022<\/a><\/div><h3 class=\"article-title\"><a href=\"https:\/\/iberoleonenvio.com\/website_f1c4f9f2\/acompanamos-a-familiares-de-personas-desaparecidas%ef%bf%bc\/\" style=\"color:#FFFFFF\" onMouseOver=\"this.style.color = '#e7685d';\" onMouseLeave=\"this.style.color = '#FFFFFF';\">Acompa\u00f1amos a familiares de personas desaparecidas<\/a><\/h3><\/div><\/div><div class=\"item-blogs-pattern\"><\/div><\/div><\/article><div class=\"clearfix\"><\/div><article class=\"item-blogs first-element-blogs col-xs-12  vc-element-post-odd\"><div class=\"article-image\"><a href=\"https:\/\/iberoleonenvio.com\/website_f1c4f9f2\/cescom-leon-camina-a-la-profesionalizacion\/\"><img decoding=\"async\" class=\"fpg-thumbs\" src=\"https:\/\/i0.wp.com\/iberoleonenvio.com\/website_f1c4f9f2\/wp-content\/uploads\/2022\/08\/DSC7669-scaled.jpg?resize=700%2C800&ssl=1\" alt=\"CESCOM Le\u00f3n camina a la profesionalizaci\u00f3n\"><\/a><div class=\"article-info\"><div class=\"article-info-top\"><div class=\"article-category\"><a href=\"https:\/\/iberoleonenvio.com\/website_f1c4f9f2\/category\/numero-15-septiembre-2022\/\" title=\"View all posts in N\u00famero 15 - Septiembre 2022\" style=\"color:#FFFFFF;background-color:#c9564c;\" onMouseOver=\"this.style.background = '#e7685d';\" onMouseLeave=\"this.style.background = '#c9564c';\">N\u00famero 15 - Septiembre 2022<\/a><\/div><h3 class=\"article-title\"><a href=\"https:\/\/iberoleonenvio.com\/website_f1c4f9f2\/cescom-leon-camina-a-la-profesionalizacion\/\" style=\"color:#FFFFFF\" onMouseOver=\"this.style.color = '#e7685d';\" onMouseLeave=\"this.style.color = '#FFFFFF';\">CESCOM Le\u00f3n camina a la profesionalizaci\u00f3n<\/a><\/h3><\/div><\/div><div class=\"item-blogs-pattern\"><\/div><\/div><\/article><div class=\"clearfix\"><\/div><article class=\"item-blogs first-element-blogs col-xs-12  vc-element-post-even\"><div class=\"article-image\"><a href=\"https:\/\/iberoleonenvio.com\/website_f1c4f9f2\/les-deja-vivencias-y-aprendizaje-insercion-verano-22%ef%bf%bc\/\"><img decoding=\"async\" class=\"fpg-thumbs\" src=\"https:\/\/i0.wp.com\/iberoleonenvio.com\/website_f1c4f9f2\/wp-content\/uploads\/2022\/08\/portada-fix.jpg?resize=700%2C800&ssl=1\" alt=\"Les deja vivencias y aprendizaje Inserci\u00f3n Verano 22\"><\/a><div class=\"article-info\"><div class=\"article-info-top\"><div class=\"article-category\"><a href=\"https:\/\/iberoleonenvio.com\/website_f1c4f9f2\/category\/numero-15-septiembre-2022\/\" title=\"View all posts in N\u00famero 15 - Septiembre 2022\" style=\"color:#FFFFFF;background-color:#c9564c;\" onMouseOver=\"this.style.background = '#e7685d';\" onMouseLeave=\"this.style.background = '#c9564c';\">N\u00famero 15 - Septiembre 2022<\/a><\/div><h3 class=\"article-title\"><a href=\"https:\/\/iberoleonenvio.com\/website_f1c4f9f2\/les-deja-vivencias-y-aprendizaje-insercion-verano-22%ef%bf%bc\/\" style=\"color:#FFFFFF\" onMouseOver=\"this.style.color = '#e7685d';\" onMouseLeave=\"this.style.color = '#FFFFFF';\">Les deja vivencias y aprendizaje Inserci\u00f3n Verano 22<\/a><\/h3><\/div><\/div><div class=\"item-blogs-pattern\"><\/div><\/div><\/article><div class=\"clearfix\"><\/div><article class=\"item-blogs first-element-blogs col-xs-12  vc-element-post-odd\"><div class=\"article-image\"><a href=\"https:\/\/iberoleonenvio.com\/website_f1c4f9f2\/notas-breves-agosto-2022\/\"><img decoding=\"async\" class=\"fpg-thumbs\" src=\"https:\/\/i0.wp.com\/iberoleonenvio.com\/website_f1c4f9f2\/wp-content\/uploads\/2022\/03\/notas-breves.jpg?resize=700%2C417&ssl=1\" alt=\"Notas breves &#8211; Septiembre 2022\"><\/a><div class=\"article-info\"><div class=\"article-info-top\"><div class=\"article-category\"><a href=\"https:\/\/iberoleonenvio.com\/website_f1c4f9f2\/category\/numero-15-septiembre-2022\/\" title=\"View all posts in N\u00famero 15 - Septiembre 2022\" style=\"color:#FFFFFF;background-color:#c9564c;\" onMouseOver=\"this.style.background = '#e7685d';\" onMouseLeave=\"this.style.background = '#c9564c';\">N\u00famero 15 - Septiembre 2022<\/a><\/div><h3 class=\"article-title\"><a href=\"https:\/\/iberoleonenvio.com\/website_f1c4f9f2\/notas-breves-agosto-2022\/\" style=\"color:#FFFFFF\" onMouseOver=\"this.style.color = '#e7685d';\" onMouseLeave=\"this.style.color = '#FFFFFF';\">Notas breves &#8211; Septiembre 2022<\/a><\/h3><\/div><\/div><div class=\"item-blogs-pattern\"><\/div><\/div><\/article><div class=\"clearfix\"><\/div><\/div><div class=\"clearfix\"><\/div><\/div>\t\t\t\t<\/div>\n\t\t\t\t<\/div>\n\t\t\t\t\t<\/div>\n\t\t<\/div>\n\t\t\t\t\t<\/div>\n\t\t<\/section>\n\t\t\t\t<\/div>\n\t\t","protected":false},"excerpt":{"rendered":"<p>N\u00famero 15 &#8211; Septiembre 2022 En Compa\u00f1\u00eda del Rector edit post Editorial Experiencias de la Jornada por la Paz con Justicia en M\u00e9xico Nuestra universidad, como parte del Sistema Universitario &#8230;<\/p>\n","protected":false},"author":2,"featured_media":0,"parent":0,"menu_order":0,"comment_status":"closed","ping_status":"closed","template":"","meta":{"_monsterinsights_skip_tracking":false,"_monsterinsights_sitenote_active":false,"_monsterinsights_sitenote_note":"","_monsterinsights_sitenote_category":0,"footnotes":""},"class_list":["post-2549","page","type-page","status-publish","hentry"],"yoast_head":"<!-- This site is optimized with the Yoast SEO plugin v27.4 - https:\/\/yoast.com\/product\/yoast-seo-wordpress\/ -->\n<title>Septiembre 2022 - Pulso<\/title>\n<meta name=\"robots\" content=\"index, follow, max-snippet:-1, max-image-preview:large, max-video-preview:-1\" \/>\n<link rel=\"canonical\" href=\"https:\/\/iberoleonenvio.com\/website_f1c4f9f2\/septiembre-2022\/\" \/>\n<meta property=\"og:locale\" content=\"es_MX\" \/>\n<meta property=\"og:type\" content=\"article\" \/>\n<meta property=\"og:title\" content=\"Septiembre 2022 - Pulso\" \/>\n<meta property=\"og:description\" content=\"N\u00famero 15 &#8211; Septiembre 2022 En Compa\u00f1\u00eda del Rector edit post Editorial Experiencias de la Jornada por la Paz con Justicia en M\u00e9xico Nuestra universidad, como parte del Sistema Universitario ...\" \/>\n<meta property=\"og:url\" content=\"https:\/\/iberoleonenvio.com\/website_f1c4f9f2\/septiembre-2022\/\" \/>\n<meta property=\"og:site_name\" content=\"Pulso\" \/>\n<meta property=\"article:modified_time\" content=\"2024-06-14T17:20:34+00:00\" \/>\n<meta property=\"og:image\" content=\"https:\/\/iberoleonenvio.com\/website_f1c4f9f2\/wp-content\/plugins\/jblog-elements\/lib\/jeg-element\/assets\/img\/jeg-empty.png\" \/>\n<meta name=\"twitter:card\" content=\"summary_large_image\" \/>\n<meta name=\"twitter:label1\" content=\"Tiempo de lectura\" \/>\n\t<meta name=\"twitter:data1\" content=\"3 minutos\" \/>\n<script type=\"application\/ld+json\" class=\"yoast-schema-graph\">{\"@context\":\"https:\\\/\\\/schema.org\",\"@graph\":[{\"@type\":\"WebPage\",\"@id\":\"https:\\\/\\\/iberoleonenvio.com\\\/website_f1c4f9f2\\\/septiembre-2022\\\/\",\"url\":\"https:\\\/\\\/iberoleonenvio.com\\\/website_f1c4f9f2\\\/septiembre-2022\\\/\",\"name\":\"Septiembre 2022 - Pulso\",\"isPartOf\":{\"@id\":\"https:\\\/\\\/iberoleonenvio.com\\\/website_f1c4f9f2\\\/#website\"},\"primaryImageOfPage\":{\"@id\":\"https:\\\/\\\/iberoleonenvio.com\\\/website_f1c4f9f2\\\/septiembre-2022\\\/#primaryimage\"},\"image\":{\"@id\":\"https:\\\/\\\/iberoleonenvio.com\\\/website_f1c4f9f2\\\/septiembre-2022\\\/#primaryimage\"},\"thumbnailUrl\":\"https:\\\/\\\/iberoleonenvio.com\\\/website_f1c4f9f2\\\/wp-content\\\/plugins\\\/jblog-elements\\\/lib\\\/jeg-element\\\/assets\\\/img\\\/jeg-empty.png\",\"datePublished\":\"2022-08-15T14:28:20+00:00\",\"dateModified\":\"2024-06-14T17:20:34+00:00\",\"breadcrumb\":{\"@id\":\"https:\\\/\\\/iberoleonenvio.com\\\/website_f1c4f9f2\\\/septiembre-2022\\\/#breadcrumb\"},\"inLanguage\":\"es\",\"potentialAction\":[{\"@type\":\"ReadAction\",\"target\":[\"https:\\\/\\\/iberoleonenvio.com\\\/website_f1c4f9f2\\\/septiembre-2022\\\/\"]}]},{\"@type\":\"ImageObject\",\"inLanguage\":\"es\",\"@id\":\"https:\\\/\\\/iberoleonenvio.com\\\/website_f1c4f9f2\\\/septiembre-2022\\\/#primaryimage\",\"url\":\"https:\\\/\\\/iberoleonenvio.com\\\/website_f1c4f9f2\\\/wp-content\\\/plugins\\\/jblog-elements\\\/lib\\\/jeg-element\\\/assets\\\/img\\\/jeg-empty.png\",\"contentUrl\":\"https:\\\/\\\/iberoleonenvio.com\\\/website_f1c4f9f2\\\/wp-content\\\/plugins\\\/jblog-elements\\\/lib\\\/jeg-element\\\/assets\\\/img\\\/jeg-empty.png\"},{\"@type\":\"BreadcrumbList\",\"@id\":\"https:\\\/\\\/iberoleonenvio.com\\\/website_f1c4f9f2\\\/septiembre-2022\\\/#breadcrumb\",\"itemListElement\":[{\"@type\":\"ListItem\",\"position\":1,\"name\":\"Inicio\",\"item\":\"https:\\\/\\\/iberoleonenvio.com\\\/website_f1c4f9f2\\\/\"},{\"@type\":\"ListItem\",\"position\":2,\"name\":\"Septiembre 2022\"}]},{\"@type\":\"WebSite\",\"@id\":\"https:\\\/\\\/iberoleonenvio.com\\\/website_f1c4f9f2\\\/#website\",\"url\":\"https:\\\/\\\/iberoleonenvio.com\\\/website_f1c4f9f2\\\/\",\"name\":\"Pulso\",\"description\":\"\",\"publisher\":{\"@id\":\"https:\\\/\\\/iberoleonenvio.com\\\/website_f1c4f9f2\\\/#organization\"},\"potentialAction\":[{\"@type\":\"SearchAction\",\"target\":{\"@type\":\"EntryPoint\",\"urlTemplate\":\"https:\\\/\\\/iberoleonenvio.com\\\/website_f1c4f9f2\\\/?s={search_term_string}\"},\"query-input\":{\"@type\":\"PropertyValueSpecification\",\"valueRequired\":true,\"valueName\":\"search_term_string\"}}],\"inLanguage\":\"es\"},{\"@type\":\"Organization\",\"@id\":\"https:\\\/\\\/iberoleonenvio.com\\\/website_f1c4f9f2\\\/#organization\",\"name\":\"Pulso\",\"url\":\"https:\\\/\\\/iberoleonenvio.com\\\/website_f1c4f9f2\\\/\",\"logo\":{\"@type\":\"ImageObject\",\"inLanguage\":\"es\",\"@id\":\"https:\\\/\\\/iberoleonenvio.com\\\/website_f1c4f9f2\\\/#\\\/schema\\\/logo\\\/image\\\/\",\"url\":\"https:\\\/\\\/i0.wp.com\\\/iberoleonenvio.com\\\/website_f1c4f9f2\\\/wp-content\\\/uploads\\\/2022\\\/04\\\/cropped-logo_pulso.png?fit=347%2C101&ssl=1\",\"contentUrl\":\"https:\\\/\\\/i0.wp.com\\\/iberoleonenvio.com\\\/website_f1c4f9f2\\\/wp-content\\\/uploads\\\/2022\\\/04\\\/cropped-logo_pulso.png?fit=347%2C101&ssl=1\",\"width\":347,\"height\":101,\"caption\":\"Pulso\"},\"image\":{\"@id\":\"https:\\\/\\\/iberoleonenvio.com\\\/website_f1c4f9f2\\\/#\\\/schema\\\/logo\\\/image\\\/\"}}]}<\/script>\n<!-- \/ Yoast SEO plugin. -->","yoast_head_json":{"title":"Septiembre 2022 - Pulso","robots":{"index":"index","follow":"follow","max-snippet":"max-snippet:-1","max-image-preview":"max-image-preview:large","max-video-preview":"max-video-preview:-1"},"canonical":"https:\/\/iberoleonenvio.com\/website_f1c4f9f2\/septiembre-2022\/","og_locale":"es_MX","og_type":"article","og_title":"Septiembre 2022 - Pulso","og_description":"N\u00famero 15 &#8211; Septiembre 2022 En Compa\u00f1\u00eda del Rector edit post Editorial Experiencias de la Jornada por la Paz con Justicia en M\u00e9xico Nuestra universidad, como parte del Sistema Universitario ...","og_url":"https:\/\/iberoleonenvio.com\/website_f1c4f9f2\/septiembre-2022\/","og_site_name":"Pulso","article_modified_time":"2024-06-14T17:20:34+00:00","og_image":[{"url":"https:\/\/iberoleonenvio.com\/website_f1c4f9f2\/wp-content\/plugins\/jblog-elements\/lib\/jeg-element\/assets\/img\/jeg-empty.png","type":"","width":"","height":""}],"twitter_card":"summary_large_image","twitter_misc":{"Tiempo de lectura":"3 minutos"},"schema":{"@context":"https:\/\/schema.org","@graph":[{"@type":"WebPage","@id":"https:\/\/iberoleonenvio.com\/website_f1c4f9f2\/septiembre-2022\/","url":"https:\/\/iberoleonenvio.com\/website_f1c4f9f2\/septiembre-2022\/","name":"Septiembre 2022 - Pulso","isPartOf":{"@id":"https:\/\/iberoleonenvio.com\/website_f1c4f9f2\/#website"},"primaryImageOfPage":{"@id":"https:\/\/iberoleonenvio.com\/website_f1c4f9f2\/septiembre-2022\/#primaryimage"},"image":{"@id":"https:\/\/iberoleonenvio.com\/website_f1c4f9f2\/septiembre-2022\/#primaryimage"},"thumbnailUrl":"https:\/\/iberoleonenvio.com\/website_f1c4f9f2\/wp-content\/plugins\/jblog-elements\/lib\/jeg-element\/assets\/img\/jeg-empty.png","datePublished":"2022-08-15T14:28:20+00:00","dateModified":"2024-06-14T17:20:34+00:00","breadcrumb":{"@id":"https:\/\/iberoleonenvio.com\/website_f1c4f9f2\/septiembre-2022\/#breadcrumb"},"inLanguage":"es","potentialAction":[{"@type":"ReadAction","target":["https:\/\/iberoleonenvio.com\/website_f1c4f9f2\/septiembre-2022\/"]}]},{"@type":"ImageObject","inLanguage":"es","@id":"https:\/\/iberoleonenvio.com\/website_f1c4f9f2\/septiembre-2022\/#primaryimage","url":"https:\/\/iberoleonenvio.com\/website_f1c4f9f2\/wp-content\/plugins\/jblog-elements\/lib\/jeg-element\/assets\/img\/jeg-empty.png","contentUrl":"https:\/\/iberoleonenvio.com\/website_f1c4f9f2\/wp-content\/plugins\/jblog-elements\/lib\/jeg-element\/assets\/img\/jeg-empty.png"},{"@type":"BreadcrumbList","@id":"https:\/\/iberoleonenvio.com\/website_f1c4f9f2\/septiembre-2022\/#breadcrumb","itemListElement":[{"@type":"ListItem","position":1,"name":"Inicio","item":"https:\/\/iberoleonenvio.com\/website_f1c4f9f2\/"},{"@type":"ListItem","position":2,"name":"Septiembre 2022"}]},{"@type":"WebSite","@id":"https:\/\/iberoleonenvio.com\/website_f1c4f9f2\/#website","url":"https:\/\/iberoleonenvio.com\/website_f1c4f9f2\/","name":"Pulso","description":"","publisher":{"@id":"https:\/\/iberoleonenvio.com\/website_f1c4f9f2\/#organization"},"potentialAction":[{"@type":"SearchAction","target":{"@type":"EntryPoint","urlTemplate":"https:\/\/iberoleonenvio.com\/website_f1c4f9f2\/?s={search_term_string}"},"query-input":{"@type":"PropertyValueSpecification","valueRequired":true,"valueName":"search_term_string"}}],"inLanguage":"es"},{"@type":"Organization","@id":"https:\/\/iberoleonenvio.com\/website_f1c4f9f2\/#organization","name":"Pulso","url":"https:\/\/iberoleonenvio.com\/website_f1c4f9f2\/","logo":{"@type":"ImageObject","inLanguage":"es","@id":"https:\/\/iberoleonenvio.com\/website_f1c4f9f2\/#\/schema\/logo\/image\/","url":"https:\/\/i0.wp.com\/iberoleonenvio.com\/website_f1c4f9f2\/wp-content\/uploads\/2022\/04\/cropped-logo_pulso.png?fit=347%2C101&ssl=1","contentUrl":"https:\/\/i0.wp.com\/iberoleonenvio.com\/website_f1c4f9f2\/wp-content\/uploads\/2022\/04\/cropped-logo_pulso.png?fit=347%2C101&ssl=1","width":347,"height":101,"caption":"Pulso"},"image":{"@id":"https:\/\/iberoleonenvio.com\/website_f1c4f9f2\/#\/schema\/logo\/image\/"}}]}},"jetpack_sharing_enabled":true,"_links":{"self":[{"href":"https:\/\/iberoleonenvio.com\/website_f1c4f9f2\/wp-json\/wp\/v2\/pages\/2549","targetHints":{"allow":["GET"]}}],"collection":[{"href":"https:\/\/iberoleonenvio.com\/website_f1c4f9f2\/wp-json\/wp\/v2\/pages"}],"about":[{"href":"https:\/\/iberoleonenvio.com\/website_f1c4f9f2\/wp-json\/wp\/v2\/types\/page"}],"author":[{"embeddable":true,"href":"https:\/\/iberoleonenvio.com\/website_f1c4f9f2\/wp-json\/wp\/v2\/users\/2"}],"replies":[{"embeddable":true,"href":"https:\/\/iberoleonenvio.com\/website_f1c4f9f2\/wp-json\/wp\/v2\/comments?post=2549"}],"version-history":[{"count":30,"href":"https:\/\/iberoleonenvio.com\/website_f1c4f9f2\/wp-json\/wp\/v2\/pages\/2549\/revisions"}],"predecessor-version":[{"id":3501,"href":"https:\/\/iberoleonenvio.com\/website_f1c4f9f2\/wp-json\/wp\/v2\/pages\/2549\/revisions\/3501"}],"wp:attachment":[{"href":"https:\/\/iberoleonenvio.com\/website_f1c4f9f2\/wp-json\/wp\/v2\/media?parent=2549"}],"curies":[{"name":"wp","href":"https:\/\/api.w.org\/{rel}","templated":true}]}}